{"id":774413,"date":"2025-08-29T00:32:06","date_gmt":"2025-08-28T21:32:06","guid":{"rendered":"https:\/\/roveyayinevi.com.tr\/index.php\/urun\/ayrinti-dergi-yaz-2024-46-sayi\/"},"modified":"2026-04-15T03:29:39","modified_gmt":"2026-04-15T00:29:39","slug":"ayrinti-dergi-yaz-2024-46-sayi","status":"publish","type":"product","link":"https:\/\/roveyayinevi.com.tr\/index.php\/urun\/ayrinti-dergi-yaz-2024-46-sayi\/","title":{"rendered":"Ayr\u0131nt\u0131 Dergi Yaz 2024 (46. Say\u0131)"},"content":{"rendered":"<p>2024 y\u0131l\u0131, beklenen ve beklenmeyen sonu\u00e7lar\u0131yla se\u00e7im de\u011ferlendirmeleriyle ba\u015flad\u0131. Toplumsal dengeleri g\u00f6stermesi, siyasal \u00f6znele\u015fme s\u00fcre\u00e7lerinin iktidar mekanizmalara potansiyel etkisini \u00f6l\u00e7mekte k\u0131smen de olsa i\u015flevi bak\u0131m\u0131ndan \u00f6nem ta\u015f\u0131yan bu se\u00e7imlerden \u00f6nemlilerinden biri ku\u015fkusuz Avrupa Parlamentosu se\u00e7imleriydi. Fa\u015fist hareket ve yap\u0131lar\u0131n kuvvetlenmesi \u015fimdiye kadar bir\u00e7ok y\u00f6n\u00fcyle de\u011ferlendirildi, de\u011ferlendirilmeye devam ediyor; fakat daha \u00f6nemlisi g\u00fcndem b\u00f6l\u00fcm\u00fcndeki s\u00f6yle\u015fisinde Kumru Ba\u015fer\u2019in vurgulad\u0131\u011f\u0131 gibi bu yap\u0131lar\u0131n iktidar olma ihtimalinden ziyade b\u00fct\u00fcn partilerin s\u00f6ylemlerini belirleyen bir ana ak\u0131m unsur haline gelmeleri. AP se\u00e7imlerinin ard\u0131ndan Fransa\u2019da sol ittifak\u0131n birinci parti \u00e7\u0131kmas\u0131, \u0130ngiltere\u2019de 2010 y\u0131l\u0131ndan beri s\u00fcren Muhafazakar Parti iktidar\u0131n\u0131n sonlanmas\u0131n\u0131n neler getirebilece\u011fini g\u00fcndem b\u00f6l\u00fcm\u00fcnde Selman Sa\u00e7 ve Kumru Ba\u015fer ile konu\u015ftuk. T\u00fcrkiye, 2023 ve 2024 ayr\u0131 d\u00fczeylerde, ayr\u0131 yo\u011funluklarda ya\u015fanan bir siyasalla\u015fma i\u00e7inde ve iktidar\u0131n uygulad\u0131\u011f\u0131 iktisadi politikalar bak\u0131m\u0131ndan ayr\u0131 iklimlerde ger\u00e7ekle\u015fen iki se\u00e7ime sahne oldu. 2023 parlamento ve cumhurba\u015fkan\u0131 se\u00e7imleri muhalefet unsurlar\u0131n\u0131n politik heyecan ve arzular\u0131n\u0131 sert bi\u00e7imde bast\u0131racak bi\u00e7imde sonu\u00e7lan\u0131rken 2024 yerel se\u00e7imlerinde, muhalefetin genelindeki y\u0131lg\u0131nl\u0131\u011fa kar\u015f\u0131n Cumhuriyet Halk Partisi\u2019nin \u00e7ok uzun y\u0131llar sonra birinci parti oldu. Ayr\u0131nt\u0131 Dergi\u2019nin 46. say\u0131s\u0131 s\u00fcreci politik ekonomi ba\u011flam\u0131 i\u00e7inde ele alan Adil Y\u0131lmaz\u2019\u0131n yaz\u0131s\u0131yla ba\u015fl\u0131yor. Bu say\u0131da, Mehmet \u015eim\u015fek\u2019in arac\u0131 oldu\u011fu politikalar\u0131 uygulamak zorunda kalan h\u00fck\u00fcmetin, hali haz\u0131rda ge\u00e7inmekte zorlanan geni\u015f halk kesimleri \u00fczerine y\u00fckleyece\u011fi faturalarla daha da b\u00fcy\u00fcyecek olan ge\u00e7im sorununu, \u2018T\u00fcrkiye\u2019de Ge\u00e7inmek\u2019 ba\u015fl\u0131\u011f\u0131 alt\u0131nda \u00e7e\u015fitli y\u00f6nleriyle ele al\u0131yoruz. <\/p>\n","protected":false},"excerpt":{"rendered":"<p>2024 y\u0131l\u0131, beklenen ve beklenmeyen sonu\u00e7lar\u0131yla se\u00e7im de\u011ferlendirmeleriyle ba\u015flad\u0131. Toplumsal dengeleri g\u00f6stermesi, siyasal \u00f6znele\u015fme s\u00fcre\u00e7lerinin iktidar mekanizmalara potansiyel etkisini \u00f6l\u00e7mekte k\u0131smen de olsa i\u015flevi bak\u0131m\u0131ndan \u00f6nem<span class=\"excerpt-hellip\"> [\u2026]<\/span><\/p>\n","protected":false},"featured_media":0,"template":"","meta":{"_monsterinsights_skip_tracking":false,"_monsterinsights_sitenote_active":false,"_monsterinsights_sitenote_note":"","_monsterinsights_sitenote_category":0},"product_brand":[],"product_cat":[13527],"product_tag":[],"class_list":{"0":"post-774413","1":"product","2":"type-product","3":"status-publish","5":"product_cat-sureli-yayinlar","6":"pa_cilt-ciltsiz","7":"pa_tur-dergi","8":"pa_yayinevi-ayrinti-yayinlari","9":"pa_yazar-kolektif","11":"first","12":"instock","13":"sale","14":"shipping-taxable","15":"purchasable","16":"product-type-simple"},"_links":{"self":[{"href":"https:\/\/roveyayinevi.com.tr\/index.php\/wp-json\/wp\/v2\/product\/774413","targetHints":{"allow":["GET"]}}],"collection":[{"href":"https:\/\/roveyayinevi.com.tr\/index.php\/wp-json\/wp\/v2\/product"}],"about":[{"href":"https:\/\/roveyayinevi.com.tr\/index.php\/wp-json\/wp\/v2\/types\/product"}],"wp:attachment":[{"href":"https:\/\/roveyayinevi.com.tr\/index.php\/wp-json\/wp\/v2\/media?parent=774413"}],"wp:term":[{"taxonomy":"product_brand","embeddable":true,"href":"https:\/\/roveyayinevi.com.tr\/index.php\/wp-json\/wp\/v2\/product_brand?post=774413"},{"taxonomy":"product_cat","embeddable":true,"href":"https:\/\/roveyayinevi.com.tr\/index.php\/wp-json\/wp\/v2\/product_cat?post=774413"},{"taxonomy":"product_tag","embeddable":true,"href":"https:\/\/roveyayinevi.com.tr\/index.php\/wp-json\/wp\/v2\/product_tag?post=774413"}],"curies":[{"name":"wp","href":"https:\/\/api.w.org\/{rel}","templated":true}]}}