{"id":774150,"date":"2025-08-28T16:42:03","date_gmt":"2025-08-28T13:42:03","guid":{"rendered":"https:\/\/roveyayinevi.com.tr\/index.php\/urun\/zeybekler-cagi\/"},"modified":"2026-04-15T03:41:37","modified_gmt":"2026-04-15T00:41:37","slug":"zeybekler-cagi","status":"publish","type":"product","link":"https:\/\/roveyayinevi.com.tr\/index.php\/urun\/zeybekler-cagi\/","title":{"rendered":"Zeybekler \u00c7a\u011f\u0131"},"content":{"rendered":"<p>ZEYBEKLER \u00c7A\u011eI Bat\u0131 Anadolu\u2019da E\u015fk\u0131yal\u0131\u011f\u0131n Tarihi   Zeybekler; y\u00fczy\u0131llar boyunca profesyonel meslek olarak korsanl\u0131k yapan, donanma ve kalelere levent yaz\u0131lan, ayan fedaisi olarak cephelerde sava\u015fan, zaman zaman da\u011f yolunu tutan, yakla\u015f\u0131k \u00fc\u00e7 y\u00fcz y\u0131ll\u0131k bir evrilmenin ard\u0131ndan ise \u201cEfe\u201d ad\u0131 verilen karizmatik liderlerin emri alt\u0131nda te\u015fkilatlanan Bat\u0131 Anadolu silah\u015forlar\u0131d\u0131r.  Silah\u0131 sabana ye\u011f tutan g\u00f6z\u00fc kara sava\u015f\u00e7\u0131lar\u0131n tarihsel ser\u00fcvenini konu alan Zeybekler \u00c7a\u011f\u0131; ad\u0131n\u0131, zeybeklerin t\u00fcm ihti\u015famlar\u0131yla varl\u0131klar\u0131n\u0131 s\u00fcrd\u00fcrd\u00fckleri \u0130mparatorlu\u011fun son demlerinden alm\u0131\u015ft\u0131r. \u0130ktidar s\u00fcresi boyunca seleflerinin miras\u0131 \u015fekavetle m\u00fccadele eden Sultan II. Abd\u00fclhamid\u2019den e\u015fk\u0131ya av\u0131n\u0131 Balkan da\u011flar\u0131nda \u00f6\u011frenen \u0130ttihat ve Terakki Cemiyeti\u2019ne dek uzanan s\u00fcre\u00e7, bu \u00e7al\u0131\u015fman\u0131n \u00e7at\u0131s\u0131n\u0131 olu\u015fturmaktad\u0131r. Zeybekler \u00c7a\u011f\u0131\u2019nda; At\u00e7al\u0131 Kel Mehmet Efe\u2019den \u00c7ak\u0131rcal\u0131 Mehmet Efe\u2019ye dek pek \u00e7ok \u00fcnl\u00fc zeybek reisi, \u00e7etelerin zorlu da\u011f ya\u015famlar\u0131, zeybek usul\u00fc pusu-bask\u0131n-intikam teknikleri, ka\u00e7ak\u00e7\u0131 kafileleri ve Bat\u0131 Anadolu\u2019daki Rum-Arnavut-\u00c7erkes-Laz e\u015fk\u0131ya gruplar\u0131, ki\u015filer ve vakalar \u00fczerinden ele al\u0131nm\u0131\u015ft\u0131r. Zengin bir karakter galerisi sunan bu eserde ayr\u0131ca; \u00fcnl\u00fc jandarma kumandanlar\u0131, takip m\u00fcfrezeleri, Reji kolcular\u0131, ba\u015f\u0131bozuklar, kabaday\u0131lar, paral\u0131 askerler, \u00f6d\u00fcl avc\u0131lar\u0131, co\u015fkulu kalabal\u0131klar\u0131n \u00f6n\u00fcnde icra edilen e\u015fk\u0131ya idamlar\u0131, kesik ba\u015f te\u015fhirleri, s\u0131k\u0131y\u00f6netim mahkemeleri, g\u00f6steri\u015fli af t\u00f6renleri ve devlet taraf\u0131ndan istihdam edilen k\u0131r serdar\u0131 zeybekler gibi ba\u015fl\u0131klar da titiz bir de\u011ferlendirmeye tabi tutulmu\u015ftur. Ar\u015fiv belgeleri, d\u00f6nemin gazeteleri, yabanc\u0131 seyyahlar\u0131n notlar\u0131, an\u0131lar ve b\u00f6lge insan\u0131yla yap\u0131lan \u00f6zg\u00fcn m\u00fclakatlardan beslenen Zeybekler \u00c7a\u011f\u0131; e\u015fsiz kaynak \u00e7e\u015fitlili\u011fi ve disiplinleraras\u0131 yakla\u015f\u0131m\u0131yla; tarihseverlerden akademisyenlere, halk k\u00fclt\u00fcr\u00fc merakl\u0131lar\u0131ndan b\u00f6lge ara\u015ft\u0131rmac\u0131lar\u0131na kadar olduk\u00e7a geni\u015f bir okur kitlesine hitap etmektedir. Zeybekler \u00c7a\u011f\u0131; sadece bir tarih kitab\u0131 de\u011fil, zeybeklerin ve Bat\u0131 Anadolu\u2019nun sosyal ve k\u00fclt\u00fcrel d\u00fcnyas\u0131n\u0131 derinlemesine inceleyen kapsaml\u0131 bir d\u00f6nem panoramas\u0131&#8230;<\/p>\n","protected":false},"excerpt":{"rendered":"<p>ZEYBEKLER \u00c7A\u011eI Bat\u0131 Anadolu\u2019da E\u015fk\u0131yal\u0131\u011f\u0131n Tarihi Zeybekler; y\u00fczy\u0131llar boyunca profesyonel meslek olarak korsanl\u0131k yapan, donanma ve kalelere levent yaz\u0131lan, ayan fedaisi olarak cephelerde sava\u015fan, zaman zaman<span class=\"excerpt-hellip\"> [\u2026]<\/span><\/p>\n","protected":false},"featured_media":0,"template":"","meta":{"_monsterinsights_skip_tracking":false,"_monsterinsights_sitenote_active":false,"_monsterinsights_sitenote_note":"","_monsterinsights_sitenote_category":0},"product_brand":[],"product_cat":[12304,13650],"product_tag":[],"class_list":{"0":"post-774150","1":"product","2":"type-product","3":"status-publish","5":"product_cat-tarih","6":"product_cat-turk-tarihi-arastirmalari","7":"pa_cilt-ciltsiz","8":"pa_tur-kitap","9":"pa_yayinevi-kronik-kitap","10":"pa_yazar-ali-ozcelik","12":"first","13":"instock","14":"sale","15":"shipping-taxable","16":"purchasable","17":"product-type-simple"},"_links":{"self":[{"href":"https:\/\/roveyayinevi.com.tr\/index.php\/wp-json\/wp\/v2\/product\/774150","targetHints":{"allow":["GET"]}}],"collection":[{"href":"https:\/\/roveyayinevi.com.tr\/index.php\/wp-json\/wp\/v2\/product"}],"about":[{"href":"https:\/\/roveyayinevi.com.tr\/index.php\/wp-json\/wp\/v2\/types\/product"}],"wp:attachment":[{"href":"https:\/\/roveyayinevi.com.tr\/index.php\/wp-json\/wp\/v2\/media?parent=774150"}],"wp:term":[{"taxonomy":"product_brand","embeddable":true,"href":"https:\/\/roveyayinevi.com.tr\/index.php\/wp-json\/wp\/v2\/product_brand?post=774150"},{"taxonomy":"product_cat","embeddable":true,"href":"https:\/\/roveyayinevi.com.tr\/index.php\/wp-json\/wp\/v2\/product_cat?post=774150"},{"taxonomy":"product_tag","embeddable":true,"href":"https:\/\/roveyayinevi.com.tr\/index.php\/wp-json\/wp\/v2\/product_tag?post=774150"}],"curies":[{"name":"wp","href":"https:\/\/api.w.org\/{rel}","templated":true}]}}