{"id":774149,"date":"2025-08-28T16:42:01","date_gmt":"2025-08-28T13:42:01","guid":{"rendered":"https:\/\/roveyayinevi.com.tr\/index.php\/urun\/think-tank\/"},"modified":"2026-04-15T03:41:37","modified_gmt":"2026-04-15T00:41:37","slug":"think-tank","status":"publish","type":"product","link":"https:\/\/roveyayinevi.com.tr\/index.php\/urun\/think-tank\/","title":{"rendered":"Think Tank"},"content":{"rendered":"<p>PERDE ARKASINDAK\u0130 G\u00dc\u00c7: TH\u0130NK TANK\u2019LER Bir s\u00fcper g\u00fcc\u00fcn yaln\u0131zca tanklarla, u\u00e7ak gemileriyle ya da ekonomik yapt\u0131r\u0131mlarla de\u011fil; fikirlerle, raporlarla ve stratejik s\u00f6ylemlerle de d\u00fcnyaya y\u00f6n verdi\u011fini hi\u00e7 d\u00fc\u015f\u00fcnd\u00fcn\u00fcz m\u00fc? Amerika Birle\u015fik Devletleri\u2019nin d\u0131\u015f politikas\u0131, ba\u015fkanlar, bakanlar ya da generallerin kararlar\u0131yla m\u0131 \u015fekilleniyor yaln\u0131zca? Yoksa perde arkas\u0131nda, kamuoyunun \u00e7o\u011funlukla ad\u0131n\u0131 bile duymad\u0131\u011f\u0131 ama etkisi \u00e7ok daha derin olan ba\u015fka akt\u00f6rler mi var? Think Tank, So\u011fuk Sava\u015f sonras\u0131 ABD d\u0131\u015f politikas\u0131n\u0131n nas\u0131l \u015fekillendi\u011fini ve bu s\u00fcre\u00e7te d\u00fc\u015f\u00fcnce kurulu\u015flar\u0131n\u0131n oynad\u0131\u011f\u0131 hayati rol\u00fc mercek alt\u0131na al\u0131yor. Beyaz Saray, Pentagon ve D\u0131\u015fi\u015fleri Bakanl\u0131\u011f\u0131 gibi y\u00fcr\u00fctme organlar\u0131ndan Kongre\u2019deki komitelere kadar pek \u00e7ok resmi yap\u0131 ile Brookings Enstit\u00fcs\u00fc, RAND Corporation, Heritage Foundation, CSIS, D\u0131\u015f \u0130li\u015fkiler Konseyi, Carnegie, Wilson Merkezi ve Atlantik Konseyi gibi etkin d\u00fc\u015f\u00fcnce kurulu\u015flar\u0131n\u0131n politika belirleme s\u00fcre\u00e7lerine nas\u0131l dahil oldu\u011funu g\u00f6zler \u00f6n\u00fcne seriyor. Clinton\u2019\u0131n \u201cinsani m\u00fcdahaleleri\u201d, Bush\u2019un \u201cter\u00f6rle m\u00fccadelesi\u201d, Obama\u2019n\u0131n \u201cdiplomatik a\u00e7\u0131l\u0131mlar\u0131\u201d ve \u0130ran\u2019la y\u00fcr\u00fct\u00fclen n\u00fckleer m\u00fczakereler&#8230; T\u00fcm bu stratejiler, belirli bir fikir altyap\u0131s\u0131na dayan\u0131yordu. Peki, bu fikirler nerede \u00fcretildi? Hangi odalarda, kimler taraf\u0131ndan \u015fekillendirildi? Dr. Ali Ercan\u2019\u0131n New York ve Washington D.C.\u2019de yapt\u0131\u011f\u0131 kapsaml\u0131 saha ara\u015ft\u0131rmalar\u0131na dayanan Think Tank, bu kurulu\u015flar\u0131n nas\u0131l \u00e7al\u0131\u015ft\u0131\u011f\u0131n\u0131, kimlerden destek ald\u0131klar\u0131n\u0131, kimin ad\u0131na konu\u015ftuklar\u0131n\u0131 ve karar vericilere nas\u0131l y\u00f6n verdiklerini ayr\u0131nt\u0131lar\u0131yla inceliyor. Think Tank, So\u011fuk Sava\u015f sonras\u0131 Amerikan d\u0131\u015f politikas\u0131n\u0131 anlamak isteyenler i\u00e7in bir davet. Bir s\u00fcper g\u00fcc\u00fcn sadece asker\u00ee ya da ekonomik de\u011fil, stratejik akl\u0131n\u0131 da g\u00f6rmek isteyenler i\u00e7in bir rehber. Tarihin sat\u0131r aralar\u0131n\u0131 okumaya merakl\u0131 olanlara a\u00e7\u0131lan bir pencere. Ve belki de en \u00f6nemlisi: Bu d\u00fcnyay\u0131 ger\u00e7ekten anlamaya \u00e7al\u0131\u015fan herkes i\u00e7in bir ba\u015flang\u0131\u00e7 noktas\u0131. <\/p>\n","protected":false},"excerpt":{"rendered":"<p>PERDE ARKASINDAK\u0130 G\u00dc\u00c7: TH\u0130NK TANK\u2019LER Bir s\u00fcper g\u00fcc\u00fcn yaln\u0131zca tanklarla, u\u00e7ak gemileriyle ya da ekonomik yapt\u0131r\u0131mlarla de\u011fil; fikirlerle, raporlarla ve stratejik s\u00f6ylemlerle de d\u00fcnyaya y\u00f6n verdi\u011fini<span class=\"excerpt-hellip\"> [\u2026]<\/span><\/p>\n","protected":false},"featured_media":0,"template":"","meta":{"_monsterinsights_skip_tracking":false,"_monsterinsights_sitenote_active":false,"_monsterinsights_sitenote_note":"","_monsterinsights_sitenote_category":0},"product_brand":[],"product_cat":[12338,12337],"product_tag":[],"class_list":{"0":"post-774149","1":"product","2":"type-product","3":"status-publish","5":"product_cat-dunya-siyaseti-ve-politikasi","6":"product_cat-politika-siyaset","7":"pa_cilt-ciltsiz","8":"pa_tur-kitap","9":"pa_yayinevi-kronik-kitap","10":"pa_yazar-ali-ercan","12":"first","13":"instock","14":"sale","15":"shipping-taxable","16":"purchasable","17":"product-type-simple"},"_links":{"self":[{"href":"https:\/\/roveyayinevi.com.tr\/index.php\/wp-json\/wp\/v2\/product\/774149","targetHints":{"allow":["GET"]}}],"collection":[{"href":"https:\/\/roveyayinevi.com.tr\/index.php\/wp-json\/wp\/v2\/product"}],"about":[{"href":"https:\/\/roveyayinevi.com.tr\/index.php\/wp-json\/wp\/v2\/types\/product"}],"wp:attachment":[{"href":"https:\/\/roveyayinevi.com.tr\/index.php\/wp-json\/wp\/v2\/media?parent=774149"}],"wp:term":[{"taxonomy":"product_brand","embeddable":true,"href":"https:\/\/roveyayinevi.com.tr\/index.php\/wp-json\/wp\/v2\/product_brand?post=774149"},{"taxonomy":"product_cat","embeddable":true,"href":"https:\/\/roveyayinevi.com.tr\/index.php\/wp-json\/wp\/v2\/product_cat?post=774149"},{"taxonomy":"product_tag","embeddable":true,"href":"https:\/\/roveyayinevi.com.tr\/index.php\/wp-json\/wp\/v2\/product_tag?post=774149"}],"curies":[{"name":"wp","href":"https:\/\/api.w.org\/{rel}","templated":true}]}}