{"id":774088,"date":"2025-08-28T16:40:05","date_gmt":"2025-08-28T13:40:05","guid":{"rendered":"https:\/\/roveyayinevi.com.tr\/index.php\/urun\/iktisat-ve-toplum-dergisi-178-sayi-iklim-degisimi-ve-ekoonomi\/"},"modified":"2026-04-15T03:41:35","modified_gmt":"2026-04-15T00:41:35","slug":"iktisat-ve-toplum-dergisi-178-sayi-iklim-degisimi-ve-ekoonomi","status":"publish","type":"product","link":"https:\/\/roveyayinevi.com.tr\/index.php\/urun\/iktisat-ve-toplum-dergisi-178-sayi-iklim-degisimi-ve-ekoonomi\/","title":{"rendered":"\u0130ktisat ve Toplum Dergisi 178. Say\u0131  \u0130klim De\u011fi\u015fimi ve Ekoonomi"},"content":{"rendered":"<p>Bu say\u0131da: K\u00fcresel Servetin Yeni Y\u00fcz\u00fc ve \u0130klim Adaletsizli\u011fi R. Funda Barbaros BRICS 2025 Rio Zirvesinin Ard\u0131ndan Ziya \u00d6ni\u015f, Mehmet Ali Demir Siyasal Y\u00f6netimin Kilit Ta\u015f\u0131: Siyasal Me\u015fruluk Ersin Kalayc\u0131og\u0306lu J.S. Mill ve L. Walras: Ekonomi ve Demokrasi Cem Mehmet Baydur, Kardelen G\u00fcrg\u00f6r Krizde Normalle\u015fme: T\u00fcrkiye Ekonomisinin Siyasalla\u015fan Anatomisi Arda Tunca Tekno-Oligar\u015fi \u00c7a\u011f\u0131nda Organik \u0130novasyon Agoras\u0131: Bilgi Eklemlenmesi, Oligar\u015fik Kolektivizm ve Toplumsal E\u015fitsizlikler \u00dczerine K\u0131sa Bir Not Erkan Erdil T\u00fcrkiye\u2019de \u0130ktisat E\u011fitimi Tarihi Tart\u0131\u015fmalar: \u0130smail H\u00fcsrev T\u00f6kin (1902-1992) Ercan Eren, Alaaddin Tok Tevfik Bey Soka\u011f\u0131\u2019nda Naz\u0131m Hikmet\u2019in Son Evi (Bir \u00c7ocukluk An\u0131s\u0131 ve H\u00fcz\u00fcn) Ergun T\u00fcrkcan \u0130statistik, Mali Verilerdeki Tahrifatlar\u0131 Nas\u0131l Ortaya \u00c7\u0131kar\u0131yor? Yasin K\u00fct\u00fck Tiyatroda Azalan Rol Say\u0131lar\u0131n\u0131n Ekonomisi Maliyetler mi Zevklerin De\u011fi\u015fmesi mi? Sacit Hadi Akdede Endi\u015feli \u0130\u00e7in Cehennem Yas\u0327ar Tas\u0327k\u0131n Ko\u00e7 Fazilet Eczanesi: Meslek Onurundan Kentsel Ranta T\u00fcrkiye\u2019nin Ekonomi Politi\u011fi G\u00fcl\u00e7in Elif Y\u00fccel<\/p>\n","protected":false},"excerpt":{"rendered":"<p>Bu say\u0131da: K\u00fcresel Servetin Yeni Y\u00fcz\u00fc ve \u0130klim Adaletsizli\u011fi R. Funda Barbaros BRICS 2025 Rio Zirvesinin Ard\u0131ndan Ziya \u00d6ni\u015f, Mehmet Ali Demir Siyasal Y\u00f6netimin Kilit Ta\u015f\u0131:<span class=\"excerpt-hellip\"> [\u2026]<\/span><\/p>\n","protected":false},"featured_media":0,"template":"","meta":{"_monsterinsights_skip_tracking":false,"_monsterinsights_sitenote_active":false,"_monsterinsights_sitenote_note":"","_monsterinsights_sitenote_category":0},"product_brand":[],"product_cat":[13527],"product_tag":[],"class_list":{"0":"post-774088","1":"product","2":"type-product","3":"status-publish","5":"product_cat-sureli-yayinlar","6":"pa_cilt-ciltsiz","7":"pa_tur-dergi","8":"pa_yayinevi-efil-yayinevi-dergi","9":"pa_yazar-kolektif","11":"first","12":"instock","13":"sale","14":"shipping-taxable","15":"purchasable","16":"product-type-simple"},"_links":{"self":[{"href":"https:\/\/roveyayinevi.com.tr\/index.php\/wp-json\/wp\/v2\/product\/774088","targetHints":{"allow":["GET"]}}],"collection":[{"href":"https:\/\/roveyayinevi.com.tr\/index.php\/wp-json\/wp\/v2\/product"}],"about":[{"href":"https:\/\/roveyayinevi.com.tr\/index.php\/wp-json\/wp\/v2\/types\/product"}],"wp:attachment":[{"href":"https:\/\/roveyayinevi.com.tr\/index.php\/wp-json\/wp\/v2\/media?parent=774088"}],"wp:term":[{"taxonomy":"product_brand","embeddable":true,"href":"https:\/\/roveyayinevi.com.tr\/index.php\/wp-json\/wp\/v2\/product_brand?post=774088"},{"taxonomy":"product_cat","embeddable":true,"href":"https:\/\/roveyayinevi.com.tr\/index.php\/wp-json\/wp\/v2\/product_cat?post=774088"},{"taxonomy":"product_tag","embeddable":true,"href":"https:\/\/roveyayinevi.com.tr\/index.php\/wp-json\/wp\/v2\/product_tag?post=774088"}],"curies":[{"name":"wp","href":"https:\/\/api.w.org\/{rel}","templated":true}]}}