{"id":773893,"date":"2025-08-28T16:33:11","date_gmt":"2025-08-28T13:33:11","guid":{"rendered":"https:\/\/roveyayinevi.com.tr\/index.php\/urun\/anlam-ve-dil\/"},"modified":"2026-04-15T03:39:59","modified_gmt":"2026-04-15T00:39:59","slug":"anlam-ve-dil","status":"publish","type":"product","link":"https:\/\/roveyayinevi.com.tr\/index.php\/urun\/anlam-ve-dil\/","title":{"rendered":"Anlam ve Dil"},"content":{"rendered":"<p>Dil ve anlam ili\u015fkisinin oda\u011fa yerle\u015fti\u011fi 20. y\u00fczy\u0131l felsefesinde anlam\u0131n dile, mant\u0131ksal bir dizgeye, bir do\u011fruluk \u00f6l\u00e7\u00fct\u00fcne indirgendi\u011fi bak\u0131\u015f a\u00e7\u0131lar\u0131 oldu\u011fu gibi, anlam\u0131 deneyimde, etkile\u015fimde ya da zihin i\u00e7eri\u011finde arayan yakla\u015f\u0131mlar da ortaya \u00e7\u0131km\u0131\u015ft\u0131r. \u00d6te yandan anlam\u0131, bir ileti\u015fim arac\u0131 olarak dilin kullan\u0131m\u0131nda, g\u00fcndelik konu\u015fmada ya da bedensellikte ve eylemlilikte arayan yakla\u015f\u0131mlar da s\u00f6z konusudur. Bu \u00e7e\u015fitli bak\u0131\u015f a\u00e7\u0131lar\u0131 ve kavramsal zenginli\u011fi T\u00fcrk\u00e7eye ta\u015f\u0131yarak anlam ve dile dair meseleleri felsefi zeminde tart\u0131\u015fmak \u00f6nem arz etmektedir. Aysun Ayd\u0131n, uzman ara\u015ft\u0131rmac\u0131lar\u0131n anlam sorunu \u00fczerine yaz\u0131lar\u0131n\u0131 yay\u0131nevimizden \u00e7\u0131kan Beden ve Anlam kitab\u0131nda bir araya getirmi\u015fti. Soru\u015fturmas\u0131 Anlam ve Dil ile devam ediyor. <\/p>\n","protected":false},"excerpt":{"rendered":"<p>Dil ve anlam ili\u015fkisinin oda\u011fa yerle\u015fti\u011fi 20. y\u00fczy\u0131l felsefesinde anlam\u0131n dile, mant\u0131ksal bir dizgeye, bir do\u011fruluk \u00f6l\u00e7\u00fct\u00fcne indirgendi\u011fi bak\u0131\u015f a\u00e7\u0131lar\u0131 oldu\u011fu gibi, anlam\u0131 deneyimde, etkile\u015fimde ya<span class=\"excerpt-hellip\"> [\u2026]<\/span><\/p>\n","protected":false},"featured_media":0,"template":"","meta":{"_monsterinsights_skip_tracking":false,"_monsterinsights_sitenote_active":false,"_monsterinsights_sitenote_note":"","_monsterinsights_sitenote_category":0},"product_brand":[],"product_cat":[12388],"product_tag":[],"class_list":{"0":"post-773893","1":"product","2":"type-product","3":"status-publish","5":"product_cat-felsefe","6":"pa_cilt-ciltsiz","7":"pa_tur-kitap","8":"pa_yayinevi-vakifbank-kultur-yayinlari","9":"pa_yazar-kolektif","11":"first","12":"instock","13":"sale","14":"shipping-taxable","15":"purchasable","16":"product-type-simple"},"_links":{"self":[{"href":"https:\/\/roveyayinevi.com.tr\/index.php\/wp-json\/wp\/v2\/product\/773893","targetHints":{"allow":["GET"]}}],"collection":[{"href":"https:\/\/roveyayinevi.com.tr\/index.php\/wp-json\/wp\/v2\/product"}],"about":[{"href":"https:\/\/roveyayinevi.com.tr\/index.php\/wp-json\/wp\/v2\/types\/product"}],"wp:attachment":[{"href":"https:\/\/roveyayinevi.com.tr\/index.php\/wp-json\/wp\/v2\/media?parent=773893"}],"wp:term":[{"taxonomy":"product_brand","embeddable":true,"href":"https:\/\/roveyayinevi.com.tr\/index.php\/wp-json\/wp\/v2\/product_brand?post=773893"},{"taxonomy":"product_cat","embeddable":true,"href":"https:\/\/roveyayinevi.com.tr\/index.php\/wp-json\/wp\/v2\/product_cat?post=773893"},{"taxonomy":"product_tag","embeddable":true,"href":"https:\/\/roveyayinevi.com.tr\/index.php\/wp-json\/wp\/v2\/product_tag?post=773893"}],"curies":[{"name":"wp","href":"https:\/\/api.w.org\/{rel}","templated":true}]}}