{"id":773617,"date":"2025-08-28T16:22:31","date_gmt":"2025-08-28T13:22:31","guid":{"rendered":"https:\/\/roveyayinevi.com.tr\/index.php\/urun\/dil-felsegesi-acisindan-ataturkun-dil-kavrami-ve-dil-devrimi\/"},"modified":"2026-04-15T03:39:51","modified_gmt":"2026-04-15T00:39:51","slug":"dil-felsegesi-acisindan-ataturkun-dil-kavrami-ve-dil-devrimi","status":"publish","type":"product","link":"https:\/\/roveyayinevi.com.tr\/index.php\/urun\/dil-felsegesi-acisindan-ataturkun-dil-kavrami-ve-dil-devrimi\/","title":{"rendered":"Dil Felsegesi A\u00e7\u0131s\u0131ndan Atat\u00fcrk\u2019\u00fcn Dil Kavram\u0131 ve Dil Devrimi"},"content":{"rendered":"<p>Dil Devrimi, T\u00fcrk\u00e7enin Arap\u00e7a ve Fars\u00e7an\u0131n etkisinden kurtularak \u00f6zerkle\u015fmesini, her bak\u0131mdan geli\u015fmesi, yetkinle\u015fmesi, b\u00f6ylelikle de toplumsal-k\u00fclt\u00fcrel-politik ya\u015famda her t\u00fcrl\u00fc d\u00fc\u015f\u00fcnce ve duyguyu anlatma yeterlili\u011fi kazanmas\u0131n\u0131 ama\u00e7lar. Dil Devrimi, d\u00fc\u015f\u00fcnsel geli\u015fme ve \u00f6zg\u00fcrle\u015fme a\u00e7\u0131s\u0131ndan belirleyici \u00f6nem ta\u015f\u0131r; \u00e7\u00fcnk\u00fc dil, hem \u00f6zyap\u0131s\u0131 hem de i\u015flevleri bak\u0131m\u0131ndan b\u00fct\u00fcn di\u011fer devrimlerin edimselle\u015ftirilmesinin dolay\u0131m\u0131 ve ta\u015f\u0131y\u0131c\u0131 g\u00fcc\u00fcd\u00fcr. Gerek \u00e7a\u011fda\u015fla\u015fman\u0131n gerek her t\u00fcrl\u00fc ilerlemenin itici g\u00fcc\u00fc olan d\u00fc\u015f\u00fcnme, \u00f6zellikle de ele\u015ftirel d\u00fc\u015f\u00fcnme, dil dolay\u0131m\u0131nda ger\u00e7ekle\u015fir, ba\u015fkalar\u0131yla payla\u015f\u0131l\u0131r, b\u00f6ylelikle de kal\u0131c\u0131la\u015f\u0131r. Bu d\u00fc\u015f\u00fcnsel i\u00e7erik ve ama\u00e7 bak\u0131m\u0131ndan Dil Devrimi, Atat\u00fcrk\u2019\u00fcn \u00f6nderli\u011finde ger\u00e7ekle\u015ftirilen Cumhuriyet devrimlerinin d\u00fc\u015f\u00fcnsel temellerinin belirginle\u015ftirilmesi ve toplumsal-k\u00fclt\u00fcrel-politik ya\u015famda etkinle\u015ftirilmesinin tek g\u00fcvencesidir. <\/p>\n","protected":false},"excerpt":{"rendered":"<p>Dil Devrimi, T\u00fcrk\u00e7enin Arap\u00e7a ve Fars\u00e7an\u0131n etkisinden kurtularak \u00f6zerkle\u015fmesini, her bak\u0131mdan geli\u015fmesi, yetkinle\u015fmesi, b\u00f6ylelikle de toplumsal-k\u00fclt\u00fcrel-politik ya\u015famda her t\u00fcrl\u00fc d\u00fc\u015f\u00fcnce ve duyguyu anlatma yeterlili\u011fi kazanmas\u0131n\u0131 ama\u00e7lar.<span class=\"excerpt-hellip\"> [\u2026]<\/span><\/p>\n","protected":false},"featured_media":0,"template":"","meta":{"_monsterinsights_skip_tracking":false,"_monsterinsights_sitenote_active":false,"_monsterinsights_sitenote_note":"","_monsterinsights_sitenote_category":0},"product_brand":[],"product_cat":[12388],"product_tag":[],"class_list":{"0":"post-773617","1":"product","2":"type-product","3":"status-publish","5":"product_cat-felsefe","6":"pa_cilt-ciltsiz","7":"pa_tur-kitap","8":"pa_yayinevi-bilgesu-yayincilik","9":"pa_yazar-onur-bilge-kula","11":"first","12":"instock","13":"sale","14":"shipping-taxable","15":"purchasable","16":"product-type-simple"},"_links":{"self":[{"href":"https:\/\/roveyayinevi.com.tr\/index.php\/wp-json\/wp\/v2\/product\/773617","targetHints":{"allow":["GET"]}}],"collection":[{"href":"https:\/\/roveyayinevi.com.tr\/index.php\/wp-json\/wp\/v2\/product"}],"about":[{"href":"https:\/\/roveyayinevi.com.tr\/index.php\/wp-json\/wp\/v2\/types\/product"}],"wp:attachment":[{"href":"https:\/\/roveyayinevi.com.tr\/index.php\/wp-json\/wp\/v2\/media?parent=773617"}],"wp:term":[{"taxonomy":"product_brand","embeddable":true,"href":"https:\/\/roveyayinevi.com.tr\/index.php\/wp-json\/wp\/v2\/product_brand?post=773617"},{"taxonomy":"product_cat","embeddable":true,"href":"https:\/\/roveyayinevi.com.tr\/index.php\/wp-json\/wp\/v2\/product_cat?post=773617"},{"taxonomy":"product_tag","embeddable":true,"href":"https:\/\/roveyayinevi.com.tr\/index.php\/wp-json\/wp\/v2\/product_tag?post=773617"}],"curies":[{"name":"wp","href":"https:\/\/api.w.org\/{rel}","templated":true}]}}