{"id":773548,"date":"2025-08-28T16:20:09","date_gmt":"2025-08-28T13:20:09","guid":{"rendered":"https:\/\/roveyayinevi.com.tr\/index.php\/urun\/evrenin-yasamin-ve-toplumun-evrimi\/"},"modified":"2026-04-15T03:39:49","modified_gmt":"2026-04-15T00:39:49","slug":"evrenin-yasamin-ve-toplumun-evrimi","status":"publish","type":"product","link":"https:\/\/roveyayinevi.com.tr\/index.php\/urun\/evrenin-yasamin-ve-toplumun-evrimi\/","title":{"rendered":"Evrenin, Ya\u015fam\u0131n ve Toplumun Evrimi"},"content":{"rendered":"<p>&#8220;Evrim tart\u0131\u015fmas\u0131 ekseninde pek \u00e7ok yaz\u0131 yay\u0131nland\u0131. Dergi ve gazetelerde, \u00e7e\u015fitli dernek, vak\u0131f, kul\u00fcplerce d\u00fczenlenen evrim sempozyumlar\u0131nda, at\u00f6lyelerinde, yay\u0131nevlerindeki etkinlikler bir \u201cevrim seli\u201d yaratt\u0131. Arkada\u015f\u0131m hakl\u0131 m\u0131yd\u0131? Evrim bilgileri kabak tad\u0131 vermeye mi ba\u015flam\u0131\u015ft\u0131. Hay\u0131r! \u00c7\u00fcnk\u00fc kar\u015f\u0131s\u0131nda bir \u201cevrim d\u00fc\u015fmanl\u0131\u011f\u0131\u201d kampanyas\u0131 \u00f6rg\u00fctlenmi\u015fti. \u00d6yle ki, ye\u011fenimin ayakkab\u0131s\u0131n\u0131 boyayan, yan\u0131nda, yerde, t\u0131rlarla da\u011f\u0131t\u0131lan \u201cEvrim Aldatmacas\u0131\u201d kitab\u0131 bulunan \u00e7ocu\u011fun \u201cEvrimin olmad\u0131\u011f\u0131 kan\u0131tlanm\u0131\u015f, \u00f6yle mi abi?\u201d s\u00f6zleri bu durumu a\u00e7\u0131klay\u0131c\u0131yd\u0131.&#8221; Alaeddin \u015eenel <\/p>\n","protected":false},"excerpt":{"rendered":"<p>&#8220;Evrim tart\u0131\u015fmas\u0131 ekseninde pek \u00e7ok yaz\u0131 yay\u0131nland\u0131. Dergi ve gazetelerde, \u00e7e\u015fitli dernek, vak\u0131f, kul\u00fcplerce d\u00fczenlenen evrim sempozyumlar\u0131nda, at\u00f6lyelerinde, yay\u0131nevlerindeki etkinlikler bir \u201cevrim seli\u201d yaratt\u0131. Arkada\u015f\u0131m hakl\u0131<span class=\"excerpt-hellip\"> [\u2026]<\/span><\/p>\n","protected":false},"featured_media":0,"template":"","meta":{"_monsterinsights_skip_tracking":false,"_monsterinsights_sitenote_active":false,"_monsterinsights_sitenote_note":"","_monsterinsights_sitenote_category":0},"product_brand":[],"product_cat":[13005],"product_tag":[],"class_list":{"0":"post-773548","1":"product","2":"type-product","3":"status-publish","5":"product_cat-bilim-muhendislik","6":"pa_cilt-ciltsiz","7":"pa_tur-kitap","8":"pa_yayinevi-sol-kultur","9":"pa_yazar-oguz-alkan","11":"first","12":"instock","13":"sale","14":"shipping-taxable","15":"purchasable","16":"product-type-simple"},"_links":{"self":[{"href":"https:\/\/roveyayinevi.com.tr\/index.php\/wp-json\/wp\/v2\/product\/773548","targetHints":{"allow":["GET"]}}],"collection":[{"href":"https:\/\/roveyayinevi.com.tr\/index.php\/wp-json\/wp\/v2\/product"}],"about":[{"href":"https:\/\/roveyayinevi.com.tr\/index.php\/wp-json\/wp\/v2\/types\/product"}],"wp:attachment":[{"href":"https:\/\/roveyayinevi.com.tr\/index.php\/wp-json\/wp\/v2\/media?parent=773548"}],"wp:term":[{"taxonomy":"product_brand","embeddable":true,"href":"https:\/\/roveyayinevi.com.tr\/index.php\/wp-json\/wp\/v2\/product_brand?post=773548"},{"taxonomy":"product_cat","embeddable":true,"href":"https:\/\/roveyayinevi.com.tr\/index.php\/wp-json\/wp\/v2\/product_cat?post=773548"},{"taxonomy":"product_tag","embeddable":true,"href":"https:\/\/roveyayinevi.com.tr\/index.php\/wp-json\/wp\/v2\/product_tag?post=773548"}],"curies":[{"name":"wp","href":"https:\/\/api.w.org\/{rel}","templated":true}]}}