{"id":773434,"date":"2025-08-28T16:16:20","date_gmt":"2025-08-28T13:16:20","guid":{"rendered":"https:\/\/roveyayinevi.com.tr\/index.php\/urun\/abdulkadir-kemali-bey\/"},"modified":"2026-04-15T03:39:46","modified_gmt":"2026-04-15T00:39:46","slug":"abdulkadir-kemali-bey","status":"publish","type":"product","link":"https:\/\/roveyayinevi.com.tr\/index.php\/urun\/abdulkadir-kemali-bey\/","title":{"rendered":"Abd\u00fclkadir Kemali Bey"},"content":{"rendered":"<p>\u201cTBMM\u2019nin ilk devre milletvekili; \u00fc\u00e7 g\u00fcnl\u00fck bakan, \u0130stikl\u00e2l Mahkemesi\u2019nin hem reisi, hem san\u0131\u011f\u0131; h\u00fck\u00fcmetin yaman bir ele\u015ftiricisi; g\u00fc\u00e7l\u00fc bir gazeteci; 1930\u2019larda Ahali Partisi\u2019nin kurucu ba\u015fkan\u0131; din \u00fczerine eserler yazan bir bilgin, \u015fifal\u0131 bitkileri inceleyen bir kamus yazar\u0131; ceza hukukunda i\u00e7tihatlara kaynak olan g\u00f6r\u00fc\u015fleriyle uzman bir hukuk\u00e7u; yak\u0131n politika tarihimizin bir renkli simas\u0131 ve dinlenmesine doyum olmaz hatibi&#8230;\u201d Taha Toros \u00dcnl\u00fc edebiyat\u00e7\u0131 Orhan Kemal\u2019in babas\u0131 olarak tan\u0131nan Abd\u00fclkadir Kemali (\u00d6\u011f\u00fct\u00e7\u00fc) Bey, \u0130ttihat ve Terakki d\u00f6neminde ba\u015flayan siyasi hayat\u0131n\u0131n devam\u0131nda Birinci Meclis d\u00f6neminde Birinci Grup ile \u0130kinci Grup aras\u0131ndaki m\u00fccadelede bir \u00fc\u00e7\u00fcnc\u00fc grup olarak hareket eden ba\u011f\u0131ms\u0131z milletvekillerinin liderli\u011fini \u00fcstlendi. Terakkiperver Cumhuriyet F\u0131rkas\u0131 kurulunca bu partide de yer almayarak M\u00fcdafaa-i Umumiye F\u0131rkas\u0131 ad\u0131yla bir parti kurma giri\u015fiminde bulundu. Serbest Cumhuriyet F\u0131rkas\u0131\u2019yla yeni bir muhalefet denemesi yap\u0131l\u0131rken, bu partiye de uzak durdu, Ahali Cumhuriyet F\u0131rkas\u0131\u2019n\u0131 kurdu. Mer\u00e2l Demirel bu kapsaml\u0131 ara\u015ft\u0131rmas\u0131nda \u00f6mr\u00fc boyunca iktidar\u0131n oldu\u011fu kadar ana muhalefetin de d\u0131\u015f\u0131nda kalm\u0131\u015f, s\u00fcrekli \u00fc\u00e7\u00fcnc\u00fc bir taraf olmay\u0131 tercih etmi\u015f Abd\u00fclkadir Kemali Bey\u2019in portresini ele al\u0131yor. Abd\u00fclkadir Kemali Bey\u2019in, milletvekilli\u011fi, bakanl\u0131k ve \u0130stikl\u00e2l Mahkemesi reisli\u011finden bu mahkemenin san\u0131kl\u0131\u011f\u0131na, kendisini hapse ve s\u00fcrg\u00fcne kadar g\u00f6t\u00fcren \u00e7alkant\u0131l\u0131 hayat\u0131n\u0131 ayr\u0131nt\u0131l\u0131 bir \u015fekilde naklediyor. Abd\u00fclkadir Kemali Bey\u2019in siyasi faaliyetleri s\u0131ras\u0131nda, de\u011fi\u015fik d\u00f6nemlerde \u00e7\u0131kard\u0131\u011f\u0131 gazetelerde kaleme ald\u0131\u011f\u0131 makaleleri ve parti programlar\u0131n\u0131 inceleyerek ayn\u0131 zamanda siyasi fikirlerini de etrafl\u0131 bir \u015fekilde ortaya koyuyor. <\/p>\n","protected":false},"excerpt":{"rendered":"<p>\u201cTBMM\u2019nin ilk devre milletvekili; \u00fc\u00e7 g\u00fcnl\u00fck bakan, \u0130stikl\u00e2l Mahkemesi\u2019nin hem reisi, hem san\u0131\u011f\u0131; h\u00fck\u00fcmetin yaman bir ele\u015ftiricisi; g\u00fc\u00e7l\u00fc bir gazeteci; 1930\u2019larda Ahali Partisi\u2019nin kurucu ba\u015fkan\u0131; din<span class=\"excerpt-hellip\"> [\u2026]<\/span><\/p>\n","protected":false},"featured_media":0,"template":"","meta":{"_monsterinsights_skip_tracking":false,"_monsterinsights_sitenote_active":false,"_monsterinsights_sitenote_note":"","_monsterinsights_sitenote_category":0},"product_brand":[],"product_cat":[12304,13650],"product_tag":[],"class_list":{"0":"post-773434","1":"product","2":"type-product","3":"status-publish","5":"product_cat-tarih","6":"product_cat-turk-tarihi-arastirmalari","7":"pa_cilt-ciltsiz","8":"pa_tur-kitap","9":"pa_yayinevi-iletisim-yayinlari","10":"pa_yazar-meral-demirel","12":"first","13":"instock","14":"sale","15":"shipping-taxable","16":"purchasable","17":"product-type-simple"},"_links":{"self":[{"href":"https:\/\/roveyayinevi.com.tr\/index.php\/wp-json\/wp\/v2\/product\/773434","targetHints":{"allow":["GET"]}}],"collection":[{"href":"https:\/\/roveyayinevi.com.tr\/index.php\/wp-json\/wp\/v2\/product"}],"about":[{"href":"https:\/\/roveyayinevi.com.tr\/index.php\/wp-json\/wp\/v2\/types\/product"}],"wp:attachment":[{"href":"https:\/\/roveyayinevi.com.tr\/index.php\/wp-json\/wp\/v2\/media?parent=773434"}],"wp:term":[{"taxonomy":"product_brand","embeddable":true,"href":"https:\/\/roveyayinevi.com.tr\/index.php\/wp-json\/wp\/v2\/product_brand?post=773434"},{"taxonomy":"product_cat","embeddable":true,"href":"https:\/\/roveyayinevi.com.tr\/index.php\/wp-json\/wp\/v2\/product_cat?post=773434"},{"taxonomy":"product_tag","embeddable":true,"href":"https:\/\/roveyayinevi.com.tr\/index.php\/wp-json\/wp\/v2\/product_tag?post=773434"}],"curies":[{"name":"wp","href":"https:\/\/api.w.org\/{rel}","templated":true}]}}