{"id":773299,"date":"2025-08-28T16:11:17","date_gmt":"2025-08-28T13:11:17","guid":{"rendered":"https:\/\/roveyayinevi.com.tr\/index.php\/urun\/ermeni-yalanlari-gercekle-yuzlesmek\/"},"modified":"2026-04-15T03:39:28","modified_gmt":"2026-04-15T00:39:28","slug":"ermeni-yalanlari-gercekle-yuzlesmek","status":"publish","type":"product","link":"https:\/\/roveyayinevi.com.tr\/index.php\/urun\/ermeni-yalanlari-gercekle-yuzlesmek\/","title":{"rendered":"Ermeni Yalanlar\u0131 : Ger\u00e7ekle Y\u00fczle\u015fmek"},"content":{"rendered":"<p>Tehcir Kanunu (resmi ad\u0131 Sevk ve \u0130sk\u00e2n Kanunu) 27 May\u0131s 1915 tarihinde sava\u015f halinde iken askeri tedbir i\u00e7in y\u00fcr\u00fcrl\u00fc\u011fe giren ve Ermenilerin zorunlu g\u00f6\u00e7\u00fcne ili\u015fkin bir kanundur. 1 Haziran 1915 g\u00fcn\u00fc o d\u00f6nemin resmi gazetesi olan Takvim-i Vek\u00e2yi&#8217;de yay\u0131mlanarak y\u00fcr\u00fcrl\u00fc\u011fe girmi\u015ftir. O y\u0131llarda bu Tehcir (zorunla g\u00f6\u00e7 ettirme) karar\u0131 ger\u00e7ekten a\u011f\u0131r bir yapt\u0131r\u0131md\u0131r. 18 vilayetten toplam 924.158 ki\u015fi tehcire t\u00e2bi tutuldu. Bunlar\u0131n hepsinin de zorunlu g\u00f6\u00e7e i\u015ftirak etmedi\u011fini tarih\u00e7iler s\u00f6yl\u00fcyor. \u00c7\u00fcnk\u00fc, Ermenilerin bir b\u00f6l\u00fcm\u00fc tehcirden \u00f6nce yurtd\u0131\u015f\u0131na ka\u00e7\u0131yor. Ka\u00e7\u0131\u015f yerleri; ABD, \u0130ngiltere, \u0130talya, Fransa, Rusya, Kafkaslardaki bug\u00fcnk\u00fc Ermenistan topraklar\u0131, Balkanlar, \u0130ran vb. gibi yerlerdir. Bir k\u0131sm\u0131 T\u00fcrkiye i\u00e7inde saklan\u0131yor. Bir b\u00f6l\u00fcm\u00fc bivesile ile tehcirden muaf tutuluyor. Yer de\u011fi\u015ftirme karar\u0131 b\u00fct\u00fcn Ermenilere uygulanmam\u0131\u015ft\u0131r. Katolik ve Protestan Ermeniler tehcirin d\u0131\u015f\u0131nda kalm\u0131\u015ft\u0131r. Osmanl\u0131 ordusunda bulunan subaylar ve s\u0131hh\u0131ye s\u0131n\u0131f\u0131nda hizmet g\u00f6renler, Osmanl\u0131 Bankas\u0131ndaki g\u00f6revliler, postanede \u00e7al\u0131\u015fanlar, konsolosluklarda \u00e7al\u0131\u015fan Ermeniler, baz\u0131 \u00f6nemli i\u015flerde \u00e7al\u0131\u015fan Ermeni memurlar ve aileleri, \u00f6z\u00fcrl\u00fcler, k\u00f6rler ve sakatlar, ya\u015fl\u0131lar, yetim \u00e7ocuklar, dul kad\u0131nlar sevke tabi tutulmam\u0131\u015flard\u0131r. Tehcire tabi tutulan 924.158 Ermeni&#8217;nin sadece 420 bin ki\u015filik bir b\u00f6l\u00fcm\u00fc g\u00f6\u00e7e \u00e7\u0131kar\u0131l\u0131yor. G\u00f6\u00e7e g\u00f6nderildikleri yerler, yine Osmanl\u0131 topraklar\u0131d\u0131r. Suriye, Irak, \u00dcrd\u00fcn vb. g\u00fcneydeki topraklard\u0131r. Yolda hastal\u0131ktan, a\u00e7l\u0131ktan, so\u011fuktan, e\u015fk\u0131ya sald\u0131r\u0131s\u0131ndan, ya\u015fl\u0131l\u0131ktan hayat\u0131n\u0131 kaybedenler oluyor. Osmanl\u0131 topraklar\u0131 i\u00e7inde ya\u015fayan o y\u0131llarda Ermeni n\u00fcfusun ne kadar oldu\u011funu bilmek m\u00fcmk\u00fcn de\u011fil ama tarih\u00e7iler yakla\u015f\u0131k bu say\u0131n\u0131n 1 milyon 200 ile 1 milyon 300 bin aras\u0131nda de\u011fi\u015fti\u011fini s\u00f6yl\u00fcyorlar. Ger\u00e7ektende 1914 y\u0131l\u0131nda yap\u0131lm\u0131\u015f n\u00fcfus istatisti\u011fine g\u00f6re Ermeni n\u00fcfusu 1. 221. 850&#8217;dir. Bu konuda su\u00e7lu T\u00fcrkler de\u011fildir. Bu \u00e7ok iyi bilinmelidir. Su\u00e7lu aran\u0131yorsa,karde\u015fleri birbirine d\u00fc\u015f\u00fcrenlerdir. Bunlar\u0131n kim oldu\u011funu s\u00f6yl\u00fcyoruz: Vicdans\u0131z, iki y\u00fczl\u00fc, \u00e7\u0131karc\u0131 Bat\u0131l\u0131 \u00fclkelerdir ve bizzat Ermenilerin kendileridir. Amerikal\u0131 Tarih\u00e7i Prof. Dr. Justin McCarthy \u015funlar\u0131 s\u00f6yl\u00fcyor: \u201cOrtada \u015f\u00fcphe kabul etmez bir ger\u00e7ek var. Birinci D\u00fcnya Sava\u015f\u0131 esnas\u0131nda daha \u00f6nceki y\u00fczy\u0131lda oldu\u011fu gibi Ermenilere kar\u015f\u0131 ilk sava\u015f\u0131 a\u00e7an T\u00fcrkler de\u011fildi. Sava\u015f\u0131 ba\u015flatan Ermenilerdi.\u201d \u201cMeseleleri ba\u015flatan her zaman Ermeni milliyet\u00e7ileri olmu\u015ftur. Ermeni isyanc\u0131lar\u0131 olmu\u015ftur. Su\u00e7, daima onlar\u0131n \u00fczerinde kalacakt\u0131r.\u201d Yakup Temel Bey\u2019in bu kitab\u0131n\u0131n yaz\u0131lmas\u0131n\u0131n amac\u0131; d\u00fc\u015fmanl\u0131\u011f\u0131 k\u00f6r\u00fcklemek de\u011fildir. Soyk\u0131r\u0131m yalan\u0131n\u0131n ger\u00e7ek olmad\u0131\u011f\u0131n\u0131, hatta tam tersi T\u00fcrklerin. Soyk\u0131r\u0131ma u\u011frad\u0131\u011f\u0131n\u0131 ortaya koymakt\u0131r. Okuyun, g\u00f6receksiniz ki k\u0131r\u0131ma ve ihanete u\u011frayan M\u00fcsl\u00fcmanlard\u0131r, T\u00fcrklerdir. Bu kitapta yazar Yakup Temel ; Erzurum, Kars, Ardahan y\u00f6relerinde Ermenilerin T\u00fcrklere uygulad\u0131klar\u0131 katliamlar\u0131, T\u00fcrklerin bu y\u00f6relerden Bat\u0131 ve \u0130\u00e7 Anadolu\u2019ya zorlu g\u00f6\u00e7lerini, Ermenilerin sahip \u00e7\u0131kmaya \u00e7al\u0131\u015ft\u0131\u011f\u0131 \u00ab Sar\u0131 Gelin \u00bb   Hik\u00e2yesinin ger\u00e7e\u011fini anlat\u0131yor. <\/p>\n","protected":false},"excerpt":{"rendered":"<p>Tehcir Kanunu (resmi ad\u0131 Sevk ve \u0130sk\u00e2n Kanunu) 27 May\u0131s 1915 tarihinde sava\u015f halinde iken askeri tedbir i\u00e7in y\u00fcr\u00fcrl\u00fc\u011fe giren ve Ermenilerin zorunlu g\u00f6\u00e7\u00fcne ili\u015fkin bir<span class=\"excerpt-hellip\"> [\u2026]<\/span><\/p>\n","protected":false},"featured_media":0,"template":"","meta":{"_monsterinsights_skip_tracking":false,"_monsterinsights_sitenote_active":false,"_monsterinsights_sitenote_note":"","_monsterinsights_sitenote_category":0},"product_brand":[],"product_cat":[12304,14128],"product_tag":[],"class_list":{"0":"post-773299","1":"product","2":"type-product","3":"status-publish","5":"product_cat-tarih","6":"product_cat-yakin-tarih","7":"pa_cilt-ciltsiz","8":"pa_tur-kitap","9":"pa_yayinevi-kultur-ajans-yayinlari","10":"pa_yazar-yakup-temel","12":"first","13":"instock","14":"sale","15":"shipping-taxable","16":"purchasable","17":"product-type-simple"},"_links":{"self":[{"href":"https:\/\/roveyayinevi.com.tr\/index.php\/wp-json\/wp\/v2\/product\/773299","targetHints":{"allow":["GET"]}}],"collection":[{"href":"https:\/\/roveyayinevi.com.tr\/index.php\/wp-json\/wp\/v2\/product"}],"about":[{"href":"https:\/\/roveyayinevi.com.tr\/index.php\/wp-json\/wp\/v2\/types\/product"}],"wp:attachment":[{"href":"https:\/\/roveyayinevi.com.tr\/index.php\/wp-json\/wp\/v2\/media?parent=773299"}],"wp:term":[{"taxonomy":"product_brand","embeddable":true,"href":"https:\/\/roveyayinevi.com.tr\/index.php\/wp-json\/wp\/v2\/product_brand?post=773299"},{"taxonomy":"product_cat","embeddable":true,"href":"https:\/\/roveyayinevi.com.tr\/index.php\/wp-json\/wp\/v2\/product_cat?post=773299"},{"taxonomy":"product_tag","embeddable":true,"href":"https:\/\/roveyayinevi.com.tr\/index.php\/wp-json\/wp\/v2\/product_tag?post=773299"}],"curies":[{"name":"wp","href":"https:\/\/api.w.org\/{rel}","templated":true}]}}