{"id":772892,"date":"2025-08-28T15:56:32","date_gmt":"2025-08-28T12:56:32","guid":{"rendered":"https:\/\/roveyayinevi.com.tr\/index.php\/urun\/benim-adim-dunya-atesim-cikiyor-ama-neden\/"},"modified":"2026-04-15T03:39:15","modified_gmt":"2026-04-15T00:39:15","slug":"benim-adim-dunya-atesim-cikiyor-ama-neden","status":"publish","type":"product","link":"https:\/\/roveyayinevi.com.tr\/index.php\/urun\/benim-adim-dunya-atesim-cikiyor-ama-neden\/","title":{"rendered":"Benim Ad\u0131m D\u00fcnya\/ Ate\u015fim \u00c7\u0131k\u0131yor, Ama Neden?"},"content":{"rendered":"<p>\u00dczerinde ya\u015fad\u0131\u011f\u0131n\u0131z gezegeni tan\u0131yor musunuz? Acaba ka\u00e7 ya\u015f\u0131nda? Canl\u0131lar\u0131n ya\u015famas\u0131na olanak sa\u011flayan ortalama s\u0131cakl\u0131\u011f\u0131 ne kadar? Son y\u0131llarda s\u0131cakl\u0131\u011f\u0131 neden art\u0131yor? Bu kitapla birlikte yuvam\u0131z olan D\u00fcnyam\u0131z\u0131 daha yak\u0131ndan tan\u0131yacak, insanl\u0131\u011f\u0131n geli\u015fimini anlayacak ve g\u00fczel gezegenimizin ba\u015f\u0131na neler geldi\u011fini \u00f6\u011freneceksiniz. Kitaptaki resimler size yol g\u00f6sterecek; boyama ve bulmacalar gibi etkinlikleri yaparken iklim de\u011fi\u015fikli\u011finin nedenleri, etkileri ve \u00e7\u00f6z\u00fcmlerini daha iyi kavrayacaks\u0131n\u0131z. Dr. Ferhan Can, \u201cBenim Ad\u0131m D\u00fcnya\/ Ate\u015fim \u00c7\u0131k\u0131yor, Ama Neden?\u201d kitab\u0131nda iklim de\u011fi\u015fikli\u011finin D\u00fcnyam\u0131zda yaratt\u0131\u011f\u0131 krizlerin, i\u015fbirli\u011fi ile \u00e7\u00f6z\u00fclebilece\u011fini \u00e7ocuklara y\u00f6nelik etkinlikler e\u015fli\u011finde g\u00f6steriyor. <\/p>\n","protected":false},"excerpt":{"rendered":"<p>\u00dczerinde ya\u015fad\u0131\u011f\u0131n\u0131z gezegeni tan\u0131yor musunuz? Acaba ka\u00e7 ya\u015f\u0131nda? Canl\u0131lar\u0131n ya\u015famas\u0131na olanak sa\u011flayan ortalama s\u0131cakl\u0131\u011f\u0131 ne kadar? Son y\u0131llarda s\u0131cakl\u0131\u011f\u0131 neden art\u0131yor? Bu kitapla birlikte yuvam\u0131z olan<span class=\"excerpt-hellip\"> [\u2026]<\/span><\/p>\n","protected":false},"featured_media":0,"template":"","meta":{"_monsterinsights_skip_tracking":false,"_monsterinsights_sitenote_active":false,"_monsterinsights_sitenote_note":"","_monsterinsights_sitenote_category":0},"product_brand":[],"product_cat":[12274,15842],"product_tag":[],"class_list":{"0":"post-772892","1":"product","2":"type-product","3":"status-publish","5":"product_cat-cocuk-ve-genclik-kitaplari","6":"product_cat-egitici-kitaplar","7":"pa_cilt-ciltsiz","8":"pa_tur-kitap","9":"pa_yayinevi-cumhuriyet-kitaplari","10":"pa_yazar-ferhan-can","12":"first","13":"instock","14":"sale","15":"shipping-taxable","16":"purchasable","17":"product-type-simple"},"_links":{"self":[{"href":"https:\/\/roveyayinevi.com.tr\/index.php\/wp-json\/wp\/v2\/product\/772892","targetHints":{"allow":["GET"]}}],"collection":[{"href":"https:\/\/roveyayinevi.com.tr\/index.php\/wp-json\/wp\/v2\/product"}],"about":[{"href":"https:\/\/roveyayinevi.com.tr\/index.php\/wp-json\/wp\/v2\/types\/product"}],"wp:attachment":[{"href":"https:\/\/roveyayinevi.com.tr\/index.php\/wp-json\/wp\/v2\/media?parent=772892"}],"wp:term":[{"taxonomy":"product_brand","embeddable":true,"href":"https:\/\/roveyayinevi.com.tr\/index.php\/wp-json\/wp\/v2\/product_brand?post=772892"},{"taxonomy":"product_cat","embeddable":true,"href":"https:\/\/roveyayinevi.com.tr\/index.php\/wp-json\/wp\/v2\/product_cat?post=772892"},{"taxonomy":"product_tag","embeddable":true,"href":"https:\/\/roveyayinevi.com.tr\/index.php\/wp-json\/wp\/v2\/product_tag?post=772892"}],"curies":[{"name":"wp","href":"https:\/\/api.w.org\/{rel}","templated":true}]}}