{"id":772867,"date":"2025-08-28T15:55:44","date_gmt":"2025-08-28T12:55:44","guid":{"rendered":"https:\/\/roveyayinevi.com.tr\/index.php\/urun\/osmanli-imparatorlugunda-dervisler\/"},"modified":"2026-04-15T03:39:15","modified_gmt":"2026-04-15T00:39:15","slug":"osmanli-imparatorlugunda-dervisler","status":"publish","type":"product","link":"https:\/\/roveyayinevi.com.tr\/index.php\/urun\/osmanli-imparatorlugunda-dervisler\/","title":{"rendered":"Osmanl\u0131 \u0130mparatorlu\u011fu\u2019nda Dervi\u015fler"},"content":{"rendered":"<p>Osmanl\u0131 \u0130mparatorlu\u011fu\u2019nda Dervi\u015fler Osmanl\u0131\u2019n\u0131n \u00e7ok katmanl\u0131 inan\u00e7 d\u00fcnyas\u0131n\u0131 seyyahlar\u0131n, esirlerin ve d\u00f6nemin tan\u0131klar\u0131n\u0131n g\u00f6z\u00fcnden yeniden d\u00fc\u015f\u00fcnmeye davet eden bir yolculuk\u2026 Osmanl\u0131\u2019da \u0130slam anlay\u0131\u015f\u0131 \u015fer\u00ee ve \u00f6rf\u00ee hukuk yan\u0131nda tasavvuf\u00ee gelenekler ve uleman\u0131n otoritesine de dayan\u0131yordu. Dervi\u015fler ve tasavvuf\u00ee yap\u0131larsa tekkeler arac\u0131l\u0131\u011f\u0131yla toplumsal dayan\u0131\u015fmay\u0131 g\u00fc\u00e7lendiriyor, halk aras\u0131nda dindarl\u0131k pratiklerini \u015fekillendiriyor ve siyasi me\u015fruiyete katk\u0131 sa\u011fl\u0131yordu. H\u00fck\u00fcmdar k\u00fclt\u00fc, barut imparatorluklar\u0131n\u0131n ideolojileri, uleman\u0131n siyasi pozisyonlar\u0131, tekke ve medrese merkezli halk \u0130slam\u2019\u0131, seyahatnamelerdeki g\u00f6zlemler ve d\u00f6nemin tarih yaz\u0131m\u0131 gibi ba\u015fl\u0131klar \u00fczerinden ilerleyen Osmanl\u0131 \u0130mparatorlu\u011fu\u2019nda Dervi\u015fler; hem siyasi tarih hem de din-siyaset ili\u015fkilerine odaklan\u0131rken; \u015eah Abbas, Ekber \u015eah, Yavuz Sultan Selim ve Kanuni Sultan S\u00fcleyman gibi g\u00fc\u00e7l\u00fc fig\u00fcrlerin etraf\u0131nda \u015fekillenen \u0130slami iktidar temsillerini, din\u00ee me\u015fruiyetin nas\u0131l in\u015fa edildi\u011fini ve halk katmanlar\u0131nda nas\u0131l kar\u015f\u0131l\u0131k buldu\u011funu da \u00e7\u00f6z\u00fcmlemeye \u00e7al\u0131\u015f\u0131yor. Seyyahlar\u0131n ve esirlerin g\u00f6zlemleri, \u00f6zellikle seyahatnameler, Osmanl\u0131 \u0130mparatorlu\u011fu&#8217;nda halk dindarl\u0131\u011f\u0131n\u0131, tasavvufun yayg\u0131n etkisini ve medrese-tekke ekseninde ilm\u00ee kurumlar\u0131n d\u00f6n\u00fc\u015f\u00fcm\u00fcn\u00fc de yans\u0131t\u0131r. Ar\u015fiv belgelerinin devlet merkezli anlat\u0131s\u0131na alternatif olarak, d\u0131\u015far\u0131dan bakan tan\u0131klar\u0131n g\u00f6zlemleri bu \u00e7al\u0131\u015fmada merkez\u00ee bir yer tutuyor. B\u00f6ylece hem g\u00fcndelik din\u00ee ya\u015fam\u0131n hem de halk \u0130slam\u2019\u0131n\u0131n izleri, tarihsel anlat\u0131ya d\u00e2hil ediliyor. Osmanl\u0131 \u0130mparatorlu\u011fu\u2019nda Dervi\u015fler din-siyaset ili\u015fkilerine dair kapsaml\u0131 bir panorama sunarken imparatorluklar \u00e7a\u011f\u0131nda dinin \u00e7ok boyutlu rol\u00fcn\u00fc; siyasi, toplumsal ve ideolojik dinamiklerini halk, saray, ulema, sufi ve asker aras\u0131ndaki ili\u015fkiler \u00fczerinden ele al\u0131yor.<\/p>\n","protected":false},"excerpt":{"rendered":"<p>Osmanl\u0131 \u0130mparatorlu\u011fu\u2019nda Dervi\u015fler Osmanl\u0131\u2019n\u0131n \u00e7ok katmanl\u0131 inan\u00e7 d\u00fcnyas\u0131n\u0131 seyyahlar\u0131n, esirlerin ve d\u00f6nemin tan\u0131klar\u0131n\u0131n g\u00f6z\u00fcnden yeniden d\u00fc\u015f\u00fcnmeye davet eden bir yolculuk\u2026 Osmanl\u0131\u2019da \u0130slam anlay\u0131\u015f\u0131 \u015fer\u00ee ve \u00f6rf\u00ee<span class=\"excerpt-hellip\"> [\u2026]<\/span><\/p>\n","protected":false},"featured_media":0,"template":"","meta":{"_monsterinsights_skip_tracking":false,"_monsterinsights_sitenote_active":false,"_monsterinsights_sitenote_note":"","_monsterinsights_sitenote_category":0},"product_brand":[],"product_cat":[13517,12304],"product_tag":[],"class_list":{"0":"post-772867","1":"product","2":"type-product","3":"status-publish","5":"product_cat-osmanli-tarihi","6":"product_cat-tarih","7":"pa_cilt-ciltsiz","8":"pa_tur-kitap","9":"pa_yayinevi-kronik-kitap","10":"pa_yazar-olgay-soyler","12":"first","13":"instock","14":"sale","15":"shipping-taxable","16":"purchasable","17":"product-type-simple"},"_links":{"self":[{"href":"https:\/\/roveyayinevi.com.tr\/index.php\/wp-json\/wp\/v2\/product\/772867","targetHints":{"allow":["GET"]}}],"collection":[{"href":"https:\/\/roveyayinevi.com.tr\/index.php\/wp-json\/wp\/v2\/product"}],"about":[{"href":"https:\/\/roveyayinevi.com.tr\/index.php\/wp-json\/wp\/v2\/types\/product"}],"wp:attachment":[{"href":"https:\/\/roveyayinevi.com.tr\/index.php\/wp-json\/wp\/v2\/media?parent=772867"}],"wp:term":[{"taxonomy":"product_brand","embeddable":true,"href":"https:\/\/roveyayinevi.com.tr\/index.php\/wp-json\/wp\/v2\/product_brand?post=772867"},{"taxonomy":"product_cat","embeddable":true,"href":"https:\/\/roveyayinevi.com.tr\/index.php\/wp-json\/wp\/v2\/product_cat?post=772867"},{"taxonomy":"product_tag","embeddable":true,"href":"https:\/\/roveyayinevi.com.tr\/index.php\/wp-json\/wp\/v2\/product_tag?post=772867"}],"curies":[{"name":"wp","href":"https:\/\/api.w.org\/{rel}","templated":true}]}}