{"id":772825,"date":"2025-08-28T15:53:42","date_gmt":"2025-08-28T12:53:42","guid":{"rendered":"https:\/\/roveyayinevi.com.tr\/index.php\/urun\/arden-1-ciltli\/"},"modified":"2026-03-25T21:02:16","modified_gmt":"2026-03-25T18:02:16","slug":"arden-1-ciltli","status":"publish","type":"product","link":"https:\/\/roveyayinevi.com.tr\/index.php\/urun\/arden-1-ciltli\/","title":{"rendered":"Arden 1 (Ciltli)"},"content":{"rendered":"<p>Do\u011fu Avrupa\u2019n\u0131n yeralt\u0131 d\u00fcnyas\u0131nda ya\u015fanan hareketlilikler esnas\u0131nda Romanya\u2019n\u0131n \u00fcnl\u00fc iki ailesi aras\u0131ndaki gerilim zirveye \u00e7\u0131km\u0131\u015ft\u0131r. Karnovic ailesi ve Valestri ailesi\u2026 Karnoviclerin gen\u00e7 lideri Drogo, bir suikast giri\u015fiminden, o s\u0131rada ayn\u0131 mek\u00e2nda bulunan Edna isimli gen\u00e7 bir kad\u0131n sayesinde \u015fans eseri kurtulur. Bir resim sergisi a\u00e7mak i\u00e7in \u00fclkeye gelen gen\u00e7 kad\u0131n, bu olay\u0131n ard\u0131ndan Drogo\u2019nun g\u00fcvenini kazan\u0131p Karnovic ailesinin malik\u00e2nesinde ya\u015famaya ba\u015flar. Drogo\u2019nun tahsis etti\u011fi resim at\u00f6lyesinde \u00e7izimlerine devam ederken birinin radar\u0131na yakalan\u0131r: Drogo\u2019nun en yak\u0131n arkada\u015f\u0131 ve sa\u011fkolu olan Jan. Jan, kad\u0131n\u0131n yaln\u0131zca resim yapmaya gelmedi\u011fini k\u0131sa s\u00fcrede fark eder. \u00c7\u00fcnk\u00fc kad\u0131n\u0131n sessiz duru\u015funda bir tehdit, bak\u0131\u015flar\u0131nda anlat\u0131lamayan bir ge\u00e7mi\u015f gizlidir. Birbirini yok etmeye kararl\u0131 iki ailenin m\u00fccadelesi devam ederken, onlar hakk\u0131ndaki s\u0131rlar\u0131n de\u015fifre edilmesi i\u00e7in istihbarat te\u015fkilatlar\u0131 da kendi m\u00fccadelelerini gizlilikle s\u00fcrd\u00fcrmektedir. \u00c7ok satan T\u00fcnelden \u00d6nceki Beyaz Ev serisinin evreninde, ge\u00e7mi\u015f ile gelecek aras\u0131ndaki k\u00f6pr\u00fc Arden\u2019in yeni maceralar\u0131yla kuruluyor\u2026<\/p>\n","protected":false},"excerpt":{"rendered":"<p>Do\u011fu Avrupa\u2019n\u0131n yeralt\u0131 d\u00fcnyas\u0131nda ya\u015fanan hareketlilikler esnas\u0131nda Romanya\u2019n\u0131n \u00fcnl\u00fc iki ailesi aras\u0131ndaki gerilim zirveye \u00e7\u0131km\u0131\u015ft\u0131r. Karnovic ailesi ve Valestri ailesi\u2026 Karnoviclerin gen\u00e7 lideri Drogo, bir suikast<span class=\"excerpt-hellip\"> [\u2026]<\/span><\/p>\n","protected":false},"featured_media":0,"template":"","meta":{"_monsterinsights_skip_tracking":false,"_monsterinsights_sitenote_active":false,"_monsterinsights_sitenote_note":"","_monsterinsights_sitenote_category":0},"product_brand":[],"product_cat":[12291,17033],"product_tag":[],"class_list":{"0":"post-772825","1":"product","2":"type-product","3":"status-publish","5":"product_cat-edebiyat","6":"product_cat-korku-gerilim","7":"pa_cilt-ciltli","8":"pa_tur-kitap","9":"pa_yayinevi-artemis-yayinlari","10":"pa_yazar-isil-isik","12":"first","13":"instock","14":"sale","15":"shipping-taxable","16":"purchasable","17":"product-type-simple"},"_links":{"self":[{"href":"https:\/\/roveyayinevi.com.tr\/index.php\/wp-json\/wp\/v2\/product\/772825","targetHints":{"allow":["GET"]}}],"collection":[{"href":"https:\/\/roveyayinevi.com.tr\/index.php\/wp-json\/wp\/v2\/product"}],"about":[{"href":"https:\/\/roveyayinevi.com.tr\/index.php\/wp-json\/wp\/v2\/types\/product"}],"wp:attachment":[{"href":"https:\/\/roveyayinevi.com.tr\/index.php\/wp-json\/wp\/v2\/media?parent=772825"}],"wp:term":[{"taxonomy":"product_brand","embeddable":true,"href":"https:\/\/roveyayinevi.com.tr\/index.php\/wp-json\/wp\/v2\/product_brand?post=772825"},{"taxonomy":"product_cat","embeddable":true,"href":"https:\/\/roveyayinevi.com.tr\/index.php\/wp-json\/wp\/v2\/product_cat?post=772825"},{"taxonomy":"product_tag","embeddable":true,"href":"https:\/\/roveyayinevi.com.tr\/index.php\/wp-json\/wp\/v2\/product_tag?post=772825"}],"curies":[{"name":"wp","href":"https:\/\/api.w.org\/{rel}","templated":true}]}}