{"id":772818,"date":"2025-08-28T15:53:27","date_gmt":"2025-08-28T12:53:27","guid":{"rendered":"https:\/\/roveyayinevi.com.tr\/index.php\/urun\/trabzon-sehrinin-islamlasmasi-ve-turklesmesi-1461-1583\/"},"modified":"2026-04-15T03:39:13","modified_gmt":"2026-04-15T00:39:13","slug":"trabzon-sehrinin-islamlasmasi-ve-turklesmesi-1461-1583","status":"publish","type":"product","link":"https:\/\/roveyayinevi.com.tr\/index.php\/urun\/trabzon-sehrinin-islamlasmasi-ve-turklesmesi-1461-1583\/","title":{"rendered":"Trabzon \u015eehrinin \u0130slamla\u015fmas\u0131 ve T\u00fcrkle\u015fmesi 1461-1583"},"content":{"rendered":"<p>15 A\u011fustos 1461\u2019de, F\u00e2tih Sultan Mehmed komutas\u0131ndaki Osmanl\u0131 ordusu, Trabzon\u2019u fethederek Karadeniz\u2019in do\u011fu k\u0131y\u0131s\u0131ndaki son Bizans miras\u0131n\u0131 Osmanl\u0131 topraklar\u0131na katt\u0131. Fetihle birlikte Trabzon\u2019da, sadece siyasi de\u011fil, ayn\u0131 zamanda sosyal, k\u00fclt\u00fcrel ve demografik a\u00e7\u0131dan da k\u00f6kl\u00fc bir d\u00f6n\u00fc\u015f\u00fcm ba\u015flad\u0131. Komnenoslar\u0131n ba\u015f\u015fehri Trabzon, Osmanl\u0131 idaresine girdikten sonra h\u0131zla bir T\u00fcrk-\u0130sl\u00e2m \u015fehri g\u00f6r\u00fcn\u00fcm\u00fcn\u00fc alacakt\u0131. Osmanl\u0131 sosyal tarih\u00e7ili\u011finin d\u00fcnya \u00e7ap\u0131nda \u00f6nde gelen isimlerinden Heath W. Lowry, bu kitapta Trabzon\u2019un 15. ve 16. y\u00fczy\u0131llar aras\u0131ndaki demografik d\u00f6n\u00fc\u015f\u00fcm\u00fcn\u00fc d\u00f6rt tahrir defteri \u00fczerinden inceliyor. 1486, 1523, 1553 ve 1583 tarihli defterler arac\u0131l\u0131\u011f\u0131yla, fetih \u00f6ncesinde neredeyse tamamen H\u0131ristiyan ve Rum olan kentin, bir as\u0131rl\u0131k s\u00fcre\u00e7te s\u00fcrg\u00fcn ve isk\u00e2n politikalar\u0131, d\u00f6nemin sava\u015flar\u0131 ve gerginliklerinin aras\u0131nda nas\u0131l \u00e7o\u011funlu\u011fu T\u00fcrk\u00e7e konu\u015fan M\u00fcsl\u00fcman bir n\u00fcfusa sahip h\u00e2le geldi\u011fini ad\u0131m ad\u0131m takip ediyor. Heath W. Lowry\u2019nin elinizdeki \u00e7al\u0131\u015fmas\u0131, Osmanl\u0131 ta\u015fras\u0131nda kimlik in\u015fas\u0131n\u0131 ve sosyal yap\u0131y\u0131 anlamak isteyenler i\u00e7in ufuk a\u00e7\u0131c\u0131 bir kaynak.<\/p>\n","protected":false},"excerpt":{"rendered":"<p>15 A\u011fustos 1461\u2019de, F\u00e2tih Sultan Mehmed komutas\u0131ndaki Osmanl\u0131 ordusu, Trabzon\u2019u fethederek Karadeniz\u2019in do\u011fu k\u0131y\u0131s\u0131ndaki son Bizans miras\u0131n\u0131 Osmanl\u0131 topraklar\u0131na katt\u0131. Fetihle birlikte Trabzon\u2019da, sadece siyasi de\u011fil,<span class=\"excerpt-hellip\"> [\u2026]<\/span><\/p>\n","protected":false},"featured_media":0,"template":"","meta":{"_monsterinsights_skip_tracking":false,"_monsterinsights_sitenote_active":false,"_monsterinsights_sitenote_note":"","_monsterinsights_sitenote_category":0},"product_brand":[],"product_cat":[12304,13650],"product_tag":[],"class_list":{"0":"post-772818","1":"product","2":"type-product","3":"status-publish","5":"product_cat-tarih","6":"product_cat-turk-tarihi-arastirmalari","7":"pa_cilt-ciltsiz","8":"pa_tur-kitap","9":"pa_yayinevi-ketebe-yayinlari","10":"pa_yazar-heath-w-lowry","12":"first","13":"instock","14":"sale","15":"shipping-taxable","16":"purchasable","17":"product-type-simple"},"_links":{"self":[{"href":"https:\/\/roveyayinevi.com.tr\/index.php\/wp-json\/wp\/v2\/product\/772818","targetHints":{"allow":["GET"]}}],"collection":[{"href":"https:\/\/roveyayinevi.com.tr\/index.php\/wp-json\/wp\/v2\/product"}],"about":[{"href":"https:\/\/roveyayinevi.com.tr\/index.php\/wp-json\/wp\/v2\/types\/product"}],"wp:attachment":[{"href":"https:\/\/roveyayinevi.com.tr\/index.php\/wp-json\/wp\/v2\/media?parent=772818"}],"wp:term":[{"taxonomy":"product_brand","embeddable":true,"href":"https:\/\/roveyayinevi.com.tr\/index.php\/wp-json\/wp\/v2\/product_brand?post=772818"},{"taxonomy":"product_cat","embeddable":true,"href":"https:\/\/roveyayinevi.com.tr\/index.php\/wp-json\/wp\/v2\/product_cat?post=772818"},{"taxonomy":"product_tag","embeddable":true,"href":"https:\/\/roveyayinevi.com.tr\/index.php\/wp-json\/wp\/v2\/product_tag?post=772818"}],"curies":[{"name":"wp","href":"https:\/\/api.w.org\/{rel}","templated":true}]}}