{"id":772781,"date":"2025-08-28T15:52:14","date_gmt":"2025-08-28T12:52:14","guid":{"rendered":"https:\/\/roveyayinevi.com.tr\/index.php\/urun\/sintrofoi\/"},"modified":"2026-04-15T03:38:56","modified_gmt":"2026-04-15T00:38:56","slug":"sintrofoi","status":"publish","type":"product","link":"https:\/\/roveyayinevi.com.tr\/index.php\/urun\/sintrofoi\/","title":{"rendered":"Sintrofoi"},"content":{"rendered":"<p>Elinizde tuttu\u011funuz kitap, Yunanistan&#8217;da sosyalist ak\u0131m\u0131n filizleni\u015fiyle b\u00fcy\u00fcmesini modern Yunanistan devletinin do\u011fu\u015fu ve geli\u015fimi \u0131\u015f\u0131\u011f\u0131nda irdeliyor. 19. y\u00fczy\u0131l ba\u015flar\u0131ndan itibaren Yunanistan&#8217;\u0131n karma\u015f\u0131k siyasi, sosyal ve ekonomik d\u00f6n\u00fc\u015f\u00fcm\u00fcn\u00fc inceleyen \u201cSintrofoi\u201d, Frans\u0131z \u0130htil\u00e2li&#8217;nin etkisiyle \u015fekillenen ba\u011f\u0131ms\u0131zl\u0131k m\u00fccadelesinden ba\u015flayarak, Osmanl\u0131 \u0130mparatorlu\u011fu&#8217;nun \u00e7\u00f6z\u00fcl\u00fc\u015f\u00fc s\u00fcrecinde ortaya \u00e7\u0131kan milliyet\u00e7ilik fikirlerle, 19. Y\u00fczy\u0131l\u0131n ikinci yar\u0131s\u0131nda Yunanistan Krall\u0131\u011f\u0131 topraklar\u0131nda ilk sosyalist ak\u0131mlar\u0131n ortaya \u00e7\u0131k\u0131\u015f\u0131n\u0131 merce\u011fi alt\u0131na al\u0131yor. Yazar, \u00f6zellikle 20. y\u00fczy\u0131l\u0131n ba\u015flar\u0131nda ya\u015fanan toplumsal de\u011fi\u015fimleri, iktisad\u00ee krizleri ve uluslararas\u0131 ili\u015fkileri de g\u00f6z \u00f6n\u00fcne alarak, Yunanistan&#8217;\u0131n i\u00e7 dinamiklerini kavramas\u0131 i\u00e7in okuyucuya genel bir \u00e7er\u00e7eve sunuyor. &#8220;Sintrofoi&#8221;, Birinci D\u00fcnya Sava\u015f\u0131&#8217;n\u0131n sonlar\u0131na do\u011fru Yunanistan&#8217;da sendikal hareketle ilk sosyalist siyas\u00ee olu\u015fumun ortaya \u00e7\u0131k\u0131\u015f\u0131n\u0131 ayr\u0131nt\u0131lar\u0131 ile inceliyor. Yunanistan&#8217;\u0131n kendine \u00f6zg\u00fc \u015fartlar\u0131nda \u015fekillenen kom\u00fcnist hareket Balkanlar \u00f6zelinde, sol ak\u0131mlar a\u00e7\u0131s\u0131ndan \u00e7ok \u00f6nemli bir &#8220;ba\u015fl\u0131\u011f\u0131&#8221; te\u015fkil edecekti. Kitapta ayr\u0131ca II. D\u00fcnya Sava\u015f\u0131 sonras\u0131 d\u00f6nemde ya\u015fanan direni\u015f hareketleri, \u0130\u00e7 Sava\u015f d\u00f6nemi ve So\u011fuk Sava\u015f ko\u015fullar\u0131nda \u00fclkenin siyas\u00ee kimli\u011finin nas\u0131l \u015fekillendi\u011fi ayr\u0131nt\u0131l\u0131 bir \u015fekilde ele al\u0131n\u0131yor. Yazar, Yunanistan Kom\u00fcnist Partisi&#8217;nin tarihsel rol\u00fcne ve Yunanistan Demokratik Ordusu&#8217;nun m\u00fccadelesine \u00f6zel bir \u00f6nem vererek, d\u00f6nemin olaylar\u0131n\u0131 \u00e7ok boyutlu bir perspektiften de\u011ferlendiriyor. Bu kapsaml\u0131 tarih \u00e7al\u0131\u015fmas\u0131, sadece Yunanistan&#8217;\u0131n de\u011fil, t\u00fcm Balkanlar&#8217;\u0131n modern tarihini anlamak isteyen okuyucular i\u00e7in bir kaynak niteli\u011finde. Detayl\u0131 ar\u015fiv ara\u015ft\u0131rmalar\u0131na dayanan kitap, d\u00f6nemin anahtar olaylar\u0131n\u0131 ve akt\u00f6rlerini \u00f6zenle belgeleyerek, okuyucuya olaylar\u0131n farkl\u0131 y\u00f6nlerini g\u00f6rme imk\u00e2n\u0131 sunuyor. <\/p>\n","protected":false},"excerpt":{"rendered":"<p>Elinizde tuttu\u011funuz kitap, Yunanistan&#8217;da sosyalist ak\u0131m\u0131n filizleni\u015fiyle b\u00fcy\u00fcmesini modern Yunanistan devletinin do\u011fu\u015fu ve geli\u015fimi \u0131\u015f\u0131\u011f\u0131nda irdeliyor. 19. y\u00fczy\u0131l ba\u015flar\u0131ndan itibaren Yunanistan&#8217;\u0131n karma\u015f\u0131k siyasi, sosyal ve ekonomik<span class=\"excerpt-hellip\"> [\u2026]<\/span><\/p>\n","protected":false},"featured_media":0,"template":"","meta":{"_monsterinsights_skip_tracking":false,"_monsterinsights_sitenote_active":false,"_monsterinsights_sitenote_note":"","_monsterinsights_sitenote_category":0},"product_brand":[],"product_cat":[48062,12337],"product_tag":[],"class_list":{"0":"post-772781","1":"product","2":"type-product","3":"status-publish","5":"product_cat-dis-politika","6":"product_cat-politika-siyaset","7":"pa_cilt-ciltsiz","8":"pa_tur-kitap","9":"pa_yayinevi-kalkedon-yayincilik","10":"pa_yazar-nikolaos-stelya","12":"first","13":"instock","14":"sale","15":"shipping-taxable","16":"purchasable","17":"product-type-simple"},"_links":{"self":[{"href":"https:\/\/roveyayinevi.com.tr\/index.php\/wp-json\/wp\/v2\/product\/772781","targetHints":{"allow":["GET"]}}],"collection":[{"href":"https:\/\/roveyayinevi.com.tr\/index.php\/wp-json\/wp\/v2\/product"}],"about":[{"href":"https:\/\/roveyayinevi.com.tr\/index.php\/wp-json\/wp\/v2\/types\/product"}],"wp:attachment":[{"href":"https:\/\/roveyayinevi.com.tr\/index.php\/wp-json\/wp\/v2\/media?parent=772781"}],"wp:term":[{"taxonomy":"product_brand","embeddable":true,"href":"https:\/\/roveyayinevi.com.tr\/index.php\/wp-json\/wp\/v2\/product_brand?post=772781"},{"taxonomy":"product_cat","embeddable":true,"href":"https:\/\/roveyayinevi.com.tr\/index.php\/wp-json\/wp\/v2\/product_cat?post=772781"},{"taxonomy":"product_tag","embeddable":true,"href":"https:\/\/roveyayinevi.com.tr\/index.php\/wp-json\/wp\/v2\/product_tag?post=772781"}],"curies":[{"name":"wp","href":"https:\/\/api.w.org\/{rel}","templated":true}]}}