{"id":772616,"date":"2025-08-28T15:46:06","date_gmt":"2025-08-28T12:46:06","guid":{"rendered":"https:\/\/roveyayinevi.com.tr\/index.php\/urun\/ismet-toto-1905-1937\/"},"modified":"2026-04-15T03:38:52","modified_gmt":"2026-04-15T00:38:52","slug":"ismet-toto-1905-1937","status":"publish","type":"product","link":"https:\/\/roveyayinevi.com.tr\/index.php\/urun\/ismet-toto-1905-1937\/","title":{"rendered":"\u0130smet Toto (1905-1937)"},"content":{"rendered":"<p>T\u00fcrkiye, 1930\u2019larda Atat\u00fcrk liderli\u011finde t\u00fcnelden \u00e7\u0131karak yakalad\u0131\u011f\u0131 ayd\u0131nlanmay\u0131, kal\u0131c\u0131 k\u0131lmak i\u00e7in \u00e7al\u0131\u015f\u0131rken Arnavutluk, kendi t\u00fcnelinde \u0131\u015f\u0131k aramakla me\u015fguld\u00fc. Yeni Arnavut\u00e7uluk fikrini savunan gen\u00e7lik lideri \u0130smet Toto, Atat\u00fcrk\u2019\u00fcn d\u00fc\u015f\u00fcnce ufkuna girdi\u011finde, ondaki muhte\u015fem komutan cesaretini, onun modern bir devlet yaratma konusundaki g\u00fc\u00e7l\u00fc iradesini ve devrimci dehas\u0131n\u0131 ke\u015ffetti. Bu eser, ya\u015fad\u0131\u011f\u0131 d\u00f6nemde Atat\u00fcrk\u2019e s\u0131n\u0131rlar\u0131m\u0131z d\u0131\u015f\u0131ndan bakmaya ve filozoflar\u0131n d\u00fcnyas\u0131na yolculuk yapmaya bir davettir. Ayn\u0131 zamanda bir tiran ve onun etraf\u0131ndaki \u00e7\u0131kar grubuyla m\u00fccadeleyi sadece yaz\u0131 ve s\u00f6ylemle de\u011fil, isyanla eyleme ge\u00e7irme cesareti g\u00f6steren ve m\u00fccadelesi u\u011fruna \u00f6l\u00fcme meydan okuyan devrimci bir Arnavut gencin d\u00fcnyas\u0131na yolculuktur. \u0130smet Toto \u00f6zelinde haz\u0131rlanan bu eserde, Osmanl\u0131 Devleti\u2019nin h\u00fck\u00fcm s\u00fcrd\u00fc\u011f\u00fc eski co\u011frafyas\u0131ndan birine Kemalizmin; ulusal ba\u011f\u0131ms\u0131zl\u0131k, modern devlet ve toplum ili\u015fkisi bak\u0131m\u0131ndan, \u00f6rneklem olu\u015fturdu\u011fu g\u00f6r\u00fclmektedir. Bu durum, Kemalizmin etkisinin, T\u00fcrkiye s\u0131n\u0131rlar\u0131n\u0131n \u00f6tesine ula\u015ft\u0131\u011f\u0131n\u0131n \u00f6nemli bir kan\u0131t\u0131d\u0131r. <\/p>\n","protected":false},"excerpt":{"rendered":"<p>T\u00fcrkiye, 1930\u2019larda Atat\u00fcrk liderli\u011finde t\u00fcnelden \u00e7\u0131karak yakalad\u0131\u011f\u0131 ayd\u0131nlanmay\u0131, kal\u0131c\u0131 k\u0131lmak i\u00e7in \u00e7al\u0131\u015f\u0131rken Arnavutluk, kendi t\u00fcnelinde \u0131\u015f\u0131k aramakla me\u015fguld\u00fc. Yeni Arnavut\u00e7uluk fikrini savunan gen\u00e7lik lideri \u0130smet Toto,<span class=\"excerpt-hellip\"> [\u2026]<\/span><\/p>\n","protected":false},"featured_media":0,"template":"","meta":{"_monsterinsights_skip_tracking":false,"_monsterinsights_sitenote_active":false,"_monsterinsights_sitenote_note":"","_monsterinsights_sitenote_category":0},"product_brand":[],"product_cat":[13946,12304],"product_tag":[],"class_list":{"0":"post-772616","1":"product","2":"type-product","3":"status-publish","5":"product_cat-biyografi-otobiyografi","6":"product_cat-tarih","7":"pa_cilt-ciltsiz","8":"pa_tur-kitap","9":"pa_yayinevi-cumhuriyet-kitaplari","10":"pa_yazar-halil-ozcan","12":"first","13":"instock","14":"sale","15":"shipping-taxable","16":"purchasable","17":"product-type-simple"},"_links":{"self":[{"href":"https:\/\/roveyayinevi.com.tr\/index.php\/wp-json\/wp\/v2\/product\/772616","targetHints":{"allow":["GET"]}}],"collection":[{"href":"https:\/\/roveyayinevi.com.tr\/index.php\/wp-json\/wp\/v2\/product"}],"about":[{"href":"https:\/\/roveyayinevi.com.tr\/index.php\/wp-json\/wp\/v2\/types\/product"}],"wp:attachment":[{"href":"https:\/\/roveyayinevi.com.tr\/index.php\/wp-json\/wp\/v2\/media?parent=772616"}],"wp:term":[{"taxonomy":"product_brand","embeddable":true,"href":"https:\/\/roveyayinevi.com.tr\/index.php\/wp-json\/wp\/v2\/product_brand?post=772616"},{"taxonomy":"product_cat","embeddable":true,"href":"https:\/\/roveyayinevi.com.tr\/index.php\/wp-json\/wp\/v2\/product_cat?post=772616"},{"taxonomy":"product_tag","embeddable":true,"href":"https:\/\/roveyayinevi.com.tr\/index.php\/wp-json\/wp\/v2\/product_tag?post=772616"}],"curies":[{"name":"wp","href":"https:\/\/api.w.org\/{rel}","templated":true}]}}