{"id":772505,"date":"2025-08-28T15:42:20","date_gmt":"2025-08-28T12:42:20","guid":{"rendered":"https:\/\/roveyayinevi.com.tr\/index.php\/urun\/cogito-117-kuculme-nasil\/"},"modified":"2026-04-15T03:38:49","modified_gmt":"2026-04-15T00:38:49","slug":"cogito-117-kuculme-nasil","status":"publish","type":"product","link":"https:\/\/roveyayinevi.com.tr\/index.php\/urun\/cogito-117-kuculme-nasil\/","title":{"rendered":"Cogito \u2013 117 \/ K\u00fc\u00e7\u00fclme, Nas\u0131l?"},"content":{"rendered":"<p>Ekolojik, toplumsal, siyasal krizlerin ortas\u0131nda, yery\u00fcz\u00fc \u00fczerinde m\u00fc\u015fterek ya\u015famda, insanlararas\u0131 ili\u015fkilerde, \u00fcretim ve t\u00fcketim bi\u00e7imlerinde radikal bir d\u00f6n\u00fc\u015f\u00fcm talep eden k\u00fc\u00e7\u00fclme d\u00fc\u015f\u00fcncesi ve hareketi, cogito\u2019nun bu say\u0131s\u0131n\u0131n ve bir sonraki say\u0131s\u0131n\u0131n oda\u011f\u0131nda.   S\u00fcrekli b\u00fcy\u00fcme ve kalk\u0131nma paradigmas\u0131n\u0131n h\u00e2kimiyetindeki mevcut sistemin daha k\u00fc\u00e7\u00fck \u00f6l\u00e7eklisini de\u011fil, ba\u015fka t\u00fcrl\u00fcs\u00fcn\u00fc talep eden k\u00fc\u00e7\u00fclme m\u00fccadelesini, b\u00fcy\u00fcme-sonras\u0131na ge\u00e7i\u015fte \u00fcretim ili\u015fkilerini, emek rejimini, s\u0131n\u0131f siyasetini, toplumsal yeniden \u00fcretimi oda\u011fa alarak tart\u0131\u015fan yaz\u0131lardan olu\u015fuyor K\u00fc\u00e7\u00fclme, Nas\u0131l? ba\u015fl\u0131kl\u0131 bu ilk dosya.   Cogito\u2019dan \u2022 K\u00fc\u00e7\u00fclme, Nas\u0131l?   Yeni Perspektifler H\u00fcseyin Deniz \u00d6zcan \u2022 Nietzschecilik Hal Foster \u2022 \u0130radenin \u00dctopyac\u0131l\u0131\u011f\u0131   Dosya: K\u00fc\u00e7\u00fclme, Nas\u0131l? Giorgos Kallis &#8211; Hug March \u2022 Umut Tahayy\u00fclleri: K\u00fc\u00e7\u00fclme \u00dctopyac\u0131l\u0131\u011f\u0131 Ceyhun G\u00fcrkan \u2022 K\u00fc\u00e7\u00fclme ve \u00d6tesi: Postkolonyal Politik \u0130ktisat ile Diyalog G\u00fcney I\u015f\u0131kara &#8211; \u00d6zg\u00fcr Narin \u2022 K\u00fc\u00e7\u00fclme ve Sosyalizm: Baz\u0131 Kritik Kesi\u015fim Noktalar\u0131 \u00dczerine Notlar Yasemin Dildar \u2022 Ekolojik Krizin E\u015fi\u011finde: Planl\u0131 K\u00fc\u00e7\u00fclme ve Sol Alternatiflerin Yeniden \u0130n\u015fas\u0131 Leigh Phillips &#8211; Jonas Elvander \u2022 S\u00f6yle\u015fi: K\u00fc\u00e7\u00fclme \u0130klim De\u011fi\u015fikli\u011fine \u00c7\u00f6z\u00fcm De\u011fil G\u00f6k\u00e7e Yeniev \u2022 S\u0131n\u0131fs\u0131z Bir \u00c7evrecili\u011fin S\u0131n\u0131rlar\u0131: K\u00fc\u00e7\u00fclme Hareketi ve T\u00fcrkiye\u2019deki \u00c7evre M\u00fccadelelerinin Aras\u0131ndaki Paralelliklere Ele\u015ftirel Bir Bak\u0131\u015f Max Koch \u2022 Yap\u0131, Eylem ve De\u011fi\u015fim: K\u00fc\u00e7\u00fclmeye Ge\u00e7i\u015fin \u00d6nko\u015fullar\u0131na Bourdieuc\u00fc Bir Bak\u0131\u015f Irina Velicu &#8211; Stefania Barca \u2022 Adil Ge\u00e7i\u015f E\u015fitsizli\u011fi Nas\u0131l Ekip Bi\u00e7iyor? Bengi Akbulut \u2022 Feminizm ve K\u00fc\u00e7\u00fclme \u0130pek \u0130lkkaracan &#8211; \u00c7i\u011fdem \u00d6zt\u00fcrk \u2022 S\u00f6yle\u015fi: Krize Kar\u015f\u0131 Mor Ekonomi   Kitap M\u00fcnevver \u00c7elik \u2022 \u00d6zg\u00fcr Zaman M\u00fccadelesine Devam! \u0130\u015ften Sonra \u00dczerine Jason Hickel &#8211; Paulina Wilk  \u2022 B\u00fcy\u00fcme Bizi \u00d6ld\u00fcr\u00fcyor: Jason Hickel ile Bir S\u00f6yle\u015fi <\/p>\n","protected":false},"excerpt":{"rendered":"<p>Ekolojik, toplumsal, siyasal krizlerin ortas\u0131nda, yery\u00fcz\u00fc \u00fczerinde m\u00fc\u015fterek ya\u015famda, insanlararas\u0131 ili\u015fkilerde, \u00fcretim ve t\u00fcketim bi\u00e7imlerinde radikal bir d\u00f6n\u00fc\u015f\u00fcm talep eden k\u00fc\u00e7\u00fclme d\u00fc\u015f\u00fcncesi ve hareketi, cogito\u2019nun bu<span class=\"excerpt-hellip\"> [\u2026]<\/span><\/p>\n","protected":false},"featured_media":0,"template":"","meta":{"_monsterinsights_skip_tracking":false,"_monsterinsights_sitenote_active":false,"_monsterinsights_sitenote_note":"","_monsterinsights_sitenote_category":0},"product_brand":[],"product_cat":[19460,13527],"product_tag":[],"class_list":{"0":"post-772505","1":"product","2":"type-product","3":"status-publish","5":"product_cat-felsefe-sureli-yayinlar","6":"product_cat-sureli-yayinlar","7":"pa_cilt-ciltsiz","8":"pa_tur-dergi","9":"pa_yayinevi-yapi-kredi-yayinlari-dergi","10":"pa_yazar-kolektif","12":"first","13":"instock","14":"sale","15":"shipping-taxable","16":"purchasable","17":"product-type-simple"},"_links":{"self":[{"href":"https:\/\/roveyayinevi.com.tr\/index.php\/wp-json\/wp\/v2\/product\/772505","targetHints":{"allow":["GET"]}}],"collection":[{"href":"https:\/\/roveyayinevi.com.tr\/index.php\/wp-json\/wp\/v2\/product"}],"about":[{"href":"https:\/\/roveyayinevi.com.tr\/index.php\/wp-json\/wp\/v2\/types\/product"}],"wp:attachment":[{"href":"https:\/\/roveyayinevi.com.tr\/index.php\/wp-json\/wp\/v2\/media?parent=772505"}],"wp:term":[{"taxonomy":"product_brand","embeddable":true,"href":"https:\/\/roveyayinevi.com.tr\/index.php\/wp-json\/wp\/v2\/product_brand?post=772505"},{"taxonomy":"product_cat","embeddable":true,"href":"https:\/\/roveyayinevi.com.tr\/index.php\/wp-json\/wp\/v2\/product_cat?post=772505"},{"taxonomy":"product_tag","embeddable":true,"href":"https:\/\/roveyayinevi.com.tr\/index.php\/wp-json\/wp\/v2\/product_tag?post=772505"}],"curies":[{"name":"wp","href":"https:\/\/api.w.org\/{rel}","templated":true}]}}