{"id":772503,"date":"2025-08-28T15:42:16","date_gmt":"2025-08-28T12:42:16","guid":{"rendered":"https:\/\/roveyayinevi.com.tr\/index.php\/urun\/nutuk-gencler-icin\/"},"modified":"2026-04-15T03:38:49","modified_gmt":"2026-04-15T00:38:49","slug":"nutuk-gencler-icin","status":"publish","type":"product","link":"https:\/\/roveyayinevi.com.tr\/index.php\/urun\/nutuk-gencler-icin\/","title":{"rendered":"Nutuk &#8211; Gen\u00e7ler \u0130\u00e7in"},"content":{"rendered":"<p>Bu kitapta Mustafa Kemal Atat\u00fcrk&#8217;\u00fcn unutulmaz eseri olan sadele\u015ftirilmi\u015f Nutuk&#8217;unu okuyacaks\u0131n\u0131z. O d\u00f6nemin gen\u00e7leri, yokluk i\u00e7inde b\u00fcy\u00fcm\u00fc\u015f, k\u0131t kanaat ge\u00e7inen ailelerin evlatlar\u0131yd\u0131. Onlar\u0131n ortak bir meselesi vard\u0131: \u00f6zg\u00fcrl\u00fck. Bu gen\u00e7ler, memlekette \u00f6zg\u00fcrce ya\u015fama arzusundayd\u0131. Ya\u015flar\u0131 ne olursa olsun, okula gidemeden, yeme\u011finden i\u00e7ece\u011finden feragat ederek \u00f6zg\u00fcr bir gelecek, \u00f6zg\u00fcr bir hayat ve hatta kendi \u00e7ocuklar\u0131n\u0131n gelece\u011fi i\u00e7in ulusal m\u00fccadeleye kat\u0131ld\u0131lar. Atat\u00fcrk, hala hayal kurmaktan \u00e7ekinen, ger\u00e7eklere s\u0131ms\u0131k\u0131 tutunan bu gen\u00e7lere yeniden hayal kurma cesareti verecek. S\u00f6z veriyorum ki bu kitap, d\u00fcnyan\u0131n neresinde okunursa okunsun, t\u00fcm gen\u00e7lere bu ulusun nas\u0131l kurtuldu\u011fu hakk\u0131nda bilgi sunacakt\u0131r. <\/p>\n","protected":false},"excerpt":{"rendered":"<p>Bu kitapta Mustafa Kemal Atat\u00fcrk&#8217;\u00fcn unutulmaz eseri olan sadele\u015ftirilmi\u015f Nutuk&#8217;unu okuyacaks\u0131n\u0131z. O d\u00f6nemin gen\u00e7leri, yokluk i\u00e7inde b\u00fcy\u00fcm\u00fc\u015f, k\u0131t kanaat ge\u00e7inen ailelerin evlatlar\u0131yd\u0131. Onlar\u0131n ortak bir meselesi<span class=\"excerpt-hellip\"> [\u2026]<\/span><\/p>\n","protected":false},"featured_media":0,"template":"","meta":{"_monsterinsights_skip_tracking":false,"_monsterinsights_sitenote_active":false,"_monsterinsights_sitenote_note":"","_monsterinsights_sitenote_category":0},"product_brand":[],"product_cat":[12530,12304],"product_tag":[],"class_list":{"0":"post-772503","1":"product","2":"type-product","3":"status-publish","5":"product_cat-mustafa-kemal-ataturk","6":"product_cat-tarih","7":"pa_cilt-ciltsiz","8":"pa_tur-kitap","9":"pa_yayinevi-defne-yayinevi","10":"pa_yazar-mustafa-kemal-ataturk","12":"first","13":"instock","14":"sale","15":"shipping-taxable","16":"purchasable","17":"product-type-simple"},"_links":{"self":[{"href":"https:\/\/roveyayinevi.com.tr\/index.php\/wp-json\/wp\/v2\/product\/772503","targetHints":{"allow":["GET"]}}],"collection":[{"href":"https:\/\/roveyayinevi.com.tr\/index.php\/wp-json\/wp\/v2\/product"}],"about":[{"href":"https:\/\/roveyayinevi.com.tr\/index.php\/wp-json\/wp\/v2\/types\/product"}],"wp:attachment":[{"href":"https:\/\/roveyayinevi.com.tr\/index.php\/wp-json\/wp\/v2\/media?parent=772503"}],"wp:term":[{"taxonomy":"product_brand","embeddable":true,"href":"https:\/\/roveyayinevi.com.tr\/index.php\/wp-json\/wp\/v2\/product_brand?post=772503"},{"taxonomy":"product_cat","embeddable":true,"href":"https:\/\/roveyayinevi.com.tr\/index.php\/wp-json\/wp\/v2\/product_cat?post=772503"},{"taxonomy":"product_tag","embeddable":true,"href":"https:\/\/roveyayinevi.com.tr\/index.php\/wp-json\/wp\/v2\/product_tag?post=772503"}],"curies":[{"name":"wp","href":"https:\/\/api.w.org\/{rel}","templated":true}]}}