{"id":772286,"date":"2025-08-28T15:34:51","date_gmt":"2025-08-28T12:34:51","guid":{"rendered":"https:\/\/roveyayinevi.com.tr\/index.php\/urun\/turkler-nasil-musluman-oldu\/"},"modified":"2026-04-15T03:38:43","modified_gmt":"2026-04-15T00:38:43","slug":"turkler-nasil-musluman-oldu","status":"publish","type":"product","link":"https:\/\/roveyayinevi.com.tr\/index.php\/urun\/turkler-nasil-musluman-oldu\/","title":{"rendered":"T\u00fcrkler Nas\u0131l M\u00fcsl\u00fcman Oldu?"},"content":{"rendered":"<p>D\u00dcNYA TAR\u0130H\u0130N\u0130N SEYR\u0130N\u0130 DE\u011e\u0130\u015eT\u0130REN B\u0130R OLAY: T\u00dcRKLER\u0130N M\u00dcSL\u00dcMAN OLMASI *** T\u00fcrkler M\u00fcsl\u00fcman olurken sadece dinlerini mi de\u011fi\u015ftirdiler? Yoksa d\u00fc\u015f\u00fcnce d\u00fcnyalar\u0131, kimlik alg\u0131lar\u0131 ve k\u00fclt\u00fcrel yap\u0131lar\u0131 da bu de\u011fi\u015fimin bir par\u00e7as\u0131 oldu mu? *** Erkan G\u00f6ksu\u2019nun bu yeni kitab\u0131, T\u00fcrklerin \u0130slamiyet\u2019le bulu\u015fmas\u0131n\u0131 yaln\u0131zca tarihsel bir olay olarak de\u011fil, ayn\u0131 zamanda b\u00fct\u00fcnc\u00fcl bir d\u00fc\u015f\u00fcnce devrimi olarak ele al\u0131yor. Din de\u011fi\u015ftirme olgusunu birey, toplum ve \u00e7evre \u00fc\u00e7geninde inceleyen eser; ruhsal y\u00f6neli\u015ften siyasi tercihlere, k\u00fclt\u00fcrel kabullerden zihniyet yap\u0131s\u0131na kadar pek \u00e7ok katman\u0131 g\u00f6z \u00f6n\u00fcne seriyor. Tarihin ak\u0131\u015f\u0131n\u0131 de\u011fi\u015ftiren bu b\u00fcy\u00fck din de\u011fi\u015ftirme olay\u0131n\u0131n, sadece k\u0131l\u0131\u00e7la ya da fetihle de\u011fil; kelimelerle, sembollerle ve sessiz kabulleni\u015flerle de \u015fekillendi\u011fini b\u00fcy\u00fck bir kalem ustal\u0131\u011f\u0131yla g\u00f6steriyor. Bozk\u0131r\u0131n sert r\u00fczg\u00e2rlar\u0131 aras\u0131nda yank\u0131lanan ilk ezan sesinden, medeniyet in\u015fas\u0131na giden yolu titizlikle izleyen eser, hem akademik bir derinlik sunuyor hem de okuyucuyu bu d\u00f6n\u00fc\u015f\u00fcm\u00fcn i\u00e7 d\u00fcnyas\u0131na \u00e7ekiyor. G\u00f6ksu, literat\u00fcrde pek rastlan\u0131lmayan psikososyal tarih inceleme y\u00f6ntemiyle in\u015fa etti\u011fi bu \u00e7al\u0131\u015fmas\u0131nda T\u00fcrklerin \u0130slamla\u015fma s\u00fcrecini ideolojik \u00f6nyarg\u0131lardan ar\u0131nd\u0131rarak insani, zihinsel ve tarih\u00ee bir ba\u011flam i\u00e7inde yeniden anlamland\u0131r\u0131yor. Her sayfas\u0131, bu devrim niteli\u011findeki d\u00f6n\u00fc\u015f\u00fcm\u00fcn nas\u0131l ger\u00e7ekle\u015fti\u011finin izini ad\u0131m ad\u0131m s\u00fcr\u00fcyor. T\u00fcrkler Nas\u0131l M\u00fcsl\u00fcman Oldu?: \u0130nan\u00e7, Kimlik ve K\u00fclt\u00fcr Aras\u0131nda Bir D\u00f6n\u00fc\u015f\u00fcm Hik\u00e2yesi, bir din de\u011fi\u015ftirme olay\u0131n\u0131n de\u011fil, bir d\u00fc\u015f\u00fcnce ikliminin nas\u0131l \u015fekillendi\u011fini merak edenler i\u00e7in ka\u00e7\u0131r\u0131lmamas\u0131 gereken bir eser. <\/p>\n","protected":false},"excerpt":{"rendered":"<p>D\u00dcNYA TAR\u0130H\u0130N\u0130N SEYR\u0130N\u0130 DE\u011e\u0130\u015eT\u0130REN B\u0130R OLAY: T\u00dcRKLER\u0130N M\u00dcSL\u00dcMAN OLMASI *** T\u00fcrkler M\u00fcsl\u00fcman olurken sadece dinlerini mi de\u011fi\u015ftirdiler? Yoksa d\u00fc\u015f\u00fcnce d\u00fcnyalar\u0131, kimlik alg\u0131lar\u0131 ve k\u00fclt\u00fcrel yap\u0131lar\u0131 da<span class=\"excerpt-hellip\"> [\u2026]<\/span><\/p>\n","protected":false},"featured_media":0,"template":"","meta":{"_monsterinsights_skip_tracking":false,"_monsterinsights_sitenote_active":false,"_monsterinsights_sitenote_note":"","_monsterinsights_sitenote_category":0},"product_brand":[],"product_cat":[12304,13650],"product_tag":[],"class_list":{"0":"post-772286","1":"product","2":"type-product","3":"status-publish","5":"product_cat-tarih","6":"product_cat-turk-tarihi-arastirmalari","7":"pa_cilt-ciltsiz","8":"pa_tur-kitap","9":"pa_yayinevi-kronik-kitap","10":"pa_yazar-erkan-goksu","12":"first","13":"instock","14":"sale","15":"shipping-taxable","16":"purchasable","17":"product-type-simple"},"_links":{"self":[{"href":"https:\/\/roveyayinevi.com.tr\/index.php\/wp-json\/wp\/v2\/product\/772286","targetHints":{"allow":["GET"]}}],"collection":[{"href":"https:\/\/roveyayinevi.com.tr\/index.php\/wp-json\/wp\/v2\/product"}],"about":[{"href":"https:\/\/roveyayinevi.com.tr\/index.php\/wp-json\/wp\/v2\/types\/product"}],"wp:attachment":[{"href":"https:\/\/roveyayinevi.com.tr\/index.php\/wp-json\/wp\/v2\/media?parent=772286"}],"wp:term":[{"taxonomy":"product_brand","embeddable":true,"href":"https:\/\/roveyayinevi.com.tr\/index.php\/wp-json\/wp\/v2\/product_brand?post=772286"},{"taxonomy":"product_cat","embeddable":true,"href":"https:\/\/roveyayinevi.com.tr\/index.php\/wp-json\/wp\/v2\/product_cat?post=772286"},{"taxonomy":"product_tag","embeddable":true,"href":"https:\/\/roveyayinevi.com.tr\/index.php\/wp-json\/wp\/v2\/product_tag?post=772286"}],"curies":[{"name":"wp","href":"https:\/\/api.w.org\/{rel}","templated":true}]}}