{"id":772281,"date":"2025-08-28T15:34:42","date_gmt":"2025-08-28T12:34:42","guid":{"rendered":"https:\/\/roveyayinevi.com.tr\/index.php\/urun\/megali-idea\/"},"modified":"2026-04-15T03:38:43","modified_gmt":"2026-04-15T00:38:43","slug":"megali-idea","status":"publish","type":"product","link":"https:\/\/roveyayinevi.com.tr\/index.php\/urun\/megali-idea\/","title":{"rendered":"Megali \u0130dea"},"content":{"rendered":"<p>1821 Mora \u0130syan\u0131\u2019ndan 1922 K\u00fc\u00e7\u00fck Asya Bozgunu\u2019na Megali \u0130dea \u2014 \u201cB\u00fcy\u00fck Fikir\u201d \u2014, modern Yunan ulusal kimli\u011finin temel ta\u015f\u0131, ayn\u0131 zamanda y\u00fcz y\u0131l\u0131 a\u015fk\u0131n bir d\u00f6neme y\u00f6n vermi\u015f tarihsel bir projeydi. 1821\u2019de Mora Yar\u0131madas\u0131\u2019nda ba\u015flayan isyanla k\u0131v\u0131lc\u0131m\u0131 at\u0131lan bu d\u00fc\u015f, Osmanl\u0131 \u0130mparatorlu\u011fu\u2019nun \u00e7\u00f6k\u00fc\u015f\u00fcyle beraber Balkanlar\u2019da, Ege\u2019de ve nihayet Anadolu\u2019nun derinliklerinde ete kemi\u011fe b\u00fcr\u00fcnd\u00fc. Ama\u00e7 sadece toprak kazan\u0131m\u0131 de\u011fil, Helenistik ge\u00e7mi\u015fin yeniden in\u015fas\u0131yd\u0131: Bizans\u2019\u0131n ba\u015fkenti Konstantinopolis\u2019in geri al\u0131nmas\u0131, \u201cHelen topraklar\u0131n\u0131n\u201d kurtar\u0131lmas\u0131 ve Do\u011fu Akdeniz\u2019e egemen bir Yunanistan\u2019\u0131n tesisi\u2026 Bu kitap, Megali \u0130dea\u2019n\u0131n 19. y\u00fczy\u0131l\u0131n ba\u015flar\u0131ndan 1922 K\u00fc\u00e7\u00fck Asya Bozgunu\u2019na dek ge\u00e7irdi\u011fi b\u00fct\u00fcn evreleri ilk kez bu kapsam ve derinlikte ele al\u0131yor. Yunan yay\u0131lmac\u0131 milliyet\u00e7ili\u011finin do\u011fu\u015fundan K\u00fc\u00e7\u00fck Asya Seferi\u2019nin felaketine, Venizelos\u2019un y\u00fckseli\u015finden Alt\u0131lar Davas\u0131\u2019na, 20. y\u00fczy\u0131l ba\u015f\u0131 emperyalist diplomasisinden Osmanl\u0131 sonras\u0131 ulus-devletlerin \u015fekilleni\u015fine kadar pek \u00e7ok ba\u015fl\u0131k, geni\u015f bir tarihsel anlat\u0131n\u0131n i\u00e7inde bir araya getiriliyor. \u00dcstelik bu anlat\u0131 yaln\u0131zca bir d\u0131\u015f g\u00f6zlem de\u011fil; Esra \u00d6zs\u00fcer, ilk kez Yunanistan\u2019daki resm\u00ee ar\u015fivlerde kapsaml\u0131 akademik \u00e7al\u0131\u015fma yaparak, \u015fimdiye dek T\u00fcrk\u00e7e literat\u00fcrde yer almam\u0131\u015f belge, rapor, propaganda materyali ve d\u00f6neme ait Yunan i\u00e7 yaz\u0131\u015fmalar\u0131n\u0131 incelemi\u015f, bu sayede hem diplomatik hem toplumsal belle\u011fe dair yeni bir pencere aralam\u0131\u015ft\u0131r. Esra \u00d6zs\u00fcer, Megali \u0130dea\u2019n\u0131n yaln\u0131zca d\u0131\u015fa d\u00f6n\u00fck bir fetih arzusu de\u011fil, ayn\u0131 zamanda bir kimlik krizi, bir ulusal travma ve i\u00e7 hesapla\u015fma oldu\u011funu g\u00f6steriyor. 1922\u2019de \u0130zmir\u2019de sona eren K\u00fc\u00e7\u00fck Asya Seferi, Yunanistan i\u00e7in yaln\u0131zca bir asker\u00ee bozgun de\u011fil; bir \u00e7a\u011f\u0131n, bir d\u00fc\u015f\u00fcn ve bir tahayy\u00fcl\u00fcn \u00e7\u00f6k\u00fc\u015f\u00fcyd\u00fc. Bu b\u00fcy\u00fck felaketin ard\u0131ndan gelen darbe, monar\u015fist\u2013venizelist \u00e7at\u0131\u015fma, Alt\u0131lar\u2019\u0131n kur\u015funa dizilmesi ve Anadolu yenilgisinin toplumsal bellekteki yank\u0131lar\u0131; \u0130zmir \u0130yonya \u00dcniversitesi, \u0130yonya Devleti ve tabii Yunanlar\u0131n kendi milletlerinin varl\u0131\u011f\u0131yla bir tuttuklar\u0131 Ayasofya konusu, eserin \u201cSon S\u00f6z\u201d b\u00f6l\u00fcm\u00fcnde etkileyici bir \u00e7\u00f6z\u00fcmlemeyle aktar\u0131l\u0131yor. MEGAL\u0130 \u0130DEA: 1821 Mora \u0130syan\u0131\u2019ndan 1922 K\u00fc\u00e7\u00fck Asya Bozgunu\u2019na, Osmanl\u0131\u2019n\u0131n son y\u00fczy\u0131l\u0131na, Yunan milliyet\u00e7ili\u011fine ve modern Do\u011fu Akdeniz tarihine ilgi duyan herkes i\u00e7in hem kaynak hem de tart\u0131\u015fma zemini sunan \u00f6zg\u00fcn bir ba\u015fucu kitab\u0131.<\/p>\n","protected":false},"excerpt":{"rendered":"<p>1821 Mora \u0130syan\u0131\u2019ndan 1922 K\u00fc\u00e7\u00fck Asya Bozgunu\u2019na Megali \u0130dea \u2014 \u201cB\u00fcy\u00fck Fikir\u201d \u2014, modern Yunan ulusal kimli\u011finin temel ta\u015f\u0131, ayn\u0131 zamanda y\u00fcz y\u0131l\u0131 a\u015fk\u0131n bir d\u00f6neme<span class=\"excerpt-hellip\"> [\u2026]<\/span><\/p>\n","protected":false},"featured_media":0,"template":"","meta":{"_monsterinsights_skip_tracking":false,"_monsterinsights_sitenote_active":false,"_monsterinsights_sitenote_note":"","_monsterinsights_sitenote_category":0},"product_brand":[],"product_cat":[12305,12304],"product_tag":[],"class_list":{"0":"post-772281","1":"product","2":"type-product","3":"status-publish","5":"product_cat-dunya-tarihi","6":"product_cat-tarih","7":"pa_cilt-ciltsiz","8":"pa_tur-kitap","9":"pa_yayinevi-kronik-kitap","10":"pa_yazar-esra-ozsuer","12":"first","13":"instock","14":"sale","15":"shipping-taxable","16":"purchasable","17":"product-type-simple"},"_links":{"self":[{"href":"https:\/\/roveyayinevi.com.tr\/index.php\/wp-json\/wp\/v2\/product\/772281","targetHints":{"allow":["GET"]}}],"collection":[{"href":"https:\/\/roveyayinevi.com.tr\/index.php\/wp-json\/wp\/v2\/product"}],"about":[{"href":"https:\/\/roveyayinevi.com.tr\/index.php\/wp-json\/wp\/v2\/types\/product"}],"wp:attachment":[{"href":"https:\/\/roveyayinevi.com.tr\/index.php\/wp-json\/wp\/v2\/media?parent=772281"}],"wp:term":[{"taxonomy":"product_brand","embeddable":true,"href":"https:\/\/roveyayinevi.com.tr\/index.php\/wp-json\/wp\/v2\/product_brand?post=772281"},{"taxonomy":"product_cat","embeddable":true,"href":"https:\/\/roveyayinevi.com.tr\/index.php\/wp-json\/wp\/v2\/product_cat?post=772281"},{"taxonomy":"product_tag","embeddable":true,"href":"https:\/\/roveyayinevi.com.tr\/index.php\/wp-json\/wp\/v2\/product_tag?post=772281"}],"curies":[{"name":"wp","href":"https:\/\/api.w.org\/{rel}","templated":true}]}}