{"id":772269,"date":"2025-08-28T15:34:20","date_gmt":"2025-08-28T12:34:20","guid":{"rendered":"https:\/\/roveyayinevi.com.tr\/index.php\/urun\/cumhuriyetin-100-yilinda-turkiyede-felsefe-2-cilt\/"},"modified":"2026-04-15T03:38:43","modified_gmt":"2026-04-15T00:38:43","slug":"cumhuriyetin-100-yilinda-turkiyede-felsefe-2-cilt","status":"publish","type":"product","link":"https:\/\/roveyayinevi.com.tr\/index.php\/urun\/cumhuriyetin-100-yilinda-turkiyede-felsefe-2-cilt\/","title":{"rendered":"Cumhuriyetin 100. Y\u0131l\u0131nda T\u00fcrkiye\u2019de Felsefe 2. Cilt"},"content":{"rendered":"<p>Elinizdeki kitap, T\u00fcrkiye Cumhuriyeti\u2019nin 100. Y\u0131l\u0131n\u0131 kutlamak i\u00e7in d\u00fczenlenen \u201cCumhuriyetin 100. Y\u0131l\u0131nda T\u00fcrkiye\u2019de Felsefe\u201d Kongresinde sunulan bildirilerin bir k\u0131sm\u0131ndan olu\u015fuyor. Bunu iki cilt daha izleyecek. Bu ciltte, y\u00fcz y\u0131l boyunca Felsefenin \u00e7e\u015fitli alanlar\u0131nda T\u00fcrkiye\u2019de yap\u0131lan \u00e7al\u0131\u015fmalar\u0131 ve ana e\u011filimleri bir b\u00fct\u00fcn olarak tan\u0131tmay\u0131 ama\u00e7layan Kongre\u2019nin sabah oturumlar\u0131nda sunulan bildirilerin bir b\u00f6l\u00fcm\u00fc yer al\u0131yor. Cumhuriyetimizin ilk y\u00fcz y\u0131l\u0131nda yap\u0131lan felsefe \u00e7al\u0131\u015fmalar\u0131 hakk\u0131nda sistematik bi\u00e7imde bilgi edinmek isteyen herkesin ilgiyle okuyabilece\u011fi bu kitab\u0131n, Cumhuriyetin 200. Y\u0131l\u0131n\u0131 kutlayacak felsefeciler ve felsefeseverler i\u00e7in de bir kaynak olu\u015fturaca\u011f\u0131n\u0131 umuyoruz. <\/p>\n","protected":false},"excerpt":{"rendered":"<p>Elinizdeki kitap, T\u00fcrkiye Cumhuriyeti\u2019nin 100. Y\u0131l\u0131n\u0131 kutlamak i\u00e7in d\u00fczenlenen \u201cCumhuriyetin 100. Y\u0131l\u0131nda T\u00fcrkiye\u2019de Felsefe\u201d Kongresinde sunulan bildirilerin bir k\u0131sm\u0131ndan olu\u015fuyor. Bunu iki cilt daha izleyecek. Bu<span class=\"excerpt-hellip\"> [\u2026]<\/span><\/p>\n","protected":false},"featured_media":0,"template":"","meta":{"_monsterinsights_skip_tracking":false,"_monsterinsights_sitenote_active":false,"_monsterinsights_sitenote_note":"","_monsterinsights_sitenote_category":0},"product_brand":[],"product_cat":[12388],"product_tag":[],"class_list":{"0":"post-772269","1":"product","2":"type-product","3":"status-publish","5":"product_cat-felsefe","6":"pa_cilt-ciltsiz","7":"pa_tur-kitap","8":"pa_yayinevi-turkiye-felsefe-kurumu","9":"pa_yazar-ioanna-kucuradi-betul-cotuksoken","11":"first","12":"instock","13":"sale","14":"shipping-taxable","15":"purchasable","16":"product-type-simple"},"_links":{"self":[{"href":"https:\/\/roveyayinevi.com.tr\/index.php\/wp-json\/wp\/v2\/product\/772269","targetHints":{"allow":["GET"]}}],"collection":[{"href":"https:\/\/roveyayinevi.com.tr\/index.php\/wp-json\/wp\/v2\/product"}],"about":[{"href":"https:\/\/roveyayinevi.com.tr\/index.php\/wp-json\/wp\/v2\/types\/product"}],"wp:attachment":[{"href":"https:\/\/roveyayinevi.com.tr\/index.php\/wp-json\/wp\/v2\/media?parent=772269"}],"wp:term":[{"taxonomy":"product_brand","embeddable":true,"href":"https:\/\/roveyayinevi.com.tr\/index.php\/wp-json\/wp\/v2\/product_brand?post=772269"},{"taxonomy":"product_cat","embeddable":true,"href":"https:\/\/roveyayinevi.com.tr\/index.php\/wp-json\/wp\/v2\/product_cat?post=772269"},{"taxonomy":"product_tag","embeddable":true,"href":"https:\/\/roveyayinevi.com.tr\/index.php\/wp-json\/wp\/v2\/product_tag?post=772269"}],"curies":[{"name":"wp","href":"https:\/\/api.w.org\/{rel}","templated":true}]}}