{"id":772237,"date":"2025-08-28T15:33:13","date_gmt":"2025-08-28T12:33:13","guid":{"rendered":"https:\/\/roveyayinevi.com.tr\/index.php\/urun\/bizi-yalan-bil\/"},"modified":"2026-04-15T03:38:42","modified_gmt":"2026-04-15T00:38:42","slug":"bizi-yalan-bil","status":"publish","type":"product","link":"https:\/\/roveyayinevi.com.tr\/index.php\/urun\/bizi-yalan-bil\/","title":{"rendered":"Bizi Yalan Bil"},"content":{"rendered":"<p>\u201c\u00d6yk\u00fc yar\u0131\u015fmas\u0131na gelen ve j\u00fcriye rumuzla ula\u015ft\u0131r\u0131lan \u00f6yk\u00fcs\u00fcn\u00fc okurken, An\u0131l\u2019\u0131n ad\u0131n\u0131 bilmiyordum. O g\u00fcnden sonra yazd\u0131\u011f\u0131 \u00f6yk\u00fcleri, s\u00f6yle\u015filerini takip ettim. \u0130lk kitab\u0131n\u0131 sevdim. D\u00fczenledi\u011fi etkinlikleri ve y\u00fcr\u00fctt\u00fc\u011f\u00fc \u00e7al\u0131\u015fmalar\u0131, edebiyat\u0131m\u0131zdaki g\u00fczel geli\u015fmeler aras\u0131nda g\u00f6rd\u00fcm. Yay\u0131na haz\u0131rlanan ikinci \u00f6yk\u00fc dosyas\u0131n\u0131 okurken de bir edebiyat tad\u0131 alman\u0131n sevincini ya\u015fad\u0131m.  Bu \u00f6yk\u00fclerinde, \u00f6ncesindeki onca \u00f6d\u00fcle ve okurdan g\u00f6rd\u00fc\u011f\u00fc onaya ra\u011fmen, \u00f6ncekinden farkl\u0131 bir dil geli\u015ftirmi\u015f An\u0131l \u00c7etinel \u00d6rselli. Deneysel denebilecek bir tarz da kullanm\u0131\u015f, ince i\u015f\u00e7ili\u011fini daha da yo\u011funla\u015ft\u0131rm\u0131\u015f. Kutluyorum.\u201d  Z\u00fclf\u00fc Livaneli\u201cYalanlar, ger\u00e7e\u011fin g\u00f6lgesinde saklanan birer pusuya d\u00f6n\u00fc\u015f\u00fcrse&#8230; An\u0131l \u00c7etinel \u00d6rselli, Bizi Yalan Bil\u2019de insan\u0131n en kadim ikilemini, \u2018yalan\u2019 ve \u2018ger\u00e7ek\u2019 aras\u0131ndaki o k\u0131r\u0131lgan \u00e7izgiyi sorguluyor. Bir klinikte bedenine \u00e7entik atarak direnen bir hem\u015fireden sokaklar\u0131n sessiz tan\u0131\u011f\u0131 Noel Baba k\u0131l\u0131\u011f\u0131ndaki bir mahk\u00fbma; lojman grisi bir kasabada ge\u00e7mi\u015fle hesapla\u015fan bir mimardan karanl\u0131k koridorlarda \u015fiirle direnen bir tutukluya kadar, her biri kendi u\u00e7urumlar\u0131na bakan karakterlerle dolu bu \u00f6yk\u00fcler, insan\u0131n i\u00e7indeki sava\u015f\u0131 ve toplumun g\u00f6r\u00fcnmez prangalar\u0131n\u0131 anlat\u0131yor. \u00d6zdemir Asaf\u2019tan N\u00e2z\u0131m Hikmet\u2019e uzanan \u015fiirsel dokunu\u015flarla bezeli bu metinler, okuru bir yandan sars\u0131yor, bir yandan da suskunlu\u011fun kutsand\u0131\u011f\u0131 d\u00fcnyalarda gezdiriyor. M\u00fccadelenin, bask\u0131n\u0131n, yaln\u0131zl\u0131\u011f\u0131n ve direni\u015fin izlerini ta\u015f\u0131yan bu hik\u00e2yeler, ger\u00e7ekli\u011fin s\u0131n\u0131rlar\u0131n\u0131 zorlayan sorular b\u0131rak\u0131yor zihne. Yazar, metinler aras\u0131l\u0131k ve disiplinler aras\u0131l\u0131k konular\u0131nda o kadar \u00e7evik ki yo\u011fun ama anla\u015f\u0131l\u0131r okuma deneyimiyle sars\u0131l\u0131yorsunuz. \u00dcslubun fark\u0131n\u0131 i\u00e7ten i\u00e7e hissederek son sat\u0131ra kadar s\u00fcr\u00fckleniyorsunuz.\u201d Hakan Akdo\u011fan\u201cG\u00fcnl\u00fck hayat\u0131n i\u00e7indeki insanlar\u0131n ya\u015fad\u0131klar\u0131n\u0131 konu ediyor An\u0131l \u00c7etinel \u00d6rselli. Bunlar\u0131 ayn\u0131 zamanda insanl\u0131\u011f\u0131n kadim meseleleri olarak ele al\u0131yor. Ku\u015faklar boyunca de\u011fi\u015fmeyen temalar\u0131, kahramanlar\u0131n\u0131n i\u00e7inde ya\u015fad\u0131klar\u0131 ko\u015fullara ve \u00e7a\u011f\u0131m\u0131z\u0131n h\u0131zl\u0131 ileti\u015fimler niteli\u011fine uygun bir dil geli\u015ftirerek i\u015fliyor. \u0130lk kitab\u0131ndaki edebiyat tavr\u0131n\u0131, Bizi Yalan Bil\u2019de dil i\u015f\u00e7ili\u011fini yo\u011funla\u015ft\u0131rarak s\u00fcrd\u00fcr\u00fcyor.\u201d Zafer K\u00f6se<\/p>\n","protected":false},"excerpt":{"rendered":"<p>\u201c\u00d6yk\u00fc yar\u0131\u015fmas\u0131na gelen ve j\u00fcriye rumuzla ula\u015ft\u0131r\u0131lan \u00f6yk\u00fcs\u00fcn\u00fc okurken, An\u0131l\u2019\u0131n ad\u0131n\u0131 bilmiyordum. O g\u00fcnden sonra yazd\u0131\u011f\u0131 \u00f6yk\u00fcleri, s\u00f6yle\u015filerini takip ettim. \u0130lk kitab\u0131n\u0131 sevdim. D\u00fczenledi\u011fi etkinlikleri ve<span class=\"excerpt-hellip\"> [\u2026]<\/span><\/p>\n","protected":false},"featured_media":0,"template":"","meta":{"_monsterinsights_skip_tracking":false,"_monsterinsights_sitenote_active":false,"_monsterinsights_sitenote_note":"","_monsterinsights_sitenote_category":0},"product_brand":[],"product_cat":[12291,18202],"product_tag":[],"class_list":{"0":"post-772237","1":"product","2":"type-product","3":"status-publish","5":"product_cat-edebiyat","6":"product_cat-hikaye","7":"pa_cilt-ciltsiz","8":"pa_tur-kitap","9":"pa_yayinevi-dusbaz-kitaplar","10":"pa_yazar-anil-cetinel-orselli","12":"first","13":"instock","14":"sale","15":"shipping-taxable","16":"purchasable","17":"product-type-simple"},"_links":{"self":[{"href":"https:\/\/roveyayinevi.com.tr\/index.php\/wp-json\/wp\/v2\/product\/772237","targetHints":{"allow":["GET"]}}],"collection":[{"href":"https:\/\/roveyayinevi.com.tr\/index.php\/wp-json\/wp\/v2\/product"}],"about":[{"href":"https:\/\/roveyayinevi.com.tr\/index.php\/wp-json\/wp\/v2\/types\/product"}],"wp:attachment":[{"href":"https:\/\/roveyayinevi.com.tr\/index.php\/wp-json\/wp\/v2\/media?parent=772237"}],"wp:term":[{"taxonomy":"product_brand","embeddable":true,"href":"https:\/\/roveyayinevi.com.tr\/index.php\/wp-json\/wp\/v2\/product_brand?post=772237"},{"taxonomy":"product_cat","embeddable":true,"href":"https:\/\/roveyayinevi.com.tr\/index.php\/wp-json\/wp\/v2\/product_cat?post=772237"},{"taxonomy":"product_tag","embeddable":true,"href":"https:\/\/roveyayinevi.com.tr\/index.php\/wp-json\/wp\/v2\/product_tag?post=772237"}],"curies":[{"name":"wp","href":"https:\/\/api.w.org\/{rel}","templated":true}]}}