{"id":772216,"date":"2025-08-28T15:32:24","date_gmt":"2025-08-28T12:32:24","guid":{"rendered":"https:\/\/roveyayinevi.com.tr\/index.php\/urun\/iletisim-sosyal-medya-ve-toplumsal-degisim\/"},"modified":"2026-04-15T03:38:42","modified_gmt":"2026-04-15T00:38:42","slug":"iletisim-sosyal-medya-ve-toplumsal-degisim","status":"publish","type":"product","link":"https:\/\/roveyayinevi.com.tr\/index.php\/urun\/iletisim-sosyal-medya-ve-toplumsal-degisim\/","title":{"rendered":"\u0130leti\u015fim Sosyal Medya ve Toplumsal De\u011fi\u015fim"},"content":{"rendered":"<p>G\u00fcn\u00fcm\u00fcz d\u00fcnyas\u0131nda ileti\u015fim teknolojilerinin h\u0131zl\u0131 d\u00f6n\u00fc\u015f\u00fcm\u00fc, bireylerin ve toplumlar\u0131n ya\u015fam\u0131n\u0131 derinden etkilemektedir. O\u011fuz Turan Yayla, bu \u00e7al\u0131\u015fmas\u0131nda ileti\u015fim ara\u00e7lar\u0131n\u0131n tarihsel geli\u015fimini ve dijitalle\u015fmeyle birlikte ya\u015fanan de\u011fi\u015fimleri ele al\u0131yor. \u0130leti\u015fimin analogdan dijitale evrilmesiyle ortaya \u00e7\u0131kan f\u0131rsatlar\u0131 ve e\u015fitsizlikleri irdelerken, sosyal medyan\u0131n toplumsal dinamiklerdeki etkilerini anlat\u0131yor.  Hem teorik yakla\u015f\u0131mlara hem de g\u00fcncel verilere dayanarak, sosyal medyan\u0131n hayatlar\u0131m\u0131zda nas\u0131l bir yer edindi\u011fini ve toplumsal d\u00f6n\u00fc\u015f\u00fcmleri nas\u0131l \u015fekillendirdi\u011fini inceliyor. Bu kitap, ileti\u015fim teknolojilerinin bug\u00fcne kadar ne y\u00f6nde ilerledi\u011fini ve gelecekte neler getirebilece\u011fini anlamak isteyenler i\u00e7in bir kaynak niteli\u011findedir. <\/p>\n","protected":false},"excerpt":{"rendered":"<p>G\u00fcn\u00fcm\u00fcz d\u00fcnyas\u0131nda ileti\u015fim teknolojilerinin h\u0131zl\u0131 d\u00f6n\u00fc\u015f\u00fcm\u00fc, bireylerin ve toplumlar\u0131n ya\u015fam\u0131n\u0131 derinden etkilemektedir. O\u011fuz Turan Yayla, bu \u00e7al\u0131\u015fmas\u0131nda ileti\u015fim ara\u00e7lar\u0131n\u0131n tarihsel geli\u015fimini ve dijitalle\u015fmeyle birlikte ya\u015fanan de\u011fi\u015fimleri<span class=\"excerpt-hellip\"> [\u2026]<\/span><\/p>\n","protected":false},"featured_media":0,"template":"","meta":{"_monsterinsights_skip_tracking":false,"_monsterinsights_sitenote_active":false,"_monsterinsights_sitenote_note":"","_monsterinsights_sitenote_category":0},"product_brand":[],"product_cat":[15983,13488],"product_tag":[],"class_list":{"0":"post-772216","1":"product","2":"type-product","3":"status-publish","5":"product_cat-iletisim-ve-medya","6":"product_cat-toplum-ve-insan","7":"pa_cilt-ciltsiz","8":"pa_tur-kitap","9":"pa_yayinevi-liberte-yayinlari","10":"pa_yazar-oguz-turan-yayla","12":"first","13":"instock","14":"sale","15":"shipping-taxable","16":"purchasable","17":"product-type-simple"},"_links":{"self":[{"href":"https:\/\/roveyayinevi.com.tr\/index.php\/wp-json\/wp\/v2\/product\/772216","targetHints":{"allow":["GET"]}}],"collection":[{"href":"https:\/\/roveyayinevi.com.tr\/index.php\/wp-json\/wp\/v2\/product"}],"about":[{"href":"https:\/\/roveyayinevi.com.tr\/index.php\/wp-json\/wp\/v2\/types\/product"}],"wp:attachment":[{"href":"https:\/\/roveyayinevi.com.tr\/index.php\/wp-json\/wp\/v2\/media?parent=772216"}],"wp:term":[{"taxonomy":"product_brand","embeddable":true,"href":"https:\/\/roveyayinevi.com.tr\/index.php\/wp-json\/wp\/v2\/product_brand?post=772216"},{"taxonomy":"product_cat","embeddable":true,"href":"https:\/\/roveyayinevi.com.tr\/index.php\/wp-json\/wp\/v2\/product_cat?post=772216"},{"taxonomy":"product_tag","embeddable":true,"href":"https:\/\/roveyayinevi.com.tr\/index.php\/wp-json\/wp\/v2\/product_tag?post=772216"}],"curies":[{"name":"wp","href":"https:\/\/api.w.org\/{rel}","templated":true}]}}