{"id":772011,"date":"2025-08-28T15:25:35","date_gmt":"2025-08-28T12:25:35","guid":{"rendered":"https:\/\/roveyayinevi.com.tr\/index.php\/urun\/dogu-cephesi-gunlugu-ve-filistin-hatiralari-vakanuvis-lutfi-efendizade-lurfi-bukulmezin-ciltli\/"},"modified":"2026-04-15T03:38:21","modified_gmt":"2026-04-15T00:38:21","slug":"dogu-cephesi-gunlugu-ve-filistin-hatiralari-vakanuvis-lutfi-efendizade-lurfi-bukulmezin-ciltli","status":"publish","type":"product","link":"https:\/\/roveyayinevi.com.tr\/index.php\/urun\/dogu-cephesi-gunlugu-ve-filistin-hatiralari-vakanuvis-lutfi-efendizade-lurfi-bukulmezin-ciltli\/","title":{"rendered":"Do\u011fu Cephesi G\u00fcnl\u00fc\u011f\u00fc ve Filistin Hat\u0131ralar\u0131 &#8211; Vak\u2019an\u00fcvis L\u00fctfi Efendizade L\u00fcrfi B\u00fck\u00fclmez\u2019in (Ciltli)"},"content":{"rendered":"<p>Hat\u0131ralar ve g\u00fcnl\u00fckler tarihin en \u00f6nemli kaynaklar\u0131ndand\u0131r. I. D\u00fcnya Sava\u015f\u0131\u2019na s\u00fcvari aste\u011fmeni olarak kat\u0131lan Vakan\u00fcvis L\u00fctfi Efendiz\u00e2de L\u00fctfi B\u00fck\u00fclmez\u2019in yeni bulunan \u2018Do\u011fu Cephesi G\u00fcnl\u00fc\u011f\u00fc ve Filistin Hat\u0131ralar\u0131\u2019 Do\u011fu ve Filistin cepheleri ve cephe gerisine dair \u00f6nemli bilgiler verir. Do\u011fu cephesi g\u00fcnl\u00fc\u011f\u00fc ordunun cephe hatt\u0131na kadarki sevkiyle ilgili \u00f6nemli bilgiler ihtiva etti\u011fi gibi, ordug\u00e2h\u0131n temizli\u011fi, firar olaylar\u0131, askerlerin motivasyonunu sa\u011flamak i\u00e7in neler yap\u0131ld\u0131\u011f\u0131, talim ve disiplin hususlar\u0131 ile yolculuk s\u0131ras\u0131nda u\u011fran\u0131lan yerlerin sosyal ve iktisad\u00ee hayat\u0131na dair k\u0131ymetli bilgiler verir. Yine yol boyunca hava durumu ve askerler \u00fczerindeki etkisi de g\u00fcnl\u00fckten takip edilebilmektedir. Eserin ikinci b\u00f6l\u00fcm\u00fc olan Filistin hat\u0131ralar\u0131 ise daha k\u0131sa olmas\u0131na ra\u011fmen Filistin cephesine dair detaylar vermesi a\u00e7\u0131s\u0131ndan \u00f6nemlidir. Prof. Dr. Erhan Afyoncu   L\u00fctfi Bey sivil hayattan kopup aniden dahil oldu\u011fu askerlik mesle\u011fini bir d\u00fcnya sava\u015f\u0131 esnas\u0131nda icra etmenin verdi\u011fi heyecan i\u00e7inde ya\u015fad\u0131\u011f\u0131 \u015fa\u015f\u0131rt\u0131c\u0131 tecr\u00fcbeleri ve sava\u015f \u015fahitli\u011fini yazd\u0131\u011f\u0131 g\u00fcnl\u00fck ve hat\u0131ratta gelecek nesillere aktarmaya \u00e7al\u0131\u015fm\u0131\u015ft\u0131r. Bir yedek subay\u0131n k\u00fc\u00e7\u00fck penceresinden etraf\u0131nda cereyan eden devasa hadise ve muharebeleri aktar\u0131rken bazen bir seyyah gibi g\u00f6rd\u00fc\u011f\u00fc yeni memleket ve insanlar\u0131 tasvir ederken \u00e7o\u011fu zaman ya\u015fanan zorluklar ve fedak\u00e2rl\u0131klar\u0131 kaleme alm\u0131\u015ft\u0131r. Elimizde mevcut hat\u0131ratlar\u0131n b\u00fcy\u00fck k\u0131sm\u0131 sava\u015ftan y\u0131llar sonra g\u00fcnl\u00fckler ve notlar zaman\u0131n ruhuna uygun d\u00f6n\u00fc\u015ft\u00fcr\u00fclerek (\u00e7o\u011fu zaman sans\u00fcrlenerek) yay\u0131nland\u0131\u011f\u0131 i\u00e7in L\u00fctfi Beyin sans\u00fcrs\u00fcz ve sava\u015f\u0131n tabiat\u0131n\u0131 daha canl\u0131 anlatan g\u00fcnl\u00fckleri bizim i\u00e7in \u00f6nemlidir. \u00d6zellikle \u0130stanbul\u2019dan Do\u011fu Cephesi\u2019ne intikalin tasviri sava\u015f\u0131n zorluklar\u0131n\u0131n sadece cephede ya\u015fanmad\u0131\u011f\u0131n\u0131 cephe gerisinde asker ve sivillerin nelere maruz kald\u0131klar\u0131n\u0131 ve asl\u0131nda Osmanl\u0131 \u0130mparatorlu\u011fu\u2019nun sava\u015f\u0131 neden kaybetti\u011fini de g\u00f6stermektedir. Prof. Dr. Mesut Uyar <\/p>\n","protected":false},"excerpt":{"rendered":"<p>Hat\u0131ralar ve g\u00fcnl\u00fckler tarihin en \u00f6nemli kaynaklar\u0131ndand\u0131r. I. D\u00fcnya Sava\u015f\u0131\u2019na s\u00fcvari aste\u011fmeni olarak kat\u0131lan Vakan\u00fcvis L\u00fctfi Efendiz\u00e2de L\u00fctfi B\u00fck\u00fclmez\u2019in yeni bulunan \u2018Do\u011fu Cephesi G\u00fcnl\u00fc\u011f\u00fc ve Filistin<span class=\"excerpt-hellip\"> [\u2026]<\/span><\/p>\n","protected":false},"featured_media":0,"template":"","meta":{"_monsterinsights_skip_tracking":false,"_monsterinsights_sitenote_active":false,"_monsterinsights_sitenote_note":"","_monsterinsights_sitenote_category":0},"product_brand":[],"product_cat":[12370,12304],"product_tag":[],"class_list":{"0":"post-772011","1":"product","2":"type-product","3":"status-publish","5":"product_cat-arastirma-inceleme","6":"product_cat-tarih","7":"pa_cilt-ciltli","8":"pa_tur-kitap","9":"pa_yayinevi-yeditepe-yayinevi","10":"pa_yazar-mumin-yildiztas-m-berke-merter","12":"first","13":"instock","14":"sale","15":"shipping-taxable","16":"purchasable","17":"product-type-simple"},"_links":{"self":[{"href":"https:\/\/roveyayinevi.com.tr\/index.php\/wp-json\/wp\/v2\/product\/772011","targetHints":{"allow":["GET"]}}],"collection":[{"href":"https:\/\/roveyayinevi.com.tr\/index.php\/wp-json\/wp\/v2\/product"}],"about":[{"href":"https:\/\/roveyayinevi.com.tr\/index.php\/wp-json\/wp\/v2\/types\/product"}],"wp:attachment":[{"href":"https:\/\/roveyayinevi.com.tr\/index.php\/wp-json\/wp\/v2\/media?parent=772011"}],"wp:term":[{"taxonomy":"product_brand","embeddable":true,"href":"https:\/\/roveyayinevi.com.tr\/index.php\/wp-json\/wp\/v2\/product_brand?post=772011"},{"taxonomy":"product_cat","embeddable":true,"href":"https:\/\/roveyayinevi.com.tr\/index.php\/wp-json\/wp\/v2\/product_cat?post=772011"},{"taxonomy":"product_tag","embeddable":true,"href":"https:\/\/roveyayinevi.com.tr\/index.php\/wp-json\/wp\/v2\/product_tag?post=772011"}],"curies":[{"name":"wp","href":"https:\/\/api.w.org\/{rel}","templated":true}]}}