{"id":771953,"date":"2025-08-28T15:23:31","date_gmt":"2025-08-28T12:23:31","guid":{"rendered":"https:\/\/roveyayinevi.com.tr\/index.php\/urun\/koca-ragip-pasa-divani\/"},"modified":"2026-04-15T03:38:19","modified_gmt":"2026-04-15T00:38:19","slug":"koca-ragip-pasa-divani","status":"publish","type":"product","link":"https:\/\/roveyayinevi.com.tr\/index.php\/urun\/koca-ragip-pasa-divani\/","title":{"rendered":"Koca Rag\u0131p Pa\u015fa Divan\u0131"},"content":{"rendered":"<p>Koca Rag\u0131p Pa\u015fa. Devlet adam\u0131, \u015fair, diplomat, tarih\u00e7i, m\u00fctercim, d\u00fc\u015f\u00fcn\u00fcr\u2026 Osmanl\u0131\u2019n\u0131n son d\u00f6neminde yeti\u015fmi\u015f ve arkas\u0131nda derin izler b\u0131rakm\u0131\u015f \u015fahsiyetlerden birisi. \u2018Osmanl\u0131 Devleti\u2019nin duraklamadan \u00e7\u00f6k\u00fc\u015fe ge\u00e7ti\u011fi kritik zamanda veziriazam olmu\u015f, ak\u0131l ve mant\u0131kla \u00e7\u00f6k\u00fc\u015f\u00fc engellemeye \u00e7al\u0131\u015fm\u0131\u015ft\u0131r.\u2019 \u00c7ok y\u00f6nl\u00fc ki\u015fili\u011fi yan\u0131nda Divan\u2019\u0131na yay\u0131lan d\u00fc\u015f\u00fcnce ve duyu\u015f zenginli\u011fiyle k\u00fclt\u00fcr ve zihniyet d\u00fcnyam\u0131z\u0131n hala s\u00f6nmeyen y\u0131ld\u0131zlar\u0131 aras\u0131nda say\u0131lmaktad\u0131r. Biz ki tab\u2018-\u0131 p\u00e2k \u00fc kalb-i p\u00fcr-saf\u00e2ya m\u00e2likiz G\u00fcy\u00e2 \u00e2y\u00eene-i \u2018\u00e2lem-n\u00fcm\u00e2ye m\u00e2likiz H\u00e2n u m\u00e2n\u0131 neyleriz bu k\u00fcnbed-i m\u00een\u00e2de biz \u2018\u00c2lem\u00fcn sult\u00e2n\u0131yuz s\u0131r\u00e7a sar\u00e2ye m\u00e2likiz Cismimiz k\u00fcll\u00ee murassa\u2018d\u0131r ser-\u00e2-ser d\u00e2\u011fla \u015eimdilik \u2018\u00e2lemde bir k\u00f6hne kab\u00e2ye m\u00e2likiz Ya\u015f\u0131m\u0131z dery\u00e2lara d\u00f6ndi devr-i r\u00fbzig\u00e2r H\u00e2liy\u00e2 m\u00e2h\u00eeleriz bahr-\u0131 bel\u00e2ye m\u00e2likiz Ser-f\u00eer\u00e2z olsak bu devr i\u00e7re \u2018aceb mi R\u00e2\u011f\u0131b Biz s\u00fcr\u00e2h\u00ee-ve\u015f bu g\u00fcn reng\u00een-ed\u00e2ye m\u00e2likiz<\/p>\n","protected":false},"excerpt":{"rendered":"<p>Koca Rag\u0131p Pa\u015fa. Devlet adam\u0131, \u015fair, diplomat, tarih\u00e7i, m\u00fctercim, d\u00fc\u015f\u00fcn\u00fcr\u2026 Osmanl\u0131\u2019n\u0131n son d\u00f6neminde yeti\u015fmi\u015f ve arkas\u0131nda derin izler b\u0131rakm\u0131\u015f \u015fahsiyetlerden birisi. \u2018Osmanl\u0131 Devleti\u2019nin duraklamadan \u00e7\u00f6k\u00fc\u015fe ge\u00e7ti\u011fi<span class=\"excerpt-hellip\"> [\u2026]<\/span><\/p>\n","protected":false},"featured_media":0,"template":"","meta":{"_monsterinsights_skip_tracking":false,"_monsterinsights_sitenote_active":false,"_monsterinsights_sitenote_note":"","_monsterinsights_sitenote_category":0},"product_brand":[],"product_cat":[14009,12291],"product_tag":[],"class_list":{"0":"post-771953","1":"product","2":"type-product","3":"status-publish","5":"product_cat-biyografi-otobiyografi-edebiyat","6":"product_cat-edebiyat","7":"pa_cilt-ciltsiz","8":"pa_tur-kitap","9":"pa_yayinevi-kapi-yayinlari","10":"pa_yazar-h-turkay-gultekin-kaysi","12":"first","13":"instock","14":"sale","15":"shipping-taxable","16":"purchasable","17":"product-type-simple"},"_links":{"self":[{"href":"https:\/\/roveyayinevi.com.tr\/index.php\/wp-json\/wp\/v2\/product\/771953","targetHints":{"allow":["GET"]}}],"collection":[{"href":"https:\/\/roveyayinevi.com.tr\/index.php\/wp-json\/wp\/v2\/product"}],"about":[{"href":"https:\/\/roveyayinevi.com.tr\/index.php\/wp-json\/wp\/v2\/types\/product"}],"wp:attachment":[{"href":"https:\/\/roveyayinevi.com.tr\/index.php\/wp-json\/wp\/v2\/media?parent=771953"}],"wp:term":[{"taxonomy":"product_brand","embeddable":true,"href":"https:\/\/roveyayinevi.com.tr\/index.php\/wp-json\/wp\/v2\/product_brand?post=771953"},{"taxonomy":"product_cat","embeddable":true,"href":"https:\/\/roveyayinevi.com.tr\/index.php\/wp-json\/wp\/v2\/product_cat?post=771953"},{"taxonomy":"product_tag","embeddable":true,"href":"https:\/\/roveyayinevi.com.tr\/index.php\/wp-json\/wp\/v2\/product_tag?post=771953"}],"curies":[{"name":"wp","href":"https:\/\/api.w.org\/{rel}","templated":true}]}}