{"id":771509,"date":"2025-08-28T15:07:47","date_gmt":"2025-08-28T12:07:47","guid":{"rendered":"https:\/\/roveyayinevi.com.tr\/index.php\/urun\/birinci-milli-birlik-komitesi-27-mayis-1960-13-kasim-1960\/"},"modified":"2026-04-15T03:37:48","modified_gmt":"2026-04-15T00:37:48","slug":"birinci-milli-birlik-komitesi-27-mayis-1960-13-kasim-1960","status":"publish","type":"product","link":"https:\/\/roveyayinevi.com.tr\/index.php\/urun\/birinci-milli-birlik-komitesi-27-mayis-1960-13-kasim-1960\/","title":{"rendered":"Birinci Milli Birlik Komitesi (27 May\u0131s 1960 &#8211; 13 Kas\u0131m 1960)"},"content":{"rendered":"<p>27 May\u0131s\u2019\u0131n resm\u00ee tarihi yaz\u0131lmad\u0131; ama yaz\u0131lmak istendi do\u011frusu. T\u0131pk\u0131 \u0130ttihat ve Terakki Cemiyeti\u2019nin kendi tarihini ve 1908\u2019in \u00f6yk\u00fcs\u00fcn\u00fc resm\u00ee olarak kaleme almak istemesi gibi. Her iki te\u015febb\u00fcs\u00fcn de ba\u015far\u0131s\u0131zl\u0131kla sonu\u00e7lanmas\u0131n\u0131n bir tesad\u00fcf olmad\u0131\u011f\u0131n\u0131 belirtmek isterim. Hay\u0131r, bu ne kaderdi ne de k\u0131smet!Prof. Dr. Cemil Ko\u00e7akBirinci Mill\u00ee Birlik Komitesi Toplant\u0131 Zab\u0131tlar\u0131 I\u015f\u0131\u011f\u0131nda 27 May\u0131s 1960 Darbesi Dosyas\u0131 Tekrar A\u00e7\u0131l\u0131yor!Yak\u0131n T\u00fcrkiye Tarihi\u2019nin en \u00f6nemli yazarlar\u0131ndan Cemil Ko\u00e7ak bu \u00e7al\u0131\u015fmas\u0131nda; 27 May\u0131s 1960 tarihinde Demokrat Parti H\u00fck\u00fbmeti\u2019ni darbeyle devirerek siyasi iktidar\u0131 ele alan ve sonradan ba\u015f\u0131na Kara Kuvvetleri Komutan\u0131 Orgeneral Cemal G\u00fcrsel\u2019in getirildi\u011fi T\u00fcrk Silahl\u0131 Kuvvetlerine mensup otuz sekiz ki\u015filik asker\u00ee cuntan\u0131n yani Milli Birlik Komitesi\u2019nin faaliyetlerini bir belgesel filmini aratmayacak \u00fcslupla yazd\u0131.27 May\u0131s 1960 Darbesi pek \u00e7ok Demokrat a\u00e7\u0131s\u0131ndan b\u00fcy\u00fck \u00f6l\u00e7\u00fcde idamlarla b\u00fct\u00fcnle\u015fmi\u015f ve \u00f6zde\u015fle\u015fmi\u015ftir. Ama 27 May\u0131s, sadece Yass\u0131ada\u2019dan ve idamlardan ibaret say\u0131lamaz. 27 May\u0131s\u2019\u0131n \u00f6yk\u00fcs\u00fcn\u00fcn yol haritas\u0131n\u0131n \u00e7\u0131kar\u0131lmad\u0131\u011f\u0131n\u0131 s\u00f6ylemek haks\u0131zl\u0131k olacakt\u0131r; ancak bu haritan\u0131n hayli eksik kald\u0131\u011f\u0131n\u0131 da unutmamal\u0131y\u0131z. \u00d6zellikle 27 May\u0131s sonras\u0131n\u0131n siyasal iklimiyle 27 May\u0131s\u2019\u0131n ve 27 May\u0131s\u00e7\u0131lar\u0131n zihin d\u00fcnyalar\u0131 ve siyasal felsefeleri \u00fczerinde yeterince durulmad\u0131\u011f\u0131 \u00e2\u015fikar&#8230; Cemil Ko\u00e7ak\u2019\u0131n bu \u00e7al\u0131\u015fmas\u0131 27 May\u0131s \u00fczerine yapt\u0131\u011f\u0131 ve yapaca\u011f\u0131 ara\u015ft\u0131rmalarda bu eksikli\u011fi gidermeyi ama\u00e7l\u0131yor.Mill\u00ee Birlik Komitesi (MBK) Genel Kurul Toplant\u0131 Zab\u0131tlar\u0131n\u0131n \u00e7ok uzun y\u0131llardan beri ara\u015ft\u0131rmac\u0131lara a\u00e7\u0131k olmas\u0131na kar\u015f\u0131l\u0131k, bu tutanaklar\u0131n \u015fimdiye kadar 27 May\u0131s ve MBK \u00fczerine yaz\u0131lan hi\u00e7bir kitapta yer almam\u0131\u015f olmas\u0131 \u015fa\u015fk\u0131nl\u0131k vericidir. Oysa bu tutanaklar; 27 May\u0131s d\u00f6neminin siyasal atmosferini yans\u0131tmakta; 27 May\u0131s\u00e7\u0131lar\u0131n d\u00fcnya g\u00f6r\u00fc\u015f\u00fcn\u00fc ve anlay\u0131\u015f\u0131n\u0131 ortaya \u00e7\u0131karmakta; bu d\u00f6nemdeki kararlar\u0131n dayand\u0131\u011f\u0131 siyasal felsefeyi anlamay\u0131 kolayla\u015ft\u0131rmakta; 27 May\u0131s\u00e7\u0131lar aras\u0131ndaki anla\u015fmazl\u0131klar\u0131 ve bu anla\u015fmazl\u0131klar\u0131n nedenlerini belirlemek i\u00e7in yol g\u00f6sterici olmakta ve nihayet bir d\u00f6nemin ayr\u0131nt\u0131l\u0131 bir \u015fekilde g\u00f6zler \u00f6n\u00fcne serilmesinin yolunu a\u00e7maktad\u0131r.Neredeyse altm\u0131\u015f be\u015f y\u0131l sonra bug\u00fcnden geriye bak\u0131ld\u0131\u011f\u0131nda; ortaya \u00e7\u0131kan manzaran\u0131n sadece ge\u00e7mi\u015fe ait bir foto\u011fraf karesinden ibaret oldu\u011funu d\u00fc\u015f\u00fcnmek de yan\u0131lt\u0131c\u0131 olur. Aksine, 27 May\u0131s yak\u0131n d\u00f6nem siyasi tarihimizin \u00f6nemli bir k\u0131r\u0131lma noktas\u0131 olarak tekrar be-tekrar ele al\u0131nmay\u0131 hak etmektedir.<\/p>\n","protected":false},"excerpt":{"rendered":"<p>27 May\u0131s\u2019\u0131n resm\u00ee tarihi yaz\u0131lmad\u0131; ama yaz\u0131lmak istendi do\u011frusu. T\u0131pk\u0131 \u0130ttihat ve Terakki Cemiyeti\u2019nin kendi tarihini ve 1908\u2019in \u00f6yk\u00fcs\u00fcn\u00fc resm\u00ee olarak kaleme almak istemesi gibi. Her<span class=\"excerpt-hellip\"> [\u2026]<\/span><\/p>\n","protected":false},"featured_media":0,"template":"","meta":{"_monsterinsights_skip_tracking":false,"_monsterinsights_sitenote_active":false,"_monsterinsights_sitenote_note":"","_monsterinsights_sitenote_category":0},"product_brand":[],"product_cat":[12370,12304],"product_tag":[],"class_list":{"0":"post-771509","1":"product","2":"type-product","3":"status-publish","5":"product_cat-arastirma-inceleme","6":"product_cat-tarih","7":"pa_cilt-ciltsiz","8":"pa_tur-kitap","9":"pa_yayinevi-timas-yayinlari","10":"pa_yazar-cemil-kocak","12":"first","13":"instock","14":"sale","15":"shipping-taxable","16":"purchasable","17":"product-type-simple"},"_links":{"self":[{"href":"https:\/\/roveyayinevi.com.tr\/index.php\/wp-json\/wp\/v2\/product\/771509","targetHints":{"allow":["GET"]}}],"collection":[{"href":"https:\/\/roveyayinevi.com.tr\/index.php\/wp-json\/wp\/v2\/product"}],"about":[{"href":"https:\/\/roveyayinevi.com.tr\/index.php\/wp-json\/wp\/v2\/types\/product"}],"wp:attachment":[{"href":"https:\/\/roveyayinevi.com.tr\/index.php\/wp-json\/wp\/v2\/media?parent=771509"}],"wp:term":[{"taxonomy":"product_brand","embeddable":true,"href":"https:\/\/roveyayinevi.com.tr\/index.php\/wp-json\/wp\/v2\/product_brand?post=771509"},{"taxonomy":"product_cat","embeddable":true,"href":"https:\/\/roveyayinevi.com.tr\/index.php\/wp-json\/wp\/v2\/product_cat?post=771509"},{"taxonomy":"product_tag","embeddable":true,"href":"https:\/\/roveyayinevi.com.tr\/index.php\/wp-json\/wp\/v2\/product_tag?post=771509"}],"curies":[{"name":"wp","href":"https:\/\/api.w.org\/{rel}","templated":true}]}}