{"id":771364,"date":"2025-08-28T15:02:40","date_gmt":"2025-08-28T12:02:40","guid":{"rendered":"https:\/\/roveyayinevi.com.tr\/index.php\/urun\/yeni-dinsellesme-egilimleri-ve-maneviyat-arayislari\/"},"modified":"2026-04-15T03:37:44","modified_gmt":"2026-04-15T00:37:44","slug":"yeni-dinsellesme-egilimleri-ve-maneviyat-arayislari","status":"publish","type":"product","link":"https:\/\/roveyayinevi.com.tr\/index.php\/urun\/yeni-dinsellesme-egilimleri-ve-maneviyat-arayislari\/","title":{"rendered":"Yeni Dinselle\u015fme E\u011filimleri ve Maneviyat Aray\u0131\u015flar\u0131"},"content":{"rendered":"<p>En tutucu kesimden en liberal kesime kadar din, hayat\u0131m\u0131zda \u00f6nemli bir yer tutmaktad\u0131r. Dindarl\u0131k ve hayat\u0131 dinsel unsurlara g\u00f6re \u015fekillendirmek art\u0131k yaln\u0131zca belli bir kitlenin meselesi olmaktan \u00e7\u0131km\u0131\u015ft\u0131r. Di\u011fer yandan, \u0130slam dininin temel de\u011ferleri toplum m\u00fchendisli\u011fi \u00e7er\u00e7evesinde yorumlanmakta ve dinin bireysel yan\u0131 ile toplumsal ve siyasi kar\u015f\u0131l\u0131\u011f\u0131 aras\u0131ndaki hassas ba\u011f, siyasi a\u00e7\u0131dan i\u015flevsel bir araca d\u00f6n\u00fc\u015ft\u00fcr\u00fclmektedir.Ne var ki bu tablo inanc\u0131n yaln\u0131zca dinin ve geleneksel yap\u0131n\u0131n etkisindeki halini ortaya koymaktad\u0131r. Din tart\u0131\u015fmalar\u0131n\u0131n g\u00fcndeminde tam anlam\u0131yla yer edinememi\u015f olsa da, bireylerin toplumun belirledi\u011fi \u00e7izgiden ayr\u0131larak kendi inan\u00e7 bi\u00e7imlerini yaratmalar\u0131 ve hayatlar\u0131n\u0131 bu \u015fekilde ya\u015famalar\u0131 da \u00f6nemli bir konudur.Ayn\u0131 ailedeki gen\u00e7lerle ya\u015fl\u0131lar\u0131n dine \u00e7ok farkl\u0131 \u015fekillerde yakla\u015fmalar\u0131, dinselliklerini farkl\u0131 \u015fekillerde tan\u0131mlamalar\u0131, ibadetlerini kendi yorumlar\u0131yla ger\u00e7ekle\u015ftirmeleri bu de\u011fi\u015fimin i\u015faretlerinden biridir. Farkl\u0131 dinlerin, inan\u00e7 bi\u00e7imlerinin kar\u0131\u015f\u0131m\u0131 olarak da g\u00f6r\u00fclebilecek bu yeni yakla\u015f\u0131mlar zaman zaman inan\u00e7 kavram\u0131ndan ba\u011f\u0131ms\u0131z olarak benimsenmekte ve \u015fifa bulma, ba\u015far\u0131l\u0131 olma gibi ama\u00e7lar i\u00e7in de bu yap\u0131lardan yararlan\u0131lmaktad\u0131r. \u0130nanca y\u00f6nelik bu aray\u0131\u015flar, dinselle\u015fmenin yan\u0131 s\u0131ra, sistem ele\u015ftirisi ve hakikat aray\u0131\u015f\u0131 gibi boyutlar da ta\u015f\u0131maktad\u0131r.Yeni Dinselle\u015fme E\u011filimleri ve Maneviyat Aray\u0131\u015flar\u0131 T\u00fcrkiye\u2019de sosyal antropolojinin bug\u00fcne kadar el atmad\u0131\u011f\u0131 geli\u015fmelere odaklan\u0131yor, bug\u00fcne kadar \u00fclkemizde \u00e7ok de\u011finilmemi\u015f olan bireysel aray\u0131\u015flar\u0131 inceliyor.\u201cG\u00f6zde Aynur Mirza\u2019n\u0131n duru bir T\u00fcrk\u00e7eyle kaleme ald\u0131\u011f\u0131 bu eser gelecekte bu alanda \u00e7al\u0131\u015fmak isteyen gen\u00e7 bilim insanlar\u0131 i\u00e7in \u00e7ok kapsaml\u0131 bir konu analizi ve zengin bir bibliyografya i\u00e7eren yararl\u0131 bir rehber g\u00f6revi yapacakt\u0131r. Uzun s\u00fcre \u00fczerinde durulaca\u011f\u0131n\u0131 d\u00fc\u015f\u00fcnd\u00fc\u011f\u00fcm bu konuda hen\u00fcz \u00e7ok az say\u0131da yap\u0131t var. G\u00f6zde Aynur Mirza\u2019n\u0131n \u00f6zg\u00fcn \u00e7al\u0131\u015fmas\u0131n\u0131n \u00f6zellikle gen\u00e7 ku\u015faklar i\u00e7in olduk\u00e7a zihin a\u00e7\u0131c\u0131 olaca\u011f\u0131 d\u00fc\u015f\u00fcncesindeyim.\u201d-Prof. Dr. Nermin Abadan Unat<\/p>\n","protected":false},"excerpt":{"rendered":"<p>En tutucu kesimden en liberal kesime kadar din, hayat\u0131m\u0131zda \u00f6nemli bir yer tutmaktad\u0131r. Dindarl\u0131k ve hayat\u0131 dinsel unsurlara g\u00f6re \u015fekillendirmek art\u0131k yaln\u0131zca belli bir kitlenin meselesi<span class=\"excerpt-hellip\"> [\u2026]<\/span><\/p>\n","protected":false},"featured_media":0,"template":"","meta":{"_monsterinsights_skip_tracking":false,"_monsterinsights_sitenote_active":false,"_monsterinsights_sitenote_note":"","_monsterinsights_sitenote_category":0},"product_brand":[],"product_cat":[13488],"product_tag":[],"class_list":{"0":"post-771364","1":"product","2":"type-product","3":"status-publish","5":"product_cat-toplum-ve-insan","6":"pa_cilt-ciltsiz","7":"pa_tur-kitap","8":"pa_yayinevi-bogazici-universitesi-yayinevi","9":"pa_yazar-gozde-aynur-mirza","11":"first","12":"instock","13":"sale","14":"shipping-taxable","15":"purchasable","16":"product-type-simple"},"_links":{"self":[{"href":"https:\/\/roveyayinevi.com.tr\/index.php\/wp-json\/wp\/v2\/product\/771364","targetHints":{"allow":["GET"]}}],"collection":[{"href":"https:\/\/roveyayinevi.com.tr\/index.php\/wp-json\/wp\/v2\/product"}],"about":[{"href":"https:\/\/roveyayinevi.com.tr\/index.php\/wp-json\/wp\/v2\/types\/product"}],"wp:attachment":[{"href":"https:\/\/roveyayinevi.com.tr\/index.php\/wp-json\/wp\/v2\/media?parent=771364"}],"wp:term":[{"taxonomy":"product_brand","embeddable":true,"href":"https:\/\/roveyayinevi.com.tr\/index.php\/wp-json\/wp\/v2\/product_brand?post=771364"},{"taxonomy":"product_cat","embeddable":true,"href":"https:\/\/roveyayinevi.com.tr\/index.php\/wp-json\/wp\/v2\/product_cat?post=771364"},{"taxonomy":"product_tag","embeddable":true,"href":"https:\/\/roveyayinevi.com.tr\/index.php\/wp-json\/wp\/v2\/product_tag?post=771364"}],"curies":[{"name":"wp","href":"https:\/\/api.w.org\/{rel}","templated":true}]}}