{"id":771339,"date":"2025-08-28T15:01:56","date_gmt":"2025-08-28T12:01:56","guid":{"rendered":"https:\/\/roveyayinevi.com.tr\/index.php\/urun\/turkiyede-japonya-calismalari-2\/"},"modified":"2026-04-15T03:37:43","modified_gmt":"2026-04-15T00:37:43","slug":"turkiyede-japonya-calismalari-2","status":"publish","type":"product","link":"https:\/\/roveyayinevi.com.tr\/index.php\/urun\/turkiyede-japonya-calismalari-2\/","title":{"rendered":"T\u00fcrkiye\u2019de Japonya \u00c7al\u0131\u015fmalar\u0131 2"},"content":{"rendered":"<p>&#8220;T\u00fcrkiye&#8217;de Japonya \u00c7al\u0131\u015fmalar\u0131 Konferans\u0131&#8221;, ilk olarak &#8220;2010 T\u00fcrkiye&#8217;de Japonya Y\u0131l\u0131&#8221; vesilesiyle ger\u00e7ekle\u015ftirilmi\u015f ve \u00fclke \u00e7ap\u0131nda \u00e7e\u015fitli \u00fcniversitelerde \u00e7al\u0131\u015fan gen\u00e7 ara\u015ft\u0131rmac\u0131lar\u0131n bir araya gelmesini sa\u011flam\u0131\u015ft\u0131. Bu ilk konferansta sunulan bildiriler, 2012 y\u0131l\u0131nda Bo\u011fazi\u00e7i \u00dcniversitesi Yay\u0131nevi&#8217;nin yay\u0131mlad\u0131\u011f\u0131 T\u00fcrkiye&#8217;de Japonya \u00c7al\u0131\u015fmalar\u0131 Konferans\u0131 &#8211; I adl\u0131 kitapla okura ula\u015ft\u0131r\u0131lm\u0131\u015ft\u0131.Elinizdeki eser, Japonya \u00c7al\u0131\u015fmalar\u0131 Konferans\u0131&#8217;n\u0131n 14-16 Haziran 2013 tarihleri aras\u0131nda ger\u00e7ekle\u015fen ikinci toplant\u0131s\u0131ndan sonra bir araya getirilen makalelerden olu\u015fmaktad\u0131r. T\u00fcrkiye&#8217;deki gen\u00e7 Japonya ara\u015ft\u0131rmac\u0131lar\u0131n\u0131n Japon toplumunun felsefesinden antropolojisine, dilbilim ve \u00e7eviri kar\u015f\u0131la\u015ft\u0131rmalar\u0131ndan ekonomi, uluslararas\u0131 ili\u015fkiler, edebiyat ve tarih alanlar\u0131na kadar uzanan kapsaml\u0131 incelemelerini i\u00e7eren \u00e7e\u015fitli makalelerle olgun bir d\u00fczeye eri\u015ftiklerini g\u00f6stermesi a\u00e7\u0131s\u0131ndan b\u00fcy\u00fck \u00f6nem ta\u015f\u0131maktad\u0131r. Bu kitap ayr\u0131ca, \u00fclkemizde 1980&#8217;lerde ba\u015flayan Japonya \u00e7al\u0131\u015fmalar\u0131n\u0131n art\u0131k otuz y\u0131l\u0131 a\u015fan bir d\u00f6nem i\u00e7inde \u00f6nemli bir a\u015famaya geldi\u011finin en a\u00e7\u0131k g\u00f6stergesidir.<\/p>\n","protected":false},"excerpt":{"rendered":"<p>&#8220;T\u00fcrkiye&#8217;de Japonya \u00c7al\u0131\u015fmalar\u0131 Konferans\u0131&#8221;, ilk olarak &#8220;2010 T\u00fcrkiye&#8217;de Japonya Y\u0131l\u0131&#8221; vesilesiyle ger\u00e7ekle\u015ftirilmi\u015f ve \u00fclke \u00e7ap\u0131nda \u00e7e\u015fitli \u00fcniversitelerde \u00e7al\u0131\u015fan gen\u00e7 ara\u015ft\u0131rmac\u0131lar\u0131n bir araya gelmesini sa\u011flam\u0131\u015ft\u0131. Bu ilk<span class=\"excerpt-hellip\"> [\u2026]<\/span><\/p>\n","protected":false},"featured_media":0,"template":"","meta":{"_monsterinsights_skip_tracking":false,"_monsterinsights_sitenote_active":false,"_monsterinsights_sitenote_note":"","_monsterinsights_sitenote_category":0},"product_brand":[],"product_cat":[12337,14528],"product_tag":[],"class_list":{"0":"post-771339","1":"product","2":"type-product","3":"status-publish","5":"product_cat-politika-siyaset","6":"product_cat-siyaset-tarihi","7":"pa_cilt-ciltsiz","8":"pa_tur-kitap","9":"pa_yayinevi-bogazici-universitesi-yayinevi","10":"pa_yazar-selcuk-esenbel","12":"first","13":"instock","14":"sale","15":"shipping-taxable","16":"purchasable","17":"product-type-simple"},"_links":{"self":[{"href":"https:\/\/roveyayinevi.com.tr\/index.php\/wp-json\/wp\/v2\/product\/771339","targetHints":{"allow":["GET"]}}],"collection":[{"href":"https:\/\/roveyayinevi.com.tr\/index.php\/wp-json\/wp\/v2\/product"}],"about":[{"href":"https:\/\/roveyayinevi.com.tr\/index.php\/wp-json\/wp\/v2\/types\/product"}],"wp:attachment":[{"href":"https:\/\/roveyayinevi.com.tr\/index.php\/wp-json\/wp\/v2\/media?parent=771339"}],"wp:term":[{"taxonomy":"product_brand","embeddable":true,"href":"https:\/\/roveyayinevi.com.tr\/index.php\/wp-json\/wp\/v2\/product_brand?post=771339"},{"taxonomy":"product_cat","embeddable":true,"href":"https:\/\/roveyayinevi.com.tr\/index.php\/wp-json\/wp\/v2\/product_cat?post=771339"},{"taxonomy":"product_tag","embeddable":true,"href":"https:\/\/roveyayinevi.com.tr\/index.php\/wp-json\/wp\/v2\/product_tag?post=771339"}],"curies":[{"name":"wp","href":"https:\/\/api.w.org\/{rel}","templated":true}]}}