{"id":771093,"date":"2025-08-28T14:53:44","date_gmt":"2025-08-28T11:53:44","guid":{"rendered":"https:\/\/roveyayinevi.com.tr\/index.php\/urun\/istihdam-faiz-ve-paranin-genel-teorisi\/"},"modified":"2026-04-15T03:37:36","modified_gmt":"2026-04-15T00:37:36","slug":"istihdam-faiz-ve-paranin-genel-teorisi","status":"publish","type":"product","link":"https:\/\/roveyayinevi.com.tr\/index.php\/urun\/istihdam-faiz-ve-paranin-genel-teorisi\/","title":{"rendered":"\u0130stihdam Faiz ve Paran\u0131n Genel Teorisi"},"content":{"rendered":"<p>John Maynard Keynes, 1936\u2019da yay\u0131mlanan \u0130stihdam, Faiz ve Para Genel Teorisi\u2019yle yaln\u0131zca ekonomi d\u00fcnyas\u0131n\u0131 de\u011fil, t\u00fcm toplumsal d\u00fc\u015f\u00fcnceyi derinden etkilemi\u015ftir. Keynes\u2019in teorileri, bireysel \u00f6zg\u00fcrl\u00fc\u011f\u00fc savunarak, toplumsal e\u015fitsizlikler ve y\u00fcksek i\u015fsizlik gibi sorunlar\u0131n \u00fcstesinden gelmeyi ama\u00e7lar. Cambridge\u2019deki \u00f6\u011frencilik y\u0131llar\u0131ndan itibaren \u201cserbest ticaret\u201d ve \u201cserbest d\u00fc\u015f\u00fcnce\u201dye olan tutkusunu dile getiren Keynes\u2019in bu idealleri, onu ekonomik krizlere \u00e7\u00f6z\u00fcm bulmaya \u00e7al\u0131\u015fan bir d\u00fc\u015f\u00fcn\u00fcr haline getirmi\u015ftir.   Ekonominin ve toplumun kar\u015f\u0131la\u015ft\u0131\u011f\u0131 yap\u0131sal sorunlara farkl\u0131 bir bak\u0131\u015f a\u00e7\u0131s\u0131 getiren Keynes, \u00f6zg\u00fcrl\u00fc\u011f\u00fc ve refah\u0131 yaln\u0131zca bireysel de\u011fil, toplumsal d\u00fczeyde de savunmu\u015f; bu hedefe ula\u015fman\u0131n yollar\u0131n\u0131, devlet m\u00fcdahalesi ve ekonomik planlamada g\u00f6rm\u00fc\u015ft\u00fcr. \u0130stihdam, Faiz ve Para Genel Teorisi, ekonomik d\u00fc\u015f\u00fcncenin d\u00f6n\u00fc\u015f\u00fcm\u00fcn\u00fc simgeleyen ve yirmi birinci y\u00fczy\u0131lda da ge\u00e7erlili\u011fini koruyan bir ba\u015fyap\u0131tt\u0131r.<\/p>\n","protected":false},"excerpt":{"rendered":"<p>John Maynard Keynes, 1936\u2019da yay\u0131mlanan \u0130stihdam, Faiz ve Para Genel Teorisi\u2019yle yaln\u0131zca ekonomi d\u00fcnyas\u0131n\u0131 de\u011fil, t\u00fcm toplumsal d\u00fc\u015f\u00fcnceyi derinden etkilemi\u015ftir. Keynes\u2019in teorileri, bireysel \u00f6zg\u00fcrl\u00fc\u011f\u00fc savunarak, toplumsal<span class=\"excerpt-hellip\"> [\u2026]<\/span><\/p>\n","protected":false},"featured_media":0,"template":"","meta":{"_monsterinsights_skip_tracking":false,"_monsterinsights_sitenote_active":false,"_monsterinsights_sitenote_note":"","_monsterinsights_sitenote_category":0},"product_brand":[],"product_cat":[13043,17647],"product_tag":[],"class_list":{"0":"post-771093","1":"product","2":"type-product","3":"status-publish","5":"product_cat-ekonomi","6":"product_cat-is-dunyasi","7":"pa_cilt-ciltsiz","8":"pa_tur-kitap","9":"pa_yayinevi-efil-yayinevi","10":"pa_yazar-john-maynard-keynes","12":"first","13":"instock","14":"sale","15":"shipping-taxable","16":"purchasable","17":"product-type-simple"},"_links":{"self":[{"href":"https:\/\/roveyayinevi.com.tr\/index.php\/wp-json\/wp\/v2\/product\/771093","targetHints":{"allow":["GET"]}}],"collection":[{"href":"https:\/\/roveyayinevi.com.tr\/index.php\/wp-json\/wp\/v2\/product"}],"about":[{"href":"https:\/\/roveyayinevi.com.tr\/index.php\/wp-json\/wp\/v2\/types\/product"}],"wp:attachment":[{"href":"https:\/\/roveyayinevi.com.tr\/index.php\/wp-json\/wp\/v2\/media?parent=771093"}],"wp:term":[{"taxonomy":"product_brand","embeddable":true,"href":"https:\/\/roveyayinevi.com.tr\/index.php\/wp-json\/wp\/v2\/product_brand?post=771093"},{"taxonomy":"product_cat","embeddable":true,"href":"https:\/\/roveyayinevi.com.tr\/index.php\/wp-json\/wp\/v2\/product_cat?post=771093"},{"taxonomy":"product_tag","embeddable":true,"href":"https:\/\/roveyayinevi.com.tr\/index.php\/wp-json\/wp\/v2\/product_tag?post=771093"}],"curies":[{"name":"wp","href":"https:\/\/api.w.org\/{rel}","templated":true}]}}