{"id":771092,"date":"2025-08-28T14:53:43","date_gmt":"2025-08-28T11:53:43","guid":{"rendered":"https:\/\/roveyayinevi.com.tr\/index.php\/urun\/fatih-sultan-mehmed-3\/"},"modified":"2026-04-15T03:37:36","modified_gmt":"2026-04-15T00:37:36","slug":"fatih-sultan-mehmed-3","status":"publish","type":"product","link":"https:\/\/roveyayinevi.com.tr\/index.php\/urun\/fatih-sultan-mehmed-3\/","title":{"rendered":"Fatih Sultan Mehmed"},"content":{"rendered":"<p>YA\u015eAMININ T\u00dcM Y\u00d6NLER\u0130YLE F\u00c2T\u0130H SULTAN MEHMED \u201cF\u00e2tih, Avrupa\u2019dan Karadeniz\u2019e kadar \u00f6mr\u00fc sefer-i h\u00fcm\u00e2yunda ge\u00e7en bir h\u00fck\u00fcmdard\u0131. Devrin yazarlar\u0131 onu B\u00fcy\u00fck \u0130skender, Hannibal ve Caesar\u2019la kar\u015f\u0131la\u015ft\u0131r\u0131yordu. Ayn\u0131 zamanda, \u00fclkesine \u0130talya\u2019dan ressamlar getirecek kadar sanatla da ilgiliydi. Arap\u00e7a, Fars\u00e7a, \u0130talyanca ve Yunanca biliyordu. \u0130mparatorlu\u011funu ve \u00e7evresindeki d\u00fcnyay\u0131 tarihiyle ve co\u011frafyas\u0131yla tan\u0131mak istiyordu. F\u00e2tih Sultan Mehmed\u2019i tek bir c\u00fcmleyle ifade etmek gerekirse: Do\u011fu\u2019nun ve Bat\u0131\u2019n\u0131n efendisiydi.\u201d <\/p>\n","protected":false},"excerpt":{"rendered":"<p>YA\u015eAMININ T\u00dcM Y\u00d6NLER\u0130YLE F\u00c2T\u0130H SULTAN MEHMED \u201cF\u00e2tih, Avrupa\u2019dan Karadeniz\u2019e kadar \u00f6mr\u00fc sefer-i h\u00fcm\u00e2yunda ge\u00e7en bir h\u00fck\u00fcmdard\u0131. Devrin yazarlar\u0131 onu B\u00fcy\u00fck \u0130skender, Hannibal ve Caesar\u2019la kar\u015f\u0131la\u015ft\u0131r\u0131yordu. Ayn\u0131<span class=\"excerpt-hellip\"> [\u2026]<\/span><\/p>\n","protected":false},"featured_media":0,"template":"","meta":{"_monsterinsights_skip_tracking":false,"_monsterinsights_sitenote_active":false,"_monsterinsights_sitenote_note":"","_monsterinsights_sitenote_category":0},"product_brand":[],"product_cat":[13517,12304],"product_tag":[],"class_list":{"0":"post-771092","1":"product","2":"type-product","3":"status-publish","5":"product_cat-osmanli-tarihi","6":"product_cat-tarih","7":"pa_cilt-ciltsiz","8":"pa_tur-kitap","9":"pa_yayinevi-kronik-kitap","10":"pa_yazar-ilber-ortayli","12":"first","13":"instock","14":"sale","15":"shipping-taxable","16":"purchasable","17":"product-type-simple"},"_links":{"self":[{"href":"https:\/\/roveyayinevi.com.tr\/index.php\/wp-json\/wp\/v2\/product\/771092","targetHints":{"allow":["GET"]}}],"collection":[{"href":"https:\/\/roveyayinevi.com.tr\/index.php\/wp-json\/wp\/v2\/product"}],"about":[{"href":"https:\/\/roveyayinevi.com.tr\/index.php\/wp-json\/wp\/v2\/types\/product"}],"wp:attachment":[{"href":"https:\/\/roveyayinevi.com.tr\/index.php\/wp-json\/wp\/v2\/media?parent=771092"}],"wp:term":[{"taxonomy":"product_brand","embeddable":true,"href":"https:\/\/roveyayinevi.com.tr\/index.php\/wp-json\/wp\/v2\/product_brand?post=771092"},{"taxonomy":"product_cat","embeddable":true,"href":"https:\/\/roveyayinevi.com.tr\/index.php\/wp-json\/wp\/v2\/product_cat?post=771092"},{"taxonomy":"product_tag","embeddable":true,"href":"https:\/\/roveyayinevi.com.tr\/index.php\/wp-json\/wp\/v2\/product_tag?post=771092"}],"curies":[{"name":"wp","href":"https:\/\/api.w.org\/{rel}","templated":true}]}}