{"id":770994,"date":"2025-08-28T14:49:43","date_gmt":"2025-08-28T11:49:43","guid":{"rendered":"https:\/\/roveyayinevi.com.tr\/index.php\/urun\/ilmek-i-hayat\/"},"modified":"2026-04-15T03:37:16","modified_gmt":"2026-04-15T00:37:16","slug":"ilmek-i-hayat","status":"publish","type":"product","link":"https:\/\/roveyayinevi.com.tr\/index.php\/urun\/ilmek-i-hayat\/","title":{"rendered":"\u0130lmek-i Hayat"},"content":{"rendered":"<p>1930\u2019lar\u0131n \u0130zmir\u2019inde, y\u00fcksek tavanl\u0131 salonlarda yank\u0131lanan f\u0131s\u0131lt\u0131lar, b\u00fcy\u00fck s\u0131rlar\u0131n habercisiydi. Zarif davetlerin, g\u00f6steri\u015fli sofralar\u0131n ve g\u00f6lgelerin ard\u0131na saklanm\u0131\u015f duygular\u0131n h\u00fck\u00fcm s\u00fcrd\u00fc\u011f\u00fc bu hik\u00e2yede, d\u00f6rt farkl\u0131 ruh, kaderin incecik ipleriyle birbirine dolanacakt\u0131.   Sevginin g\u00f6lgesinde b\u00fcy\u00fcm\u00fc\u015f bir \u00e7ocu\u011fun kaderle yapt\u0131\u011f\u0131 zoraki anla\u015fma, boyun e\u011fmi\u015f bir adam\u0131n hayat\u0131n\u0131 de\u011fi\u015ftiren o tek an, h\u0131rs\u0131n ve inat\u00e7\u0131l\u0131\u011f\u0131n pen\u00e7esindeki bir kalemin yazg\u0131y\u0131 nas\u0131l de\u011fi\u015ftirebilece\u011fi ve ge\u00e7mi\u015fin k\u00fcllerinden do\u011fan bir kad\u0131n\u0131n, zamana meydan okuyan sessiz sava\u015f\u0131\u2026 Her \u015feyin yerli yerinde oldu\u011fu san\u0131lan bir d\u00fcnyada, kader yeniden yaz\u0131lacak, hakikatin sert r\u00fczg\u00e2r\u0131 herkesin yolunu de\u011fi\u015ftirecekti.   Bu roman, insan\u0131n kendi yolunu \u00e7izdi\u011fini san\u0131rken, asl\u0131nda \u00e7oktan yaz\u0131lm\u0131\u015f bir hik\u00e2yenin i\u00e7inde savruldu\u011funu g\u00f6sterecek. S\u00fcheyla, Ferit, Naim ve Gaetana, hayat\u0131n onlar\u0131 s\u00fcr\u00fckledi\u011fi yolda ad\u0131m ad\u0131m d\u00f6n\u00fc\u015fecek, hi\u00e7 tan\u0131mad\u0131klar\u0131 y\u00fczleriyle kar\u015f\u0131la\u015facak ve bildikleri her \u015feyin asl\u0131nda bir yan\u0131lsamadan ibaret oldu\u011funu \u00f6\u011frenecekler.   Perde kalkt\u0131\u011f\u0131nda, kimse ba\u015flad\u0131\u011f\u0131 yerde olmayacak\u2026 <\/p>\n","protected":false},"excerpt":{"rendered":"<p>1930\u2019lar\u0131n \u0130zmir\u2019inde, y\u00fcksek tavanl\u0131 salonlarda yank\u0131lanan f\u0131s\u0131lt\u0131lar, b\u00fcy\u00fck s\u0131rlar\u0131n habercisiydi. Zarif davetlerin, g\u00f6steri\u015fli sofralar\u0131n ve g\u00f6lgelerin ard\u0131na saklanm\u0131\u015f duygular\u0131n h\u00fck\u00fcm s\u00fcrd\u00fc\u011f\u00fc bu hik\u00e2yede, d\u00f6rt farkl\u0131 ruh,<span class=\"excerpt-hellip\"> [\u2026]<\/span><\/p>\n","protected":false},"featured_media":0,"template":"","meta":{"_monsterinsights_skip_tracking":false,"_monsterinsights_sitenote_active":false,"_monsterinsights_sitenote_note":"","_monsterinsights_sitenote_category":0},"product_brand":[],"product_cat":[12291,12711],"product_tag":[],"class_list":{"0":"post-770994","1":"product","2":"type-product","3":"status-publish","5":"product_cat-edebiyat","6":"product_cat-roman-oyku","7":"pa_cilt-ciltsiz","8":"pa_tur-kitap","9":"pa_yayinevi-la-kitap-yayinlari","10":"pa_yazar-naz-degermenci","12":"first","13":"instock","14":"sale","15":"shipping-taxable","16":"purchasable","17":"product-type-simple"},"_links":{"self":[{"href":"https:\/\/roveyayinevi.com.tr\/index.php\/wp-json\/wp\/v2\/product\/770994","targetHints":{"allow":["GET"]}}],"collection":[{"href":"https:\/\/roveyayinevi.com.tr\/index.php\/wp-json\/wp\/v2\/product"}],"about":[{"href":"https:\/\/roveyayinevi.com.tr\/index.php\/wp-json\/wp\/v2\/types\/product"}],"wp:attachment":[{"href":"https:\/\/roveyayinevi.com.tr\/index.php\/wp-json\/wp\/v2\/media?parent=770994"}],"wp:term":[{"taxonomy":"product_brand","embeddable":true,"href":"https:\/\/roveyayinevi.com.tr\/index.php\/wp-json\/wp\/v2\/product_brand?post=770994"},{"taxonomy":"product_cat","embeddable":true,"href":"https:\/\/roveyayinevi.com.tr\/index.php\/wp-json\/wp\/v2\/product_cat?post=770994"},{"taxonomy":"product_tag","embeddable":true,"href":"https:\/\/roveyayinevi.com.tr\/index.php\/wp-json\/wp\/v2\/product_tag?post=770994"}],"curies":[{"name":"wp","href":"https:\/\/api.w.org\/{rel}","templated":true}]}}