{"id":770942,"date":"2025-08-28T14:48:01","date_gmt":"2025-08-28T11:48:01","guid":{"rendered":"https:\/\/roveyayinevi.com.tr\/index.php\/urun\/yurtta-baris-pasalarin-barismasi\/"},"modified":"2026-04-15T03:37:15","modified_gmt":"2026-04-15T00:37:15","slug":"yurtta-baris-pasalarin-barismasi","status":"publish","type":"product","link":"https:\/\/roveyayinevi.com.tr\/index.php\/urun\/yurtta-baris-pasalarin-barismasi\/","title":{"rendered":"Yurtta Bar\u0131\u015f &#8211; Pa\u015falar\u0131n Bar\u0131\u015fmas\u0131"},"content":{"rendered":"<p>Mustafa Kemal Atat\u00fcrk\u2019\u00fcn yan\u0131nda Milli M\u00fccadele kahramanlar\u0131 ve Cumhuriyet\u2019in kurucu kadrosu olarak bilinen Ali Fuat Cebesoy, K\u00e2z\u0131m Karabekir, Rauf Orbay, Refet Bele, Fevzi \u00c7akmak ve \u0130smet \u0130n\u00f6n\u00fc\u2019n\u00fcn aralar\u0131ndaki \u00e7at\u0131\u015fmalar ve k\u00fcsk\u00fcnl\u00fckler literat\u00fcre \u201cpa\u015falar\u0131n kavgas\u0131\u201d olarak ge\u00e7ti. Bu konu hakk\u0131nda bir\u00e7ok akademik ve pop\u00fcler \u00e7al\u0131\u015fma yap\u0131ld\u0131.     Ancak g\u00f6rmezden gelinen ya da es ge\u00e7ilen bir konu oldu: pa\u015falar\u0131n bar\u0131\u015fmas\u0131&#8230; Devrimlerin ger\u00e7ekle\u015fmesi ve rejimin oturmas\u0131n\u0131n ard\u0131ndan Atat\u00fcrk, yurtta sulh amac\u0131yla Cebesoy ve Bele ile bar\u0131\u015farak onlar\u0131 siyasal sisteme entegre etti. Atat\u00fcrk\u2019\u00fcn vefat\u0131n\u0131n ard\u0131ndan \u0130n\u00f6n\u00fc, bar\u0131\u015fma siyasetini devam ettirdi. Karabekir ve Orbay siyasal sisteme eklemlendiler. Bu bar\u0131\u015fma siyaseti, Cumhuriyet\u2019in kurucular\u0131n\u0131n zihniyet d\u00fcnyas\u0131n\u0131 bize g\u00f6stermesi a\u00e7\u0131s\u0131ndan anlaml\u0131d\u0131r.   Prof. Dr. Hakk\u0131 Uyar d\u00f6neme ait ar\u015fivleri, s\u00fcreli yay\u0131nlar\u0131, s\u00f6zl\u00fc tarihi de kapsayan zengin referanslarla yak\u0131n tarihimizi yeni bir perspektifle de\u011ferlendiriyor.  <\/p>\n","protected":false},"excerpt":{"rendered":"<p>Mustafa Kemal Atat\u00fcrk\u2019\u00fcn yan\u0131nda Milli M\u00fccadele kahramanlar\u0131 ve Cumhuriyet\u2019in kurucu kadrosu olarak bilinen Ali Fuat Cebesoy, K\u00e2z\u0131m Karabekir, Rauf Orbay, Refet Bele, Fevzi \u00c7akmak ve \u0130smet<span class=\"excerpt-hellip\"> [\u2026]<\/span><\/p>\n","protected":false},"featured_media":0,"template":"","meta":{"_monsterinsights_skip_tracking":false,"_monsterinsights_sitenote_active":false,"_monsterinsights_sitenote_note":"","_monsterinsights_sitenote_category":0},"product_brand":[],"product_cat":[13946,12304],"product_tag":[],"class_list":{"0":"post-770942","1":"product","2":"type-product","3":"status-publish","5":"product_cat-biyografi-otobiyografi","6":"product_cat-tarih","7":"pa_cilt-ciltsiz","8":"pa_tur-kitap","9":"pa_yayinevi-dogan-kitap","10":"pa_yazar-hakki-uyar","12":"first","13":"instock","14":"sale","15":"shipping-taxable","16":"purchasable","17":"product-type-simple"},"_links":{"self":[{"href":"https:\/\/roveyayinevi.com.tr\/index.php\/wp-json\/wp\/v2\/product\/770942","targetHints":{"allow":["GET"]}}],"collection":[{"href":"https:\/\/roveyayinevi.com.tr\/index.php\/wp-json\/wp\/v2\/product"}],"about":[{"href":"https:\/\/roveyayinevi.com.tr\/index.php\/wp-json\/wp\/v2\/types\/product"}],"wp:attachment":[{"href":"https:\/\/roveyayinevi.com.tr\/index.php\/wp-json\/wp\/v2\/media?parent=770942"}],"wp:term":[{"taxonomy":"product_brand","embeddable":true,"href":"https:\/\/roveyayinevi.com.tr\/index.php\/wp-json\/wp\/v2\/product_brand?post=770942"},{"taxonomy":"product_cat","embeddable":true,"href":"https:\/\/roveyayinevi.com.tr\/index.php\/wp-json\/wp\/v2\/product_cat?post=770942"},{"taxonomy":"product_tag","embeddable":true,"href":"https:\/\/roveyayinevi.com.tr\/index.php\/wp-json\/wp\/v2\/product_tag?post=770942"}],"curies":[{"name":"wp","href":"https:\/\/api.w.org\/{rel}","templated":true}]}}