{"id":770829,"date":"2025-08-28T14:44:33","date_gmt":"2025-08-28T11:44:33","guid":{"rendered":"https:\/\/roveyayinevi.com.tr\/index.php\/urun\/vatan-ve-hurriyet-ataturkun-askerlik-yillari\/"},"modified":"2026-04-15T03:37:12","modified_gmt":"2026-04-15T00:37:12","slug":"vatan-ve-hurriyet-ataturkun-askerlik-yillari","status":"publish","type":"product","link":"https:\/\/roveyayinevi.com.tr\/index.php\/urun\/vatan-ve-hurriyet-ataturkun-askerlik-yillari\/","title":{"rendered":"Vatan ve H\u00fcrriyet \u2013 Atat\u00fcrk\u2019\u00fcn Askerlik Y\u0131llar\u0131"},"content":{"rendered":"<p>Bu kitap, Mustafa Kemal\u2019in ilk g\u00f6rev yeri \u015eam\u2019da ba\u015fl\u0131yor. Kitab\u0131n devam\u0131nda Osmanl\u0131 \u0130mparatorlu\u011fu\u2019nu Birinci D\u00fcnya Sava\u015f\u0131\u2019na ta\u015f\u0131yan s\u00fcrecin ad\u0131mlar\u0131 ve bu s\u00fcre\u00e7te Mustafa Kemal\u2019in farkl\u0131 b\u00f6lgelerdeki m\u00fccadeleleri yer al\u0131yor.   Yazar\u0131m\u0131z Hatice Top\u00e7u\u2019nun titiz inceleme ve ara\u015ft\u0131rmalar\u0131 sonucunda elde etti\u011fi bilgilerle roman kurgusunda kaleme ald\u0131\u011f\u0131 Atat\u00fcrk\u2019\u00fcn Askerlik Y\u0131llar\u0131 Vatan ve H\u00fcrriyet\u2019te, Osmanl\u0131 \u0130mparatorlu\u011fu\u2019nun \u00e7\u00f6k\u00fc\u015f\u00fc s\u00fcrecinde b\u00fcy\u00fck Atat\u00fcrk\u2019\u00fcn vatan\u0131 kurtarma yolundaki ilerleyi\u015fine tan\u0131kl\u0131k ediyoruz.   Onu daha iyi tan\u0131mak i\u00e7in\u2026<\/p>\n","protected":false},"excerpt":{"rendered":"<p>Bu kitap, Mustafa Kemal\u2019in ilk g\u00f6rev yeri \u015eam\u2019da ba\u015fl\u0131yor. Kitab\u0131n devam\u0131nda Osmanl\u0131 \u0130mparatorlu\u011fu\u2019nu Birinci D\u00fcnya Sava\u015f\u0131\u2019na ta\u015f\u0131yan s\u00fcrecin ad\u0131mlar\u0131 ve bu s\u00fcre\u00e7te Mustafa Kemal\u2019in farkl\u0131 b\u00f6lgelerdeki<span class=\"excerpt-hellip\"> [\u2026]<\/span><\/p>\n","protected":false},"featured_media":0,"template":"","meta":{"_monsterinsights_skip_tracking":false,"_monsterinsights_sitenote_active":false,"_monsterinsights_sitenote_note":"","_monsterinsights_sitenote_category":0},"product_brand":[],"product_cat":[12530,12304],"product_tag":[],"class_list":{"0":"post-770829","1":"product","2":"type-product","3":"status-publish","5":"product_cat-mustafa-kemal-ataturk","6":"product_cat-tarih","7":"pa_cilt-ciltsiz","8":"pa_tur-kitap","9":"pa_yayinevi-angora-kitaplari","10":"pa_yazar-hatice-topcu","12":"first","13":"instock","14":"sale","15":"shipping-taxable","16":"purchasable","17":"product-type-simple"},"_links":{"self":[{"href":"https:\/\/roveyayinevi.com.tr\/index.php\/wp-json\/wp\/v2\/product\/770829","targetHints":{"allow":["GET"]}}],"collection":[{"href":"https:\/\/roveyayinevi.com.tr\/index.php\/wp-json\/wp\/v2\/product"}],"about":[{"href":"https:\/\/roveyayinevi.com.tr\/index.php\/wp-json\/wp\/v2\/types\/product"}],"wp:attachment":[{"href":"https:\/\/roveyayinevi.com.tr\/index.php\/wp-json\/wp\/v2\/media?parent=770829"}],"wp:term":[{"taxonomy":"product_brand","embeddable":true,"href":"https:\/\/roveyayinevi.com.tr\/index.php\/wp-json\/wp\/v2\/product_brand?post=770829"},{"taxonomy":"product_cat","embeddable":true,"href":"https:\/\/roveyayinevi.com.tr\/index.php\/wp-json\/wp\/v2\/product_cat?post=770829"},{"taxonomy":"product_tag","embeddable":true,"href":"https:\/\/roveyayinevi.com.tr\/index.php\/wp-json\/wp\/v2\/product_tag?post=770829"}],"curies":[{"name":"wp","href":"https:\/\/api.w.org\/{rel}","templated":true}]}}