{"id":770695,"date":"2025-08-28T14:40:03","date_gmt":"2025-08-28T11:40:03","guid":{"rendered":"https:\/\/roveyayinevi.com.tr\/index.php\/urun\/emperyal-yasam-tarzi-gundelik-yasam-ve-kapitalizmin-ekolojik-krizi\/"},"modified":"2026-04-15T03:37:09","modified_gmt":"2026-04-15T00:37:09","slug":"emperyal-yasam-tarzi-gundelik-yasam-ve-kapitalizmin-ekolojik-krizi","status":"publish","type":"product","link":"https:\/\/roveyayinevi.com.tr\/index.php\/urun\/emperyal-yasam-tarzi-gundelik-yasam-ve-kapitalizmin-ekolojik-krizi\/","title":{"rendered":"Emperyal Ya\u015fam Tarz\u0131 G\u00fcndelik Ya\u015fam ve Kapitalizmin Ekolojik Krizi"},"content":{"rendered":"<p>\u0130klim krizinin yaratt\u0131\u011f\u0131 felaketler gitgide daha fazla insan\u0131n hayat\u0131n\u0131 etkilemeye ba\u015flay\u0131p daha g\u00f6r\u00fcn\u00fcr olduk\u00e7a, iklim krizine dair ink\u00e2rc\u0131l\u0131k da anaak\u0131m siyasetten \u00e7ekilmeye ba\u015flad\u0131. M\u0131zra\u011f\u0131n \u00e7uvala s\u0131\u011fmamaya ba\u015flad\u0131\u011f\u0131 yerde ink\u00e2rc\u0131l\u0131\u011f\u0131n yerini alan \u201cyeni bir ele\u015ftirel ortodoksi\u201d oluverdi. Bu yeni ortodoksiyse, krizin temelinde yatan asli sebepleri hesaba katmadan krizi \u00e7\u00f6zebilece\u011fine dair \u00fcmit vadediyor kitlelere. Elinizde bulunan kitap, iklim kriziyle e\u015fzamanl\u0131 ya\u015fanan ve birbirlerini \u015fekillendiren toplumsal yeniden \u00fcretim krizi, siyasal temsiliyet krizini de hesaba katarak bir \u00e7oklu kriz kavramsalla\u015ft\u0131rmas\u0131 yap\u0131yor ve b\u00fct\u00fcn bunlar\u0131n alt\u0131nda yatan yap\u0131sal nedenin, K\u00fcresel Kuzey \u00fclkelerinde i\u00e7selle\u015ftirilmi\u015f \u201cdo\u011fru hayat\u201d fikri etraf\u0131nda olu\u015fan \u201cemperyal ya\u015fam tarz\u0131\u201d oldu\u011funu \u00f6ne s\u00fcr\u00fcyor. D\u00fcnyan\u0131n kaynaklar\u0131n\u0131n hesaps\u0131zca s\u00f6m\u00fcr\u00fclmesine dayanan bu ya\u015fam tarz\u0131, olumsuz etkilerini \u00fcst\u00fcne ataca\u011f\u0131 bir d\u0131\u015far\u0131ya ihtiya\u00e7 duydu\u011fu i\u00e7in bu zamana dek ancak bu ya\u015fam tarz\u0131ndan mahrum olanlar\u0131n pahas\u0131na s\u00fcrd\u00fcr\u00fclebiliyordu. Geli\u015fmekte olan \u00fclkelerin \u00fcst ve orta s\u0131n\u0131flar\u0131n\u0131n da gitgide bu ya\u015fam tarz\u0131na adapte olmaya ba\u015flamas\u0131yla \u201cd\u0131\u015far\u0131s\u0131\u201d gittik\u00e7e k\u00fc\u00e7\u00fclmeye, bu da emperyal ya\u015fam tarz\u0131n\u0131 i\u00e7sel bir krize s\u00fcr\u00fcklemeye ba\u015flad\u0131. Markus Wissen ve Ulrich Brand, katmerlenen bu krizin kar\u015f\u0131s\u0131na k\u00f6kleri insanlar\u0131n daha iyi bir ya\u015fam i\u00e7in s\u00fcrd\u00fcrd\u00fc\u011f\u00fc binlerce y\u0131ll\u0131k m\u00fccadeleye dayanan dayan\u0131\u015fmac\u0131 bir ya\u015fam tarz\u0131n\u0131 koyuyorlar. Bu ya\u015fam tarz\u0131n\u0131n n\u00fcvelerini bug\u00fcn\u00fcn m\u00fccadelerinde ararken felaket\u00e7i bir k\u00f6t\u00fcmserli\u011fe kap\u0131lmadan ak\u0131lc\u0131 ve iradeci bir iyimserli\u011fe bel ba\u011fl\u0131yorlar<\/p>\n","protected":false},"excerpt":{"rendered":"<p>\u0130klim krizinin yaratt\u0131\u011f\u0131 felaketler gitgide daha fazla insan\u0131n hayat\u0131n\u0131 etkilemeye ba\u015flay\u0131p daha g\u00f6r\u00fcn\u00fcr olduk\u00e7a, iklim krizine dair ink\u00e2rc\u0131l\u0131k da anaak\u0131m siyasetten \u00e7ekilmeye ba\u015flad\u0131. M\u0131zra\u011f\u0131n \u00e7uvala s\u0131\u011fmamaya<span class=\"excerpt-hellip\"> [\u2026]<\/span><\/p>\n","protected":false},"featured_media":0,"template":"","meta":{"_monsterinsights_skip_tracking":false,"_monsterinsights_sitenote_active":false,"_monsterinsights_sitenote_note":"","_monsterinsights_sitenote_category":0},"product_brand":[],"product_cat":[12337,14706],"product_tag":[],"class_list":{"0":"post-770695","1":"product","2":"type-product","3":"status-publish","5":"product_cat-politika-siyaset","6":"product_cat-siyaset-bilimi","7":"pa_cilt-ciltsiz","8":"pa_tur-kitap","9":"pa_yayinevi-koc-universitesi-yayinlari","10":"pa_yazar-markus-wissen-ulrich-brand","12":"first","13":"instock","14":"sale","15":"shipping-taxable","16":"purchasable","17":"product-type-simple"},"_links":{"self":[{"href":"https:\/\/roveyayinevi.com.tr\/index.php\/wp-json\/wp\/v2\/product\/770695","targetHints":{"allow":["GET"]}}],"collection":[{"href":"https:\/\/roveyayinevi.com.tr\/index.php\/wp-json\/wp\/v2\/product"}],"about":[{"href":"https:\/\/roveyayinevi.com.tr\/index.php\/wp-json\/wp\/v2\/types\/product"}],"wp:attachment":[{"href":"https:\/\/roveyayinevi.com.tr\/index.php\/wp-json\/wp\/v2\/media?parent=770695"}],"wp:term":[{"taxonomy":"product_brand","embeddable":true,"href":"https:\/\/roveyayinevi.com.tr\/index.php\/wp-json\/wp\/v2\/product_brand?post=770695"},{"taxonomy":"product_cat","embeddable":true,"href":"https:\/\/roveyayinevi.com.tr\/index.php\/wp-json\/wp\/v2\/product_cat?post=770695"},{"taxonomy":"product_tag","embeddable":true,"href":"https:\/\/roveyayinevi.com.tr\/index.php\/wp-json\/wp\/v2\/product_tag?post=770695"}],"curies":[{"name":"wp","href":"https:\/\/api.w.org\/{rel}","templated":true}]}}