{"id":770676,"date":"2025-08-28T14:39:30","date_gmt":"2025-08-28T11:39:30","guid":{"rendered":"https:\/\/roveyayinevi.com.tr\/index.php\/urun\/gulpinar-dergisi-inceleme-indeks\/"},"modified":"2026-04-15T03:37:08","modified_gmt":"2026-04-15T00:37:08","slug":"gulpinar-dergisi-inceleme-indeks","status":"publish","type":"product","link":"https:\/\/roveyayinevi.com.tr\/index.php\/urun\/gulpinar-dergisi-inceleme-indeks\/","title":{"rendered":"G\u00fclp\u0131nar Dergisi (\u0130nceleme \u2013 \u0130ndeks)"},"content":{"rendered":"<p>Cumhuriyet sonras\u0131 fikir ve edebiyat tarihimizin ana kaynaklar\u0131 aras\u0131nda s\u00fcreli yay\u0131nlar \u00e7ok \u00f6nemlidir. Fakat bug\u00fcne kadar yap\u0131lan \u00e7al\u0131\u015fmalarda bir\u00e7ok mecmua ve gazete g\u00f6z ard\u0131 edilmi\u015ftir. Bu \u00e7al\u0131\u015fma, T\u00fcrkiye\u2019nin uzun \u00f6m\u00fcrl\u00fc dergilerinden biri olan G\u00fclp\u0131nar\u2019\u0131n sistematik a\u00e7\u0131dan incelenmesini ama\u00e7lamaktad\u0131r. Bu t\u00fcr \u00e7al\u0131\u015fmalar\u0131n, G\u00fclp\u0131nar gibi T\u00fcrk edebiyat\u0131na katk\u0131s\u0131 olan dergilerin tan\u0131t\u0131m\u0131nda \u00f6nemi bir paya sahip oldu\u011fu kanaatindeyiz. \u201cG\u00fclp\u0131nar Dergisi (\u0130nceleme-\u0130ndeks)\u201d adl\u0131 \u00e7al\u0131\u015fmam\u0131zda, derginin 1976\u20132005 y\u0131llar\u0131na ait (1\u2013349) say\u0131lar\u0131n\u0131 esas ald\u0131k. \u00c7al\u0131\u015fmam\u0131z giri\u015f, sonu\u00e7 ve kaynak\u00e7a hari\u00e7 iki ana b\u00f6l\u00fcmden olu\u015fmaktad\u0131r. \u00c7al\u0131\u015fman\u0131n giri\u015f b\u00f6l\u00fcm\u00fcnde Tanzimat\u2019tan g\u00fcn\u00fcm\u00fcze T\u00fcrkiye\u2019deki dergicilik faaliyetlerine de\u011findik. Ayr\u0131ca derginin \u00e7\u0131k\u0131\u015f hik\u00e2yesi ve amac\u0131yla T\u00fcrk edebiyat\u0131ndaki yeri ve \u00f6nemine yer verdik. Birinci b\u00f6l\u00fcm, \u201c\u015eekil, Muhteva ve Yazar Kadrosu Bak\u0131m\u0131ndan G\u00fclp\u0131nar Dergisi\u201d ba\u015fl\u0131\u011f\u0131n\u0131 ta\u015f\u0131r. Bu b\u00f6l\u00fcmde dergiyi \u015fekil, muhteva ve yazar kadrosu bak\u0131m\u0131ndan inceledik. \u015eekil a\u00e7\u0131s\u0131ndan derginin kimlik bilgileri, kapak kompozisyonu, sayfa yap\u0131s\u0131, dizgi ve bask\u0131 tekni\u011fi ile foto\u011fraflar ve desenler \u00fczerinde durduk. Derginin ikinci b\u00f6l\u00fcm\u00fc \u201cG\u00fclp\u0131nar Dergisinde Yay\u0131mlanan \u00dcr\u00fcnlerin Bibliyografyas\u0131\u201d ba\u015fl\u0131\u011f\u0131n\u0131 ta\u015f\u0131r. Bu b\u00f6l\u00fcmde dergide yay\u0131mlanan t\u00fcm \u00fcr\u00fcnlerin bibliyografyas\u0131n\u0131 alfabetik olarak yazar\u0131n soyad\u0131n\u0131 esas alarak vermeye \u00e7al\u0131\u015ft\u0131k. Bu b\u00f6l\u00fcm\u00fcn haz\u0131rlanmas\u0131ndaki \u00f6nemli katk\u0131lar\u0131 nedeniyle bilhassa Mehmet Nuri Parmaks\u0131z\u2019a te\u015fekk\u00fcr etmek yerinde olacakt\u0131r. Umuyoruz ki, bu \u00e7al\u0131\u015fma, T\u00fcrk edebiyat\u0131na \u00f6nemli katk\u0131lar sunmu\u015f olan G\u00fclp\u0131nar\u2019\u0131n unutulmas\u0131na mani olur ve bu alanda \u00e7al\u0131\u015facak ki\u015filer i\u00e7in yeni bir kaynak olu\u015fturur. <\/p>\n","protected":false},"excerpt":{"rendered":"<p>Cumhuriyet sonras\u0131 fikir ve edebiyat tarihimizin ana kaynaklar\u0131 aras\u0131nda s\u00fcreli yay\u0131nlar \u00e7ok \u00f6nemlidir. Fakat bug\u00fcne kadar yap\u0131lan \u00e7al\u0131\u015fmalarda bir\u00e7ok mecmua ve gazete g\u00f6z ard\u0131 edilmi\u015ftir. Bu<span class=\"excerpt-hellip\"> [\u2026]<\/span><\/p>\n","protected":false},"featured_media":0,"template":"","meta":{"_monsterinsights_skip_tracking":false,"_monsterinsights_sitenote_active":false,"_monsterinsights_sitenote_note":"","_monsterinsights_sitenote_category":0},"product_brand":[],"product_cat":[13527],"product_tag":[],"class_list":{"0":"post-770676","1":"product","2":"type-product","3":"status-publish","5":"product_cat-sureli-yayinlar","6":"pa_cilt-ciltsiz","7":"pa_tur-dergi","8":"pa_yayinevi-kamutay-yayinlari","9":"pa_yazar-salih-okumus-mehmet-nuri-parmaksiz-sabit-bayram","11":"first","12":"instock","13":"sale","14":"shipping-taxable","15":"purchasable","16":"product-type-simple"},"_links":{"self":[{"href":"https:\/\/roveyayinevi.com.tr\/index.php\/wp-json\/wp\/v2\/product\/770676","targetHints":{"allow":["GET"]}}],"collection":[{"href":"https:\/\/roveyayinevi.com.tr\/index.php\/wp-json\/wp\/v2\/product"}],"about":[{"href":"https:\/\/roveyayinevi.com.tr\/index.php\/wp-json\/wp\/v2\/types\/product"}],"wp:attachment":[{"href":"https:\/\/roveyayinevi.com.tr\/index.php\/wp-json\/wp\/v2\/media?parent=770676"}],"wp:term":[{"taxonomy":"product_brand","embeddable":true,"href":"https:\/\/roveyayinevi.com.tr\/index.php\/wp-json\/wp\/v2\/product_brand?post=770676"},{"taxonomy":"product_cat","embeddable":true,"href":"https:\/\/roveyayinevi.com.tr\/index.php\/wp-json\/wp\/v2\/product_cat?post=770676"},{"taxonomy":"product_tag","embeddable":true,"href":"https:\/\/roveyayinevi.com.tr\/index.php\/wp-json\/wp\/v2\/product_tag?post=770676"}],"curies":[{"name":"wp","href":"https:\/\/api.w.org\/{rel}","templated":true}]}}