{"id":770583,"date":"2025-08-28T14:35:20","date_gmt":"2025-08-28T11:35:20","guid":{"rendered":"https:\/\/roveyayinevi.com.tr\/index.php\/urun\/osmanli-askeri-tarihi\/"},"modified":"2026-04-15T03:37:06","modified_gmt":"2026-04-15T00:37:06","slug":"osmanli-askeri-tarihi","status":"publish","type":"product","link":"https:\/\/roveyayinevi.com.tr\/index.php\/urun\/osmanli-askeri-tarihi\/","title":{"rendered":"Osmanl\u0131 Askeri Tarihi"},"content":{"rendered":"<p>Tarih e\u011fitimini T\u00fcrkiye&#8217;de alm\u0131\u015f hemen herkes, Osmanl\u0131 Tarihi\u2019ne dair en iyi bildi\u011fi \u015feyin, sava\u015flar ve asker\u00ee te\u015fkilat oldu\u011funu d\u00fc\u015f\u00fcn\u00fcr. Oysa sadece sava\u015flar\u0131n ba\u015flang\u0131\u00e7 ve biti\u015f tarihlerini, muharebeler ve komutanlar\u0131n adlar\u0131n\u0131, bar\u0131\u015f antla\u015fmalar\u0131n\u0131n birka\u00e7 maddesini bilmekle, buzda\u011f\u0131n\u0131n su \u00fcst\u00fcndeki k\u0131sm\u0131 bile tan\u0131mlanamaz. 18. y\u00fczy\u0131lla birlikte Avrupa devletlerinin, asker\u00ee sekt\u00f6rde uygulamaya soktu\u011fu yeniliklere Osmanl\u0131 Ordusu ve donanmas\u0131 ne \u00f6l\u00e7\u00fcde ayak uydurabilmi\u015fti? Denizcili\u011fin \u00f6nem kazand\u0131\u011f\u0131 bir d\u00f6nemde II. Abd\u00fclhamid, Osmanl\u0131 Donanmas\u0131\u2019n\u0131 ger\u00e7ekten \u00e7\u00fcr\u00fcmeye mi terk etmi\u015fti? End\u00fcstri \u00e7a\u011f\u0131nda Osmanl\u0131 Devleti, silah sanayiinde ne t\u00fcr hamleler yapmaya \u00e7al\u0131\u015ft\u0131? S\u00fcrat Top\u00e7ular\u0131, M\u00fchendishane-i Bahr-i H\u00fcm\u00e2yun, Nizam-\u0131 Cedid, Havac\u0131l\u0131k Komisyonu&#8230; Yenile\u015fme hareketlerinin, al\u0131nan ma\u011flubiyetler sonras\u0131nda \u00f6ncelikle askeriyeden ba\u015flamas\u0131, sadece Osmanl\u0131 Devleti&#8217;ne mahsus bir durum muydu? Yak\u0131n zamana kadar kulaktan dolma bilgilerle tan\u0131nan, ulem\u00e2n\u0131n muhafazak\u00e2rl\u0131\u011f\u0131 y\u00fcz\u00fcnden Bat\u0131&#8217;daki teknolojik geli\u015fmelere ayak uyduramad\u0131\u011f\u0131 iddia edilen, zaferleri abart\u0131l\u0131p hezimetleri yeterince analiz edilmeyen son d\u00f6nem Osmanl\u0131 Askeriyesi\u2019ne dair \u00f6nyarg\u0131lar\u0131 sorgulat\u0131p okuyucular\u0131n\u0131 bir\u00e7ok kere \u015fa\u015f\u0131rtacak bir \u00e7al\u0131\u015fma. G\u00fcltekin Y\u0131ld\u0131z&#8217;\u0131n edit\u00f6rl\u00fc\u011f\u00fcnde haz\u0131rlanan bu kitap, hepsi Osmanl\u0131 Asker\u00ee Tarihi\u2019nde uzman on ara\u015ft\u0131rmac\u0131n\u0131n katk\u0131lar\u0131yla olu\u015ftu. 1792-1918 aras\u0131 d\u00f6nemde Osmanl\u0131 Askeriyesi\u2019nin farkl\u0131 kuvvetleri (kara, deniz, hava) ve farkl\u0131 s\u0131n\u0131flar\u0131 (piyade, s\u00fcvari, top\u00e7u vs.) bar\u0131\u015f ve sava\u015f zaman\u0131 faaliyetleri, te\u015fkilat\u0131 ve asker\u00ee sanayii ilk kez bu kolektif eserde bir arada ve g\u00f6rsel malzemeyle desteklenmi\u015f olarak ele al\u0131nd\u0131. <\/p>\n","protected":false},"excerpt":{"rendered":"<p>Tarih e\u011fitimini T\u00fcrkiye&#8217;de alm\u0131\u015f hemen herkes, Osmanl\u0131 Tarihi\u2019ne dair en iyi bildi\u011fi \u015feyin, sava\u015flar ve asker\u00ee te\u015fkilat oldu\u011funu d\u00fc\u015f\u00fcn\u00fcr. Oysa sadece sava\u015flar\u0131n ba\u015flang\u0131\u00e7 ve biti\u015f tarihlerini,<span class=\"excerpt-hellip\"> [\u2026]<\/span><\/p>\n","protected":false},"featured_media":0,"template":"","meta":{"_monsterinsights_skip_tracking":false,"_monsterinsights_sitenote_active":false,"_monsterinsights_sitenote_note":"","_monsterinsights_sitenote_category":0},"product_brand":[],"product_cat":[13517,12304],"product_tag":[],"class_list":{"0":"post-770583","1":"product","2":"type-product","3":"status-publish","5":"product_cat-osmanli-tarihi","6":"product_cat-tarih","7":"pa_cilt-ciltsiz","8":"pa_tur-kitap","9":"pa_yayinevi-yeditepe-yayinevi","10":"pa_yazar-kolektif","12":"first","13":"instock","14":"sale","15":"shipping-taxable","16":"purchasable","17":"product-type-simple"},"_links":{"self":[{"href":"https:\/\/roveyayinevi.com.tr\/index.php\/wp-json\/wp\/v2\/product\/770583","targetHints":{"allow":["GET"]}}],"collection":[{"href":"https:\/\/roveyayinevi.com.tr\/index.php\/wp-json\/wp\/v2\/product"}],"about":[{"href":"https:\/\/roveyayinevi.com.tr\/index.php\/wp-json\/wp\/v2\/types\/product"}],"wp:attachment":[{"href":"https:\/\/roveyayinevi.com.tr\/index.php\/wp-json\/wp\/v2\/media?parent=770583"}],"wp:term":[{"taxonomy":"product_brand","embeddable":true,"href":"https:\/\/roveyayinevi.com.tr\/index.php\/wp-json\/wp\/v2\/product_brand?post=770583"},{"taxonomy":"product_cat","embeddable":true,"href":"https:\/\/roveyayinevi.com.tr\/index.php\/wp-json\/wp\/v2\/product_cat?post=770583"},{"taxonomy":"product_tag","embeddable":true,"href":"https:\/\/roveyayinevi.com.tr\/index.php\/wp-json\/wp\/v2\/product_tag?post=770583"}],"curies":[{"name":"wp","href":"https:\/\/api.w.org\/{rel}","templated":true}]}}