{"id":770504,"date":"2025-08-28T14:32:27","date_gmt":"2025-08-28T11:32:27","guid":{"rendered":"https:\/\/roveyayinevi.com.tr\/index.php\/urun\/gecmis-gelecektir\/"},"modified":"2026-04-15T03:37:04","modified_gmt":"2026-04-15T00:37:04","slug":"gecmis-gelecektir","status":"publish","type":"product","link":"https:\/\/roveyayinevi.com.tr\/index.php\/urun\/gecmis-gelecektir\/","title":{"rendered":"Ge\u00e7mi\u015f Gelecektir"},"content":{"rendered":"<p>Varolu\u015fumuzu lirik bir hadiseye d\u00f6nu\u0308\u015ftu\u0308ren haf\u0131za, salt nostaljinin de\u011fil, ayn\u0131 zamanda u\u0308topyan\u0131n da kayna\u011f\u0131d\u0131r. Biz, kapitalizmin haf\u0131zay\u0131 par\u00e7alad\u0131\u011f\u0131 ve hat\u0131rlaman\u0131n gu\u0308nden gu\u0308ne imk\u00e2ns\u0131zla\u015ft\u0131\u011f\u0131 bir du\u0308nyada; a\u015fk, hay\u00e2l ve felsefenin tarih duygusundan asla ba\u011f\u0131ms\u0131z ele al\u0131namayaca\u011f\u0131na inanan bir ekip olarak; Ge\u00e7mi\u015f Gelecektir diyoruz. Ge\u00e7mi\u015f Gelecektir adl\u0131 ku\u0308ltu\u0308rel bellek projemiz kapsam\u0131nda Michael L\u00f6wy (Paris), Jacques Ranci\u00e8re (Paris), Franco \u201cBifo\u201d Berardi (Bolonya), Gretchen Dutschke-Klotz (Berlin) ve Savvas Michael-Matsas\u2019la (Atina) entelektu\u0308el ve gu\u0308ndelik hayatlar\u0131ndan kesitleri payla\u015ft\u0131klar\u0131 yaz\u0131l\u0131 s\u00f6yle\u015filer ger\u00e7ekle\u015ftirdik. Ernst Bloch, Herbert Marcuse, Jean-Paul Sartre, Rudi Dutschke ve Nicos Poulantzas gibi o d\u00f6neme damgas\u0131n\u0131 vurmu\u015f bir\u00e7ok du\u0308\u015fu\u0308nu\u0308ru\u0308 yad etti\u011fimiz bu s\u00f6yle\u015filerde bellek mekanlar\u0131n\u0131n \u00f6nemini, nostaljinin olanaklar\u0131n\u0131 ve 1968\u2019in miras\u0131n\u0131 irdelemeye \u00e7al\u0131\u015f\u0131yoruz. Proje kapsam\u0131nda video kayd\u0131na ald\u0131\u011f\u0131m\u0131z yu\u0308z yu\u0308ze g\u00f6ru\u0308\u015fmeler de ger\u00e7ekle\u015ftiriyoruz ve bu g\u00f6ru\u0308\u015fmeleri ressam dostumuz Ayla Aksoyo\u011flu eskiz defterine \u00e7iziyor. \u0130lk g\u00f6ru\u0308\u015fmelerimizi 14-15 Ekim 2023 tarihlerinde Almanya\u2019da ger\u00e7ekle\u015ftirdik ve Gretchen Dutschke-Klotz\u2019la Berlin\u2019de, Roel van Duijn\u2019le ise Fulda\u2019da bulu\u015ftuk. \u00d6te yandan 14-25 Mart 2024 tarihleri aras\u0131nda Alain Badiou, Michael L\u00f6wy, Janette Habel, Jacques Ranci\u00e8re, Fran\u00e7ois Noudelmann, Frederic Gros, David Le Breton, Maurice Godelier ve \u00c9tienne Balibar\u2019la g\u00f6ru\u0308\u015fmek i\u00e7in Fransa\u2019dayd\u0131k. 20-30 Ekim tarihleri aras\u0131nda Birle\u015fik Krall\u0131k ve \u0130rlanda\u2019da Tar\u0131k Ali, Peter Burke ve Kathleen Lynch\u2019le g\u00f6ru\u0308\u015ftu\u0308k. Son g\u00f6ru\u0308\u015fmemizi ise 23 Ocak 2025\u2019te Londra\u2019da Jeremy Corbyn\u2019le ger\u00e7ekle\u015ftirdik. Elinizdeki i\u015fbu kitaptan hareketle Ge\u00e7mi\u015f Gelecektir\u2019i hem sergiye hem de belgesele d\u00f6nu\u0308\u015ftu\u0308rmeyi hedefliyoruz. Uluslararas\u0131 sergilerde video \u00e7ekimlerinden kurgulanm\u0131\u015f kesitler, Ayla Aksoyo\u011flu\u2019nun anl\u0131k emprovize \u00e7izimleri, ger\u00e7ekle\u015ftirilen s\u00f6yle\u015filerden yaz\u0131l\u0131 al\u0131nt\u0131lar, direkt\u00f6ru\u0308n notlar\u0131 ve foto\u011fraflar yer alacak. Ge\u00e7mi\u015f Gelecektir\u2019in nihai kar\u015f\u0131l\u0131\u011f\u0131 olan belgeseli ise \u201cjournalizm\u201di a\u015fan, dramatik bir uzun metrajl\u0131 film olarak kurgulayaca\u011f\u0131z. <\/p>\n","protected":false},"excerpt":{"rendered":"<p>Varolu\u015fumuzu lirik bir hadiseye d\u00f6nu\u0308\u015ftu\u0308ren haf\u0131za, salt nostaljinin de\u011fil, ayn\u0131 zamanda u\u0308topyan\u0131n da kayna\u011f\u0131d\u0131r. Biz, kapitalizmin haf\u0131zay\u0131 par\u00e7alad\u0131\u011f\u0131 ve hat\u0131rlaman\u0131n gu\u0308nden gu\u0308ne imk\u00e2ns\u0131zla\u015ft\u0131\u011f\u0131 bir du\u0308nyada; a\u015fk,<span class=\"excerpt-hellip\"> [\u2026]<\/span><\/p>\n","protected":false},"featured_media":0,"template":"","meta":{"_monsterinsights_skip_tracking":false,"_monsterinsights_sitenote_active":false,"_monsterinsights_sitenote_note":"","_monsterinsights_sitenote_category":0},"product_brand":[],"product_cat":[16038,12388],"product_tag":[],"class_list":{"0":"post-770504","1":"product","2":"type-product","3":"status-publish","5":"product_cat-arastirma-inceleme-referans-felsefe","6":"product_cat-felsefe","7":"pa_cilt-ciltsiz","8":"pa_tur-kitap","9":"pa_yayinevi-ayrinti-yayinlari","10":"pa_yazar-ulas-bager-aldemir-melisa-yildirim","12":"first","13":"instock","14":"sale","15":"shipping-taxable","16":"purchasable","17":"product-type-simple"},"_links":{"self":[{"href":"https:\/\/roveyayinevi.com.tr\/index.php\/wp-json\/wp\/v2\/product\/770504","targetHints":{"allow":["GET"]}}],"collection":[{"href":"https:\/\/roveyayinevi.com.tr\/index.php\/wp-json\/wp\/v2\/product"}],"about":[{"href":"https:\/\/roveyayinevi.com.tr\/index.php\/wp-json\/wp\/v2\/types\/product"}],"wp:attachment":[{"href":"https:\/\/roveyayinevi.com.tr\/index.php\/wp-json\/wp\/v2\/media?parent=770504"}],"wp:term":[{"taxonomy":"product_brand","embeddable":true,"href":"https:\/\/roveyayinevi.com.tr\/index.php\/wp-json\/wp\/v2\/product_brand?post=770504"},{"taxonomy":"product_cat","embeddable":true,"href":"https:\/\/roveyayinevi.com.tr\/index.php\/wp-json\/wp\/v2\/product_cat?post=770504"},{"taxonomy":"product_tag","embeddable":true,"href":"https:\/\/roveyayinevi.com.tr\/index.php\/wp-json\/wp\/v2\/product_tag?post=770504"}],"curies":[{"name":"wp","href":"https:\/\/api.w.org\/{rel}","templated":true}]}}