{"id":770393,"date":"2025-08-28T14:28:12","date_gmt":"2025-08-28T11:28:12","guid":{"rendered":"https:\/\/roveyayinevi.com.tr\/index.php\/urun\/hayal-kurma-ve-gerceklestirme-sanati\/"},"modified":"2026-04-15T03:36:40","modified_gmt":"2026-04-15T00:36:40","slug":"hayal-kurma-ve-gerceklestirme-sanati","status":"publish","type":"product","link":"https:\/\/roveyayinevi.com.tr\/index.php\/urun\/hayal-kurma-ve-gerceklestirme-sanati\/","title":{"rendered":"Hayal Kurma ve Ger\u00e7ekle\u015ftirme Sanat\u0131"},"content":{"rendered":"<p>Piyanist, e\u011fitimci, radyo programc\u0131s\u0131, yazar, sanat y\u00f6netmeni, T\u00fcrkiye\u2019nin ilk yaz ustal\u0131k s\u0131n\u0131flar\u0131n\u0131n kurucusu&#8230; Tek boyutlulu\u011fun yayg\u0131n oldu\u011fu T\u00fcrkiye\u2019de, Filiz Ali nadir rastlanan \u00e7ok boyutlu ayd\u0131nlar\u0131m\u0131zdan. Yar\u0131m y\u00fczy\u0131l\u0131 a\u015fk\u0131n zamand\u0131r kristal prizma gibi \u00e7evresine \u0131\u015f\u0131k sa\u00e7\u0131yor. Hayal kuruyor, \u00e7evresini harekete ge\u00e7iriyor ve d\u00fc\u015f\u00fcnd\u00fcklerini ger\u00e7ekle\u015ftiriyor. Hep m\u00fczi\u011fin hizmetinde, yar\u0131nlar ad\u0131na gen\u00e7 m\u00fczik\u00e7ilerin yan\u0131nda. Bu kitapta Filiz Ali 14 saatlik s\u00f6yle\u015fiyle hayat\u0131n\u0131, hayal kurup ger\u00e7ekle\u015ftirme sanat\u0131n\u0131n inceliklerini anlat\u0131yor. 23 tan\u0131k, Filiz Ali&#8217;nin hayat\u0131n\u0131n farkl\u0131 d\u00f6nemleriyle ilgili g\u00f6zlemlerini aktar\u0131yor. 62 y\u0131l \u00f6nce B\u00fclent Arel&#8217;in New York&#8217;ta kaydetti\u011fi Filiz Ali&#8217;nin yay\u0131mlanmam\u0131\u015f resital pla\u011f\u0131 ilk kez m\u00fczikseverlere ula\u015f\u0131yor. <\/p>\n","protected":false},"excerpt":{"rendered":"<p>Piyanist, e\u011fitimci, radyo programc\u0131s\u0131, yazar, sanat y\u00f6netmeni, T\u00fcrkiye\u2019nin ilk yaz ustal\u0131k s\u0131n\u0131flar\u0131n\u0131n kurucusu&#8230; Tek boyutlulu\u011fun yayg\u0131n oldu\u011fu T\u00fcrkiye\u2019de, Filiz Ali nadir rastlanan \u00e7ok boyutlu ayd\u0131nlar\u0131m\u0131zdan. Yar\u0131m<span class=\"excerpt-hellip\"> [\u2026]<\/span><\/p>\n","protected":false},"featured_media":0,"template":"","meta":{"_monsterinsights_skip_tracking":false,"_monsterinsights_sitenote_active":false,"_monsterinsights_sitenote_note":"","_monsterinsights_sitenote_category":0},"product_brand":[],"product_cat":[14009,12291],"product_tag":[],"class_list":{"0":"post-770393","1":"product","2":"type-product","3":"status-publish","5":"product_cat-biyografi-otobiyografi-edebiyat","6":"product_cat-edebiyat","7":"pa_cilt-ciltsiz","8":"pa_tur-kitap","9":"pa_yayinevi-sevda-cenap-and-muzik-vakfi-yayinlari","10":"pa_yazar-serhan-yedig","12":"first","13":"instock","14":"sale","15":"shipping-taxable","16":"purchasable","17":"product-type-simple"},"_links":{"self":[{"href":"https:\/\/roveyayinevi.com.tr\/index.php\/wp-json\/wp\/v2\/product\/770393","targetHints":{"allow":["GET"]}}],"collection":[{"href":"https:\/\/roveyayinevi.com.tr\/index.php\/wp-json\/wp\/v2\/product"}],"about":[{"href":"https:\/\/roveyayinevi.com.tr\/index.php\/wp-json\/wp\/v2\/types\/product"}],"wp:attachment":[{"href":"https:\/\/roveyayinevi.com.tr\/index.php\/wp-json\/wp\/v2\/media?parent=770393"}],"wp:term":[{"taxonomy":"product_brand","embeddable":true,"href":"https:\/\/roveyayinevi.com.tr\/index.php\/wp-json\/wp\/v2\/product_brand?post=770393"},{"taxonomy":"product_cat","embeddable":true,"href":"https:\/\/roveyayinevi.com.tr\/index.php\/wp-json\/wp\/v2\/product_cat?post=770393"},{"taxonomy":"product_tag","embeddable":true,"href":"https:\/\/roveyayinevi.com.tr\/index.php\/wp-json\/wp\/v2\/product_tag?post=770393"}],"curies":[{"name":"wp","href":"https:\/\/api.w.org\/{rel}","templated":true}]}}