{"id":770370,"date":"2025-08-28T14:27:21","date_gmt":"2025-08-28T11:27:21","guid":{"rendered":"https:\/\/roveyayinevi.com.tr\/index.php\/urun\/gunumuz-turkcesiyle-cevdet-tarihi-cilt-2\/"},"modified":"2026-03-07T04:03:32","modified_gmt":"2026-03-07T01:03:32","slug":"gunumuz-turkcesiyle-cevdet-tarihi-cilt-2","status":"publish","type":"product","link":"https:\/\/roveyayinevi.com.tr\/index.php\/urun\/gunumuz-turkcesiyle-cevdet-tarihi-cilt-2\/","title":{"rendered":"G\u00fcn\u00fcm\u00fcz T\u00fcrk\u00e7esiyle Cevdet Tarihi Cilt 2"},"content":{"rendered":"<p>Ahmet Cevdet Pa\u015fa Haz\u0131rlayan: Semih Do\u011fan Cevdet Tarihi &#8211; 2 Modern T\u00fcrk tarih\u00e7ili\u011finin kurucusu Ahmet Cevdet Pa\u015fa&#8217;n\u0131n kaleme alm\u0131\u015f oldu\u011fu Cevdet Tarihi, 1774 K\u00fc\u00e7\u00fck Kaynarca Anla\u015fmas\u0131 ile 1826&#8217;da Yeni\u00e7eri Oca\u011f\u0131&#8217;n\u0131n ortadan kald\u0131r\u0131lmas\u0131na kadar olan s\u00fcreci anlatan bir vakan\u00fcvis tarihidir. Ancak ele ald\u0131\u011f\u0131 meseleler ve bu mesele ve olaylar\u0131 anlat\u0131m tarz\u0131 a\u00e7\u0131s\u0131ndan, kendisinden \u00f6nceki hi\u00e7bir vakan\u00fcvise benzemez. \u0130bn Haldun&#8217;un rehberli\u011finde, felsefesi olan ilk tarih\u00e7idir o. Cevdet Tarihi&#8217;nin elinizde bulunan ikinci cildi, Ahmet Cevdet Pa\u015fa&#8217;n\u0131n yazd\u0131\u011f\u0131 tarih kitab\u0131na bir giri\u015f, Sultan Birinci Abd\u00fclhamit\u2019in tahta \u00e7\u0131k\u0131\u015f d\u00f6nemine denk gelen 1774-1783 y\u0131llar\u0131 aras\u0131nda ya\u015fananlar\u0131 anlat\u0131r. \u0130\u00e7eride tayinler, yang\u0131nlar ve isyanlar, d\u0131\u015far\u0131da b\u00fcy\u00fck devletlerle bitmek bilmeyen m\u00fccadeleler konu edinilir. Modernle\u015fmeye dair at\u0131lan ilk ad\u0131mlar\u0131n sesleri yank\u0131lan\u0131r sayfalarda. Sapiens Yay\u0131nlar\u0131, bu b\u00fcy\u00fck hukuk\u00e7u, devlet adam\u0131 ve tarih\u00e7inin dev eserini gururla sunar. <\/p>\n","protected":false},"excerpt":{"rendered":"<p>Ahmet Cevdet Pa\u015fa Haz\u0131rlayan: Semih Do\u011fan Cevdet Tarihi &#8211; 2 Modern T\u00fcrk tarih\u00e7ili\u011finin kurucusu Ahmet Cevdet Pa\u015fa&#8217;n\u0131n kaleme alm\u0131\u015f oldu\u011fu Cevdet Tarihi, 1774 K\u00fc\u00e7\u00fck Kaynarca Anla\u015fmas\u0131<span class=\"excerpt-hellip\"> [\u2026]<\/span><\/p>\n","protected":false},"featured_media":0,"template":"","meta":{"_monsterinsights_skip_tracking":false,"_monsterinsights_sitenote_active":false,"_monsterinsights_sitenote_note":"","_monsterinsights_sitenote_category":0},"product_brand":[],"product_cat":[13517,12304],"product_tag":[],"class_list":{"0":"post-770370","1":"product","2":"type-product","3":"status-publish","5":"product_cat-osmanli-tarihi","6":"product_cat-tarih","7":"pa_cilt-ciltsiz","8":"pa_tur-kitap","9":"pa_yayinevi-sapiens-yayinlari","10":"pa_yazar-ahmet-cevdet-pasa","12":"first","13":"instock","14":"sale","15":"shipping-taxable","16":"purchasable","17":"product-type-simple"},"_links":{"self":[{"href":"https:\/\/roveyayinevi.com.tr\/index.php\/wp-json\/wp\/v2\/product\/770370","targetHints":{"allow":["GET"]}}],"collection":[{"href":"https:\/\/roveyayinevi.com.tr\/index.php\/wp-json\/wp\/v2\/product"}],"about":[{"href":"https:\/\/roveyayinevi.com.tr\/index.php\/wp-json\/wp\/v2\/types\/product"}],"wp:attachment":[{"href":"https:\/\/roveyayinevi.com.tr\/index.php\/wp-json\/wp\/v2\/media?parent=770370"}],"wp:term":[{"taxonomy":"product_brand","embeddable":true,"href":"https:\/\/roveyayinevi.com.tr\/index.php\/wp-json\/wp\/v2\/product_brand?post=770370"},{"taxonomy":"product_cat","embeddable":true,"href":"https:\/\/roveyayinevi.com.tr\/index.php\/wp-json\/wp\/v2\/product_cat?post=770370"},{"taxonomy":"product_tag","embeddable":true,"href":"https:\/\/roveyayinevi.com.tr\/index.php\/wp-json\/wp\/v2\/product_tag?post=770370"}],"curies":[{"name":"wp","href":"https:\/\/api.w.org\/{rel}","templated":true}]}}