{"id":770308,"date":"2025-08-28T14:25:09","date_gmt":"2025-08-28T11:25:09","guid":{"rendered":"https:\/\/roveyayinevi.com.tr\/index.php\/urun\/sadece-yasayip-yazdiklarim\/"},"modified":"2026-04-15T03:36:37","modified_gmt":"2026-04-15T00:36:37","slug":"sadece-yasayip-yazdiklarim","status":"publish","type":"product","link":"https:\/\/roveyayinevi.com.tr\/index.php\/urun\/sadece-yasayip-yazdiklarim\/","title":{"rendered":"Sadece Ya\u015fay\u0131p Yazd\u0131klar\u0131m"},"content":{"rendered":"<p>Be\u015fir Atalay\u2026 Akademisyen, y\u00f6netici, stratejist, siyaset\u00e7i\u2026 T\u00fcrkiye\u2019nin \u00f6zellikle 1950\u2019den bu yana i\u00e7inden ge\u00e7ti\u011fi siyasi, sosyo-k\u00fclt\u00fcrel ve ekonomik s\u00fcre\u00e7leri, duyarl\u0131 bir \u00f6zne olarak idrak etmi\u015f tahlilci bir ki\u015filik. \u015eahsi hayat\u0131ndaki de\u011ferleri hayat\u0131n\u0131n b\u00fct\u00fcn alan\u0131na yaymaya \u00e7al\u0131\u015fan inan\u00e7l\u0131 bir idealist. \u00c7ocuklu\u011fundan ba\u015flayarak bug\u00fcne ilerlerken tarihsel de\u011feri y\u00fcksek ayr\u0131nt\u0131lar\u0131 g\u00fcn y\u00fcz\u00fcne seriyor. \u2018Sadece Ya\u015fay\u0131p Yazd\u0131klar\u0131m\u2019 ayn\u0131 zamanda bir neslin entelekt\u00fcel hik\u00e2yesi.   \u2018Kendi an\u0131lar\u0131m\u0131 yazmay\u0131 planlarken, olaylar\u0131n dizili\u015fini hayat hikayesi merkezli, ama as\u0131l olarak daha geni\u015f bir \u00e7er\u00e7evede, ya\u015fad\u0131\u011f\u0131m d\u00f6nemin veya baz\u0131 d\u00f6nemlerin toplumsal ve siyasi \u015fartlar\u0131n\u0131n anla\u015f\u0131lmas\u0131na katk\u0131da bulunmay\u0131 ama\u00e7lad\u0131m. O sebeple olaylar kadar, hatta baz\u0131 yerlerde onlardan daha \u00e7ok d\u00f6nemin \u015fartlar\u0131n\u0131 irdelemeye \u00e7al\u0131\u015ft\u0131m. Bu anlamda ya\u015fad\u0131\u011f\u0131m d\u00f6nemin, benim bak\u0131\u015f\u0131mla, \u00f6zet bir toplumsal ve siyasi tarihi de denilebilir.\u2019<\/p>\n","protected":false},"excerpt":{"rendered":"<p>Be\u015fir Atalay\u2026 Akademisyen, y\u00f6netici, stratejist, siyaset\u00e7i\u2026 T\u00fcrkiye\u2019nin \u00f6zellikle 1950\u2019den bu yana i\u00e7inden ge\u00e7ti\u011fi siyasi, sosyo-k\u00fclt\u00fcrel ve ekonomik s\u00fcre\u00e7leri, duyarl\u0131 bir \u00f6zne olarak idrak etmi\u015f tahlilci bir<span class=\"excerpt-hellip\"> [\u2026]<\/span><\/p>\n","protected":false},"featured_media":0,"template":"","meta":{"_monsterinsights_skip_tracking":false,"_monsterinsights_sitenote_active":false,"_monsterinsights_sitenote_note":"","_monsterinsights_sitenote_category":0},"product_brand":[],"product_cat":[14009,12291],"product_tag":[],"class_list":{"0":"post-770308","1":"product","2":"type-product","3":"status-publish","5":"product_cat-biyografi-otobiyografi-edebiyat","6":"product_cat-edebiyat","7":"pa_cilt-ciltsiz","8":"pa_tur-kitap","9":"pa_yayinevi-kapi-yayinlari","10":"pa_yazar-besir-atalay","12":"first","13":"instock","14":"sale","15":"shipping-taxable","16":"purchasable","17":"product-type-simple"},"_links":{"self":[{"href":"https:\/\/roveyayinevi.com.tr\/index.php\/wp-json\/wp\/v2\/product\/770308","targetHints":{"allow":["GET"]}}],"collection":[{"href":"https:\/\/roveyayinevi.com.tr\/index.php\/wp-json\/wp\/v2\/product"}],"about":[{"href":"https:\/\/roveyayinevi.com.tr\/index.php\/wp-json\/wp\/v2\/types\/product"}],"wp:attachment":[{"href":"https:\/\/roveyayinevi.com.tr\/index.php\/wp-json\/wp\/v2\/media?parent=770308"}],"wp:term":[{"taxonomy":"product_brand","embeddable":true,"href":"https:\/\/roveyayinevi.com.tr\/index.php\/wp-json\/wp\/v2\/product_brand?post=770308"},{"taxonomy":"product_cat","embeddable":true,"href":"https:\/\/roveyayinevi.com.tr\/index.php\/wp-json\/wp\/v2\/product_cat?post=770308"},{"taxonomy":"product_tag","embeddable":true,"href":"https:\/\/roveyayinevi.com.tr\/index.php\/wp-json\/wp\/v2\/product_tag?post=770308"}],"curies":[{"name":"wp","href":"https:\/\/api.w.org\/{rel}","templated":true}]}}