{"id":770211,"date":"2025-08-28T14:21:49","date_gmt":"2025-08-28T11:21:49","guid":{"rendered":"https:\/\/roveyayinevi.com.tr\/index.php\/urun\/karanlik-ekoloji\/"},"modified":"2026-04-15T03:36:35","modified_gmt":"2026-04-15T00:36:35","slug":"karanlik-ekoloji","status":"publish","type":"product","link":"https:\/\/roveyayinevi.com.tr\/index.php\/urun\/karanlik-ekoloji\/","title":{"rendered":"Karanl\u0131k Ekoloji"},"content":{"rendered":"<p>Karanl\u0131k Ekoloji, Neolitik \u00c7a\u011f\u2019dan beri sorgulanmadan i\u015fletilen lojistik \u201cprogram\u201d\u0131n ekolojik krizinin izini s\u00fcrer. Karanl\u0131k Ekoloji, ekolojik ger\u00e7ekli\u011fin ilk ba\u015fta, etraf\u0131m\u0131z\u0131 saran, bizlere n\u00fcfuz eden bir dizi ka\u00e7\u0131n\u0131lmaz te\u015fekk\u00fclle m\u00fc\u015fterek varolu\u015fa dair trajik bir melankoli ve olumsuzluk niteliklerine sahip bir fark\u0131ndal\u0131k gerektirdi\u011fini iddia eder ancak paradoksal bir bi\u00e7imde anar\u015fik, komik bir m\u00fc\u015fterek varolu\u015fa do\u011fru evrilir.   Karanl\u0131k Ekoloji depresyon olarak karanl\u0131kta ba\u015flar. Ontolojik gizem olarak karanl\u0131\u011f\u0131 kat eder. Kara tatl\u0131l\u0131kta sona erer.   Timothy Morton, Karanl\u0131k Ekoloji\u2019de bir yandan biyosferdeki yerimizi ayd\u0131nlat\u0131yor, bir yandan da bir arada ya\u015faman\u0131n melankolisi ve olumsuzlu\u011fuyla dolu, ancak d\u00f6ng\u00fc bi\u00e7imini ke\u015ffettik\u00e7e e\u011flenceli, anar\u015fik ve komik bir \u015feye d\u00f6n\u00fc\u015fen ekolojik krizin mant\u0131ksal temellerini ara\u015ft\u0131r\u0131yor. Morton, felsefe, antropoloji, edebiyat, ekoloji ve biyolojiyi bir araya getirerek insan d\u0131\u015f\u0131 varl\u0131klarla ba\u011flar\u0131m\u0131z\u0131 yeniden kurmay\u0131 ve i\u00e7inden ge\u00e7ti\u011fimiz karanl\u0131k, tuhaf d\u00f6ng\u00fcy\u00fc ayd\u0131nlatabilecek oyunbazl\u0131\u011f\u0131 ve ne\u015feyi yeniden ke\u015ffetmemize yard\u0131mc\u0131 olmay\u0131 umuyor. <\/p>\n","protected":false},"excerpt":{"rendered":"<p>Karanl\u0131k Ekoloji, Neolitik \u00c7a\u011f\u2019dan beri sorgulanmadan i\u015fletilen lojistik \u201cprogram\u201d\u0131n ekolojik krizinin izini s\u00fcrer. Karanl\u0131k Ekoloji, ekolojik ger\u00e7ekli\u011fin ilk ba\u015fta, etraf\u0131m\u0131z\u0131 saran, bizlere n\u00fcfuz eden bir dizi<span class=\"excerpt-hellip\"> [\u2026]<\/span><\/p>\n","protected":false},"featured_media":0,"template":"","meta":{"_monsterinsights_skip_tracking":false,"_monsterinsights_sitenote_active":false,"_monsterinsights_sitenote_note":"","_monsterinsights_sitenote_category":0},"product_brand":[],"product_cat":[23323,12364],"product_tag":[],"class_list":{"0":"post-770211","1":"product","2":"type-product","3":"status-publish","5":"product_cat-ekoloji","6":"product_cat-genel-konular","7":"pa_cilt-ciltsiz","8":"pa_tur-kitap","9":"pa_yayinevi-tellekt","10":"pa_yazar-timothy-morton","12":"first","13":"instock","14":"sale","15":"shipping-taxable","16":"purchasable","17":"product-type-simple"},"_links":{"self":[{"href":"https:\/\/roveyayinevi.com.tr\/index.php\/wp-json\/wp\/v2\/product\/770211","targetHints":{"allow":["GET"]}}],"collection":[{"href":"https:\/\/roveyayinevi.com.tr\/index.php\/wp-json\/wp\/v2\/product"}],"about":[{"href":"https:\/\/roveyayinevi.com.tr\/index.php\/wp-json\/wp\/v2\/types\/product"}],"wp:attachment":[{"href":"https:\/\/roveyayinevi.com.tr\/index.php\/wp-json\/wp\/v2\/media?parent=770211"}],"wp:term":[{"taxonomy":"product_brand","embeddable":true,"href":"https:\/\/roveyayinevi.com.tr\/index.php\/wp-json\/wp\/v2\/product_brand?post=770211"},{"taxonomy":"product_cat","embeddable":true,"href":"https:\/\/roveyayinevi.com.tr\/index.php\/wp-json\/wp\/v2\/product_cat?post=770211"},{"taxonomy":"product_tag","embeddable":true,"href":"https:\/\/roveyayinevi.com.tr\/index.php\/wp-json\/wp\/v2\/product_tag?post=770211"}],"curies":[{"name":"wp","href":"https:\/\/api.w.org\/{rel}","templated":true}]}}