{"id":770155,"date":"2025-08-28T14:20:00","date_gmt":"2025-08-28T11:20:00","guid":{"rendered":"https:\/\/roveyayinevi.com.tr\/index.php\/urun\/aydinlik-hareketi-2\/"},"modified":"2026-04-15T03:36:33","modified_gmt":"2026-04-15T00:36:33","slug":"aydinlik-hareketi-2","status":"publish","type":"product","link":"https:\/\/roveyayinevi.com.tr\/index.php\/urun\/aydinlik-hareketi-2\/","title":{"rendered":"Ayd\u0131nl\u0131k Hareketi"},"content":{"rendered":"<p>G\u00fcrakar\u2019\u0131n doktora tezinden derlenen bu kitap, mevcut ve eski Ayd\u0131nl\u0131k\u00e7\u0131larla yap\u0131lan kapsaml\u0131 g\u00f6r\u00fc\u015fmelere dayanan bir saha ara\u015ft\u0131rmas\u0131n\u0131n \u00fcr\u00fcn\u00fc. Okura iki temel vaat sunuyor ve bunu ba\u015far\u0131l\u0131 bir bi\u00e7imde yerine getiriyor:   Bir yandan ulusalc\u0131 tarz-\u0131 siyasetin Ayd\u0131nl\u0131k Hareketi taraf\u0131ndan hangi i\u00e7eriklerle in\u015fa edildi\u011fini ve siyaset prati\u011finde nas\u0131l ara\u00e7salla\u015ft\u0131r\u0131ld\u0131\u011f\u0131n\u0131 ortaya koyarken ulusalc\u0131l\u0131\u011f\u0131n kuramsal ve tarihsel a\u00e7\u0131lardan \u00e2deta \u201carkeolojisine\u201d giri\u015fiyor.   Di\u011fer yandan ise, Ayd\u0131nl\u0131k Hareketi\u2019ni farkl\u0131 siyasal y\u00f6nelimlerin \u00f6ne \u00e7\u0131kt\u0131\u011f\u0131 farkl\u0131 d\u00f6nemler \u00fczerinden ele alarak, onun y\u0131llar i\u00e7indeki d\u00f6n\u00fc\u015f\u00fcm\u00fcn\u00fc tarihsel-sosyolojik bir perspektiften tahlil ediyor.   Kitap, ulusalc\u0131lar\u0131n g\u00fcn\u00fcm\u00fczdeki konumlanmalar\u0131n\u0131 ve kendi aralar\u0131ndaki ayr\u0131\u015fma ve tart\u0131\u015fmalar\u0131n\u0131 anlamak isteyenler i\u00e7in \u00f6nemli bir kaynak olarak \u00f6ne \u00e7\u0131k\u0131yor. <\/p>\n","protected":false},"excerpt":{"rendered":"<p>G\u00fcrakar\u2019\u0131n doktora tezinden derlenen bu kitap, mevcut ve eski Ayd\u0131nl\u0131k\u00e7\u0131larla yap\u0131lan kapsaml\u0131 g\u00f6r\u00fc\u015fmelere dayanan bir saha ara\u015ft\u0131rmas\u0131n\u0131n \u00fcr\u00fcn\u00fc. Okura iki temel vaat sunuyor ve bunu ba\u015far\u0131l\u0131<span class=\"excerpt-hellip\"> [\u2026]<\/span><\/p>\n","protected":false},"featured_media":0,"template":"","meta":{"_monsterinsights_skip_tracking":false,"_monsterinsights_sitenote_active":false,"_monsterinsights_sitenote_note":"","_monsterinsights_sitenote_category":0},"product_brand":[],"product_cat":[12337],"product_tag":[],"class_list":{"0":"post-770155","1":"product","2":"type-product","3":"status-publish","5":"product_cat-politika-siyaset","6":"pa_cilt-ciltsiz","7":"pa_tur-kitap","8":"pa_yayinevi-tekin-yayinevi","9":"pa_yazar-tolga-gurakar","11":"first","12":"instock","13":"sale","14":"shipping-taxable","15":"purchasable","16":"product-type-simple"},"_links":{"self":[{"href":"https:\/\/roveyayinevi.com.tr\/index.php\/wp-json\/wp\/v2\/product\/770155","targetHints":{"allow":["GET"]}}],"collection":[{"href":"https:\/\/roveyayinevi.com.tr\/index.php\/wp-json\/wp\/v2\/product"}],"about":[{"href":"https:\/\/roveyayinevi.com.tr\/index.php\/wp-json\/wp\/v2\/types\/product"}],"wp:attachment":[{"href":"https:\/\/roveyayinevi.com.tr\/index.php\/wp-json\/wp\/v2\/media?parent=770155"}],"wp:term":[{"taxonomy":"product_brand","embeddable":true,"href":"https:\/\/roveyayinevi.com.tr\/index.php\/wp-json\/wp\/v2\/product_brand?post=770155"},{"taxonomy":"product_cat","embeddable":true,"href":"https:\/\/roveyayinevi.com.tr\/index.php\/wp-json\/wp\/v2\/product_cat?post=770155"},{"taxonomy":"product_tag","embeddable":true,"href":"https:\/\/roveyayinevi.com.tr\/index.php\/wp-json\/wp\/v2\/product_tag?post=770155"}],"curies":[{"name":"wp","href":"https:\/\/api.w.org\/{rel}","templated":true}]}}