{"id":769878,"date":"2025-08-28T14:09:58","date_gmt":"2025-08-28T11:09:58","guid":{"rendered":"https:\/\/roveyayinevi.com.tr\/index.php\/urun\/balkan-harbi-hatiralari\/"},"modified":"2026-04-15T03:36:25","modified_gmt":"2026-04-15T00:36:25","slug":"balkan-harbi-hatiralari","status":"publish","type":"product","link":"https:\/\/roveyayinevi.com.tr\/index.php\/urun\/balkan-harbi-hatiralari\/","title":{"rendered":"Balkan Harbi Hat\u0131ralar\u0131"},"content":{"rendered":"<p>Balkan Harbi Hat\u0131ralar\u0131, Osmanl\u0131 \u0130mparatorlu\u011fu\u2019nun Balkanlar\u2019daki 500 y\u0131ll\u0131k h\u00e2kimiyetini sona erdiren ve hem Tu\u0308rk hem Du\u0308nya tarihinde bir d\u00f6nu\u0308m noktas\u0131 say\u0131lan Balkan Harbi\u2019nin ac\u0131 bilan\u00e7osunu g\u00f6zler \u00f6nu\u0308ne seriyor. Balkan Harbi\u2019ne subay olarak kat\u0131lan \u00d6mer Seyfettin\u2019in cephe gerisinde kaleme ald\u0131\u011f\u0131 gu\u0308nlu\u0308kler; sava\u015f\u0131n ku\u0308\u00e7u\u0308k, bu\u0308yu\u0308k, insan, hayvan ay\u0131rmadan herkesin u\u0308zerine \u00e7\u00f6ken vah\u015fetine, askerlerin zor ko\u015fullarda verdikleri mu\u0308cadelelere, \u00e7\u0131lg\u0131nca fedak\u00e2rl\u0131\u011fa ve karanl\u0131klar\u0131n ard\u0131na gizlenen inanca, u\u0308mide tan\u0131kl\u0131k eden \u00e7arp\u0131c\u0131 bir vesika sunuyor. Tahsin Y\u0131ld\u0131r\u0131m\u2019\u0131n, \u00d6mer Seyfettin\u2019in hayat\u0131, sanat\u0131, eserleri, eserlerindeki Balkan co\u011frafyas\u0131 ve Balkan Harpleri u\u0308zerine ger\u00e7ekle\u015ftirdi\u011fi ara\u015ft\u0131rma ve analizlerle zenginle\u015fen bu eser, tarihi ke\u015ffe \u00e7\u0131kmak isteyen okurlar i\u00e7in \u00f6\u011fretici bir rehber oldu\u011fu gibi i\u00e7li ve kederli de bir aynad\u0131r.<\/p>\n","protected":false},"excerpt":{"rendered":"<p>Balkan Harbi Hat\u0131ralar\u0131, Osmanl\u0131 \u0130mparatorlu\u011fu\u2019nun Balkanlar\u2019daki 500 y\u0131ll\u0131k h\u00e2kimiyetini sona erdiren ve hem Tu\u0308rk hem Du\u0308nya tarihinde bir d\u00f6nu\u0308m noktas\u0131 say\u0131lan Balkan Harbi\u2019nin ac\u0131 bilan\u00e7osunu g\u00f6zler<span class=\"excerpt-hellip\"> [\u2026]<\/span><\/p>\n","protected":false},"featured_media":0,"template":"","meta":{"_monsterinsights_skip_tracking":false,"_monsterinsights_sitenote_active":false,"_monsterinsights_sitenote_note":"","_monsterinsights_sitenote_category":0},"product_brand":[],"product_cat":[13701,12291],"product_tag":[],"class_list":{"0":"post-769878","1":"product","2":"type-product","3":"status-publish","5":"product_cat-ani-mektup-gunluk","6":"product_cat-edebiyat","7":"pa_cilt-ciltsiz","8":"pa_tur-kitap","9":"pa_yayinevi-ketebe-yayinlari","10":"pa_yazar-omer-seyfettin","12":"first","13":"instock","14":"sale","15":"shipping-taxable","16":"purchasable","17":"product-type-simple"},"_links":{"self":[{"href":"https:\/\/roveyayinevi.com.tr\/index.php\/wp-json\/wp\/v2\/product\/769878","targetHints":{"allow":["GET"]}}],"collection":[{"href":"https:\/\/roveyayinevi.com.tr\/index.php\/wp-json\/wp\/v2\/product"}],"about":[{"href":"https:\/\/roveyayinevi.com.tr\/index.php\/wp-json\/wp\/v2\/types\/product"}],"wp:attachment":[{"href":"https:\/\/roveyayinevi.com.tr\/index.php\/wp-json\/wp\/v2\/media?parent=769878"}],"wp:term":[{"taxonomy":"product_brand","embeddable":true,"href":"https:\/\/roveyayinevi.com.tr\/index.php\/wp-json\/wp\/v2\/product_brand?post=769878"},{"taxonomy":"product_cat","embeddable":true,"href":"https:\/\/roveyayinevi.com.tr\/index.php\/wp-json\/wp\/v2\/product_cat?post=769878"},{"taxonomy":"product_tag","embeddable":true,"href":"https:\/\/roveyayinevi.com.tr\/index.php\/wp-json\/wp\/v2\/product_tag?post=769878"}],"curies":[{"name":"wp","href":"https:\/\/api.w.org\/{rel}","templated":true}]}}