{"id":769776,"date":"2025-08-28T14:06:35","date_gmt":"2025-08-28T11:06:35","guid":{"rendered":"https:\/\/roveyayinevi.com.tr\/index.php\/urun\/20-yuzyil-avrupa-iktisat-tarihi\/"},"modified":"2026-04-15T03:35:50","modified_gmt":"2026-04-15T00:35:50","slug":"20-yuzyil-avrupa-iktisat-tarihi","status":"publish","type":"product","link":"https:\/\/roveyayinevi.com.tr\/index.php\/urun\/20-yuzyil-avrupa-iktisat-tarihi\/","title":{"rendered":"20. Y\u00fczy\u0131l Avrupa \u0130ktisat Tarihi"},"content":{"rendered":"<p>Avrupa iktisat tarihinin \u00f6nde gelen isimlerinden Ivan T. Berend, 20. y\u00fczy\u0131l\u0131n ba\u015flang\u0131c\u0131ndan g\u00fcn\u00fcm\u00fcze ekonomik rejimleri ve uygulamalar\u0131n\u0131 \u00e7e\u015fitli y\u00f6nleriyle ele alan \u00f6nc\u00fc eserinin bu yeni bask\u0131s\u0131nda, 2008 finansal-ekonomik krizinin sebepleri ve etkileri de dahil, yak\u0131n d\u00f6nemdeki olaylar\u0131 da kapsayan bir g\u00fcncelleme yap\u0131yor. Berend\u2019in bu \u00e7ok \u00f6nemli \u00e7al\u0131\u015fmas\u0131 krizleri, devrimleri, sava\u015flar\u0131 ve benzersiz teknolojik ba\u015far\u0131lar\u0131yla tam bir \u201ca\u015f\u0131r\u0131l\u0131klar \u00e7a\u011f\u0131\u201d olan 20. y\u00fczy\u0131l\u0131, Avrupa&#8217;daki \u00e7e\u015fitli iktisadi rejimlerin y\u00fckseli\u015f ve d\u00fc\u015f\u00fc\u015f s\u00fcre\u00e7leri \u00fczerinden inceliyor. 20. Y\u00fczy\u0131l Avrupa \u0130ktisat Tarihi, \u201dlaissez faire\u201d rejiminden Keynes\u2019\u00e7i m\u00fcdahalelere, totaliter sistemlerin ekonomik dirijizminden karma ekonomiye ve refah devletinin y\u00fckseli\u015fine, en nihayetinde de k\u00fcreselle\u015fmeye, 2008 krizinin ard\u0131ndan Avrupa\u2019n\u0131n son d\u00f6nemdeki ekonomik sorunlar\u0131na uzanan, Avrupa\u2019n\u0131n iktisadi geli\u015fiminin b\u00fct\u00fcnc\u00fcl, k\u0131yaslamal\u0131 bir anlat\u0131s\u0131n\u0131 sunuyor. \u0130ktisat tarihini siyasal tarihle i\u00e7 i\u00e7e ve son derece kolay okunacak bir \u015fekilde anlatan bu kitap, Avrupa&#8217;n\u0131n \u00e7e\u015fitli b\u00f6lgeleri aras\u0131ndaki kar\u015f\u0131la\u015ft\u0131rmal\u0131 yakla\u015f\u0131m\u0131 ve neden-sonu\u00e7 ili\u015fkilerindeki parlak yorumlar\u0131yla \u00f6nemli bir bo\u015flu\u011fu dolduruyor. \u201cIvan Berend\u2019in kitab\u0131 20. y\u00fczy\u0131l Avrupa\u2019s\u0131nda iktisadi b\u00fcy\u00fcme ve kalk\u0131nma incelemeleri i\u00e7in yeni ufuklar a\u00e7\u0131yor. Bu \u00e7al\u0131\u015fma, sadece Bat\u0131 Avrupa\u2019ya odaklanmak yerine, \u0130skandinavya, \u0130rlanda, Portekiz, Akdeniz, Orta Avrupa, G\u00fcneydo\u011fu Avrupa \u00fclkelerini, Rusya ve Balkanlar\u2019\u0131 da kapsama alan\u0131na al\u0131yor. Bunun sonucunda da, iktisadi b\u00fcy\u00fcme ve performans konusunda b\u00fcy\u00fcleyici bir kar\u015f\u0131la\u015ft\u0131rmal\u0131 perspektif ortaya \u00e7\u0131k\u0131yor; bunun ideolojik, politik kurumsal \u00e7er\u00e7evesi de gerek ulusal gerekse Avrupa ve k\u00fcresel \u00f6l\u00e7ekli bir perspektiften de\u011ferlendiriliyor.\u201d                                                                                                                   Herman Van der Wee, Leuven \u00dcniversitesi. <\/p>\n","protected":false},"excerpt":{"rendered":"<p>Avrupa iktisat tarihinin \u00f6nde gelen isimlerinden Ivan T. Berend, 20. y\u00fczy\u0131l\u0131n ba\u015flang\u0131c\u0131ndan g\u00fcn\u00fcm\u00fcze ekonomik rejimleri ve uygulamalar\u0131n\u0131 \u00e7e\u015fitli y\u00f6nleriyle ele alan \u00f6nc\u00fc eserinin bu yeni bask\u0131s\u0131nda,<span class=\"excerpt-hellip\"> [\u2026]<\/span><\/p>\n","protected":false},"featured_media":0,"template":"","meta":{"_monsterinsights_skip_tracking":false,"_monsterinsights_sitenote_active":false,"_monsterinsights_sitenote_note":"","_monsterinsights_sitenote_category":0},"product_brand":[],"product_cat":[13044,13043],"product_tag":[],"class_list":{"0":"post-769776","1":"product","2":"type-product","3":"status-publish","5":"product_cat-dunya-ekonomisi","6":"product_cat-ekonomi","7":"pa_cilt-ciltsiz","8":"pa_tur-kitap","9":"pa_yayinevi-is-bankasi-kultur-yayinlari","10":"pa_yazar-ivan-t-berend","12":"first","13":"instock","14":"sale","15":"shipping-taxable","16":"purchasable","17":"product-type-simple"},"_links":{"self":[{"href":"https:\/\/roveyayinevi.com.tr\/index.php\/wp-json\/wp\/v2\/product\/769776","targetHints":{"allow":["GET"]}}],"collection":[{"href":"https:\/\/roveyayinevi.com.tr\/index.php\/wp-json\/wp\/v2\/product"}],"about":[{"href":"https:\/\/roveyayinevi.com.tr\/index.php\/wp-json\/wp\/v2\/types\/product"}],"wp:attachment":[{"href":"https:\/\/roveyayinevi.com.tr\/index.php\/wp-json\/wp\/v2\/media?parent=769776"}],"wp:term":[{"taxonomy":"product_brand","embeddable":true,"href":"https:\/\/roveyayinevi.com.tr\/index.php\/wp-json\/wp\/v2\/product_brand?post=769776"},{"taxonomy":"product_cat","embeddable":true,"href":"https:\/\/roveyayinevi.com.tr\/index.php\/wp-json\/wp\/v2\/product_cat?post=769776"},{"taxonomy":"product_tag","embeddable":true,"href":"https:\/\/roveyayinevi.com.tr\/index.php\/wp-json\/wp\/v2\/product_tag?post=769776"}],"curies":[{"name":"wp","href":"https:\/\/api.w.org\/{rel}","templated":true}]}}