{"id":769642,"date":"2025-08-28T14:02:16","date_gmt":"2025-08-28T11:02:16","guid":{"rendered":"https:\/\/roveyayinevi.com.tr\/index.php\/urun\/kibrisin-sesi-dr-fazil-kucuk-ve-turk-toplumunun-hak-arayisi\/"},"modified":"2026-04-15T03:35:47","modified_gmt":"2026-04-15T00:35:47","slug":"kibrisin-sesi-dr-fazil-kucuk-ve-turk-toplumunun-hak-arayisi","status":"publish","type":"product","link":"https:\/\/roveyayinevi.com.tr\/index.php\/urun\/kibrisin-sesi-dr-fazil-kucuk-ve-turk-toplumunun-hak-arayisi\/","title":{"rendered":"K\u0131br\u0131s\u2019\u0131n Sesi: Dr. Faz\u0131l K\u00fc\u00e7\u00fck ve T\u00fcrk Toplumunun Hak Aray\u0131\u015f\u0131"},"content":{"rendered":"<p>K\u0131br\u0131s\u2019\u0131n Sesi: Dr. Faz\u0131l K\u00fc\u00e7\u00fck ve T\u00fcrk Toplumunun Hak Aray\u0131\u015f\u0131, K\u0131br\u0131s T\u00fcrk halk\u0131n\u0131n hak ve \u00f6zg\u00fcrl\u00fck m\u00fccadelesini \u201cK\u0131br\u0131s Bar\u0131\u015f Harekat\u0131\u2019n\u0131n 50. y\u0131l\u0131\u201d vesilesiyle etrafl\u0131ca ele alan bir ba\u015fucu eseridir.     Dr. Senem Civgin\u2019in kaleminden \u00e7\u0131kan bu kitap, yaln\u0131zca K\u0131br\u0131s T\u00fcrk toplumunun de\u011fil, ayn\u0131 zamanda t\u00fcm T\u00fcrk d\u00fcnyas\u0131n\u0131n minnetle and\u0131\u011f\u0131 b\u00fcy\u00fck bir lider olan Dr. Faz\u0131l K\u00fc\u00e7\u00fck\u2019\u00fcn ya\u015fam\u0131 ile varolu\u015f ve beka m\u00fccadelesini derinlemesine inceliyor.      Kitap, vefat\u0131n\u0131n 40. y\u0131l\u0131nda Dr. Faz\u0131l K\u00fc\u00e7\u00fck\u2019\u00fcn \u00e7ocukluk y\u0131llar\u0131ndan ba\u015flayan, hekimlik, siyaset, gazetecilik ve liderlik ser\u00fcveni boyunca K\u0131br\u0131s T\u00fcrk halk\u0131n\u0131n haklar\u0131n\u0131 savunma yolundaki \u00e7ok y\u00f6nl\u00fc ve kararl\u0131 m\u00fccadelesini, okurlar\u0131n dikkatine sunuyor.<\/p>\n","protected":false},"excerpt":{"rendered":"<p>K\u0131br\u0131s\u2019\u0131n Sesi: Dr. Faz\u0131l K\u00fc\u00e7\u00fck ve T\u00fcrk Toplumunun Hak Aray\u0131\u015f\u0131, K\u0131br\u0131s T\u00fcrk halk\u0131n\u0131n hak ve \u00f6zg\u00fcrl\u00fck m\u00fccadelesini \u201cK\u0131br\u0131s Bar\u0131\u015f Harekat\u0131\u2019n\u0131n 50. y\u0131l\u0131\u201d vesilesiyle etrafl\u0131ca ele alan<span class=\"excerpt-hellip\"> [\u2026]<\/span><\/p>\n","protected":false},"featured_media":0,"template":"","meta":{"_monsterinsights_skip_tracking":false,"_monsterinsights_sitenote_active":false,"_monsterinsights_sitenote_note":"","_monsterinsights_sitenote_category":0},"product_brand":[],"product_cat":[13946,12304],"product_tag":[],"class_list":{"0":"post-769642","1":"product","2":"type-product","3":"status-publish","5":"product_cat-biyografi-otobiyografi","6":"product_cat-tarih","7":"pa_cilt-ciltsiz","8":"pa_tur-kitap","9":"pa_yayinevi-bilge-kultur-sanat","10":"pa_yazar-senem-civgin","12":"first","13":"instock","14":"sale","15":"shipping-taxable","16":"purchasable","17":"product-type-simple"},"_links":{"self":[{"href":"https:\/\/roveyayinevi.com.tr\/index.php\/wp-json\/wp\/v2\/product\/769642","targetHints":{"allow":["GET"]}}],"collection":[{"href":"https:\/\/roveyayinevi.com.tr\/index.php\/wp-json\/wp\/v2\/product"}],"about":[{"href":"https:\/\/roveyayinevi.com.tr\/index.php\/wp-json\/wp\/v2\/types\/product"}],"wp:attachment":[{"href":"https:\/\/roveyayinevi.com.tr\/index.php\/wp-json\/wp\/v2\/media?parent=769642"}],"wp:term":[{"taxonomy":"product_brand","embeddable":true,"href":"https:\/\/roveyayinevi.com.tr\/index.php\/wp-json\/wp\/v2\/product_brand?post=769642"},{"taxonomy":"product_cat","embeddable":true,"href":"https:\/\/roveyayinevi.com.tr\/index.php\/wp-json\/wp\/v2\/product_cat?post=769642"},{"taxonomy":"product_tag","embeddable":true,"href":"https:\/\/roveyayinevi.com.tr\/index.php\/wp-json\/wp\/v2\/product_tag?post=769642"}],"curies":[{"name":"wp","href":"https:\/\/api.w.org\/{rel}","templated":true}]}}