{"id":769628,"date":"2025-08-28T14:01:00","date_gmt":"2025-08-28T11:01:00","guid":{"rendered":"https:\/\/roveyayinevi.com.tr\/index.php\/urun\/1789-fransiz-devrimi\/"},"modified":"2026-04-15T03:35:47","modified_gmt":"2026-04-15T00:35:47","slug":"1789-fransiz-devrimi","status":"publish","type":"product","link":"https:\/\/roveyayinevi.com.tr\/index.php\/urun\/1789-fransiz-devrimi\/","title":{"rendered":"1789 Frans\u0131z Devrimi"},"content":{"rendered":"<p>Frans\u0131z Devrimi \u00fczerine ara\u015ft\u0131rmalar\u0131yla nam salm\u0131\u015f George Lefebvre bu eserinde Frans\u0131z Devrimi\u2019ne dair e\u015fsiz bir anlat\u0131 sunuyor. Michel Biard ve Herv\u00e9 Leuwers ise esere yazd\u0131klar\u0131 \u00f6ns\u00f6zde kitab\u0131n \u00f6neminden \u00e7ok maceras\u0131ndan s\u00f6z ediyor. \u00c7\u00fcnk\u00fc eserin neredeyse b\u00fct\u00fcn kopyalar\u0131 Nazilerin Fransa\u2019y\u0131 i\u015fgali esnas\u0131nda yak\u0131lm\u0131\u015f ve eser yasaklanm\u0131\u015ft\u0131r. Ancak adeta yolculuk yapan kitap d\u00fcnyan\u0131n \u00f6te taraflar\u0131nda bas\u0131lm\u0131\u015f, okunmu\u015f ve hatta yazar\u0131na dahi yeniden ula\u015fm\u0131\u015ft\u0131r. Kitap uzunca bir s\u00fcre Fransa\u2019da olamam\u0131\u015f, ancak i\u015fgalin ard\u0131ndan ve daha insani zamanlarda tekrar bas\u0131lm\u0131\u015ft\u0131r. <\/p>\n","protected":false},"excerpt":{"rendered":"<p>Frans\u0131z Devrimi \u00fczerine ara\u015ft\u0131rmalar\u0131yla nam salm\u0131\u015f George Lefebvre bu eserinde Frans\u0131z Devrimi\u2019ne dair e\u015fsiz bir anlat\u0131 sunuyor. Michel Biard ve Herv\u00e9 Leuwers ise esere yazd\u0131klar\u0131 \u00f6ns\u00f6zde<span class=\"excerpt-hellip\"> [\u2026]<\/span><\/p>\n","protected":false},"featured_media":0,"template":"","meta":{"_monsterinsights_skip_tracking":false,"_monsterinsights_sitenote_active":false,"_monsterinsights_sitenote_note":"","_monsterinsights_sitenote_category":0},"product_brand":[],"product_cat":[12305,12304],"product_tag":[],"class_list":{"0":"post-769628","1":"product","2":"type-product","3":"status-publish","5":"product_cat-dunya-tarihi","6":"product_cat-tarih","7":"pa_cilt-ciltsiz","8":"pa_tur-kitap","9":"pa_yayinevi-inkilap-kitabevi","10":"pa_yazar-georges-lefebvre","12":"first","13":"instock","14":"sale","15":"shipping-taxable","16":"purchasable","17":"product-type-simple"},"_links":{"self":[{"href":"https:\/\/roveyayinevi.com.tr\/index.php\/wp-json\/wp\/v2\/product\/769628","targetHints":{"allow":["GET"]}}],"collection":[{"href":"https:\/\/roveyayinevi.com.tr\/index.php\/wp-json\/wp\/v2\/product"}],"about":[{"href":"https:\/\/roveyayinevi.com.tr\/index.php\/wp-json\/wp\/v2\/types\/product"}],"wp:attachment":[{"href":"https:\/\/roveyayinevi.com.tr\/index.php\/wp-json\/wp\/v2\/media?parent=769628"}],"wp:term":[{"taxonomy":"product_brand","embeddable":true,"href":"https:\/\/roveyayinevi.com.tr\/index.php\/wp-json\/wp\/v2\/product_brand?post=769628"},{"taxonomy":"product_cat","embeddable":true,"href":"https:\/\/roveyayinevi.com.tr\/index.php\/wp-json\/wp\/v2\/product_cat?post=769628"},{"taxonomy":"product_tag","embeddable":true,"href":"https:\/\/roveyayinevi.com.tr\/index.php\/wp-json\/wp\/v2\/product_tag?post=769628"}],"curies":[{"name":"wp","href":"https:\/\/api.w.org\/{rel}","templated":true}]}}