{"id":769569,"date":"2025-08-28T13:59:11","date_gmt":"2025-08-28T10:59:11","guid":{"rendered":"https:\/\/roveyayinevi.com.tr\/index.php\/urun\/bektasilik\/"},"modified":"2026-04-15T03:35:45","modified_gmt":"2026-04-15T00:35:45","slug":"bektasilik","status":"publish","type":"product","link":"https:\/\/roveyayinevi.com.tr\/index.php\/urun\/bektasilik\/","title":{"rendered":"Bekta\u015filik"},"content":{"rendered":"<p>Elinizdeki kitap tasavvuf tarihi ara\u015ft\u0131rmalar\u0131n\u0131n d\u00fcnyaca \u00fcnl\u00fc uzman\u0131 Prof. Dr. Ahmet Ya\u015far Ocak\u2019\u0131n elli y\u0131ld\u0131r i\u011fneyle kuyu kazarcas\u0131na s\u00fcrd\u00fcrd\u00fc\u011f\u00fc Hac\u0131 Bekta\u015f-\u0131 Veli\u2019nin ger\u00e7ek kimli\u011fine ve Bekta\u015f\u00eeli\u011fe dair ara\u015ft\u0131rmalar\u0131n\u0131n k\u0131sa ve \u00f6zl\u00fc bir anlat\u0131m\u0131\u2026 Hac\u0131 Bekta\u015f-\u0131 Veli, as\u0131rlard\u0131r Bekta\u015f\u00eelerin ve Alev\u00eelerin inan\u00e7 d\u00fcnyalar\u0131nda, toplumsal hayat ve k\u00fclt\u00fcrlerinde Hz. Ali\u2019den sonraki en temel \u015fahsiyet olarak yerini koruyor. Peki S\u00fcnn\u00ee bir mutasavv\u0131f m\u0131 S\u00fcnn\u00eelik d\u0131\u015f\u0131 bir \u0130slam anlay\u0131\u015f\u0131n\u0131n temsilcisi mi? Yoksa haks\u0131zl\u0131klara kar\u015f\u0131 direnen \u201cemek\u00e7i, hak\u00e7a payla\u015f\u0131mc\u0131\u201d bir halk lideri mi? Ocak\u2019\u0131n kitapta cevab\u0131n\u0131 arad\u0131\u011f\u0131 kritik sorular bunlarla s\u0131n\u0131rl\u0131 de\u011fil\u2026 \u2022 Bekta\u015f\u00eeli\u011fin K\u0131z\u0131lba\u015fl\u0131k ve Alev\u00eelikle benzer ve farkl\u0131 y\u00f6nleri neler? \u2022 Hac\u0131 Bekta\u015f-\u0131 Veli cezbeli bir dervi\u015f miydi yoksa derin bir \u0130slam \u00e2limi miydi? \u2022 Makal\u00e2t\u2019\u0131 ger\u00e7ekten o mu yazd\u0131? \u2022 Anadolu\u2019daki isyanlar ile Bekta\u015f\u00eeli\u011fin ba\u011flant\u0131s\u0131 nedir? \u2022 Hristiyanlar ni\u00e7in ona Aziz Charalambos diyor? \u2022 Bekta\u015f\u00ee tarikat\u0131n\u0131n kurucusu ve ilk resm\u00ee \u015feyhi kimdi?\u2022 Bekta\u015f\u00eelikteki Hur\u00fbf\u00ee ve \u015ei\u00ee izleri neler?\u2022 Tarikata giri\u015f merasimi nas\u0131l yap\u0131l\u0131yor?Menk\u0131belerden kroniklere, biyografilerden ar\u015fiv belgelerine birincil kaynaklar\u0131n ele\u015ftirel bir g\u00f6zle okunmas\u0131yla kaleme al\u0131nan Bekta\u015f\u00eelik: Tarih, \u0130nan\u00e7, Efsane 13. y\u00fczy\u0131lda Anadolu\u2019daki din\u00ee, sosyal ve siyasi hareketlerin etkisiyle ortaya \u00e7\u0131kan ve g\u00fcn\u00fcm\u00fcze kadar gelen bir tarikat\u0131n tarihine, tarikat adab\u0131na, siyasetle ili\u015fkisine ve sosyal yap\u0131s\u0131na odaklan\u0131yor.<\/p>\n","protected":false},"excerpt":{"rendered":"<p>Elinizdeki kitap tasavvuf tarihi ara\u015ft\u0131rmalar\u0131n\u0131n d\u00fcnyaca \u00fcnl\u00fc uzman\u0131 Prof. Dr. Ahmet Ya\u015far Ocak\u2019\u0131n elli y\u0131ld\u0131r i\u011fneyle kuyu kazarcas\u0131na s\u00fcrd\u00fcrd\u00fc\u011f\u00fc Hac\u0131 Bekta\u015f-\u0131 Veli\u2019nin ger\u00e7ek kimli\u011fine ve Bekta\u015f\u00eeli\u011fe<span class=\"excerpt-hellip\"> [\u2026]<\/span><\/p>\n","protected":false},"featured_media":0,"template":"","meta":{"_monsterinsights_skip_tracking":false,"_monsterinsights_sitenote_active":false,"_monsterinsights_sitenote_note":"","_monsterinsights_sitenote_category":0},"product_brand":[],"product_cat":[12370,12304],"product_tag":[],"class_list":{"0":"post-769569","1":"product","2":"type-product","3":"status-publish","5":"product_cat-arastirma-inceleme","6":"product_cat-tarih","7":"pa_cilt-ciltsiz","8":"pa_tur-kitap","9":"pa_yayinevi-timas-yayinlari","10":"pa_yazar-ahmet-yasar-ocak","12":"first","13":"instock","14":"sale","15":"shipping-taxable","16":"purchasable","17":"product-type-simple"},"_links":{"self":[{"href":"https:\/\/roveyayinevi.com.tr\/index.php\/wp-json\/wp\/v2\/product\/769569","targetHints":{"allow":["GET"]}}],"collection":[{"href":"https:\/\/roveyayinevi.com.tr\/index.php\/wp-json\/wp\/v2\/product"}],"about":[{"href":"https:\/\/roveyayinevi.com.tr\/index.php\/wp-json\/wp\/v2\/types\/product"}],"wp:attachment":[{"href":"https:\/\/roveyayinevi.com.tr\/index.php\/wp-json\/wp\/v2\/media?parent=769569"}],"wp:term":[{"taxonomy":"product_brand","embeddable":true,"href":"https:\/\/roveyayinevi.com.tr\/index.php\/wp-json\/wp\/v2\/product_brand?post=769569"},{"taxonomy":"product_cat","embeddable":true,"href":"https:\/\/roveyayinevi.com.tr\/index.php\/wp-json\/wp\/v2\/product_cat?post=769569"},{"taxonomy":"product_tag","embeddable":true,"href":"https:\/\/roveyayinevi.com.tr\/index.php\/wp-json\/wp\/v2\/product_tag?post=769569"}],"curies":[{"name":"wp","href":"https:\/\/api.w.org\/{rel}","templated":true}]}}