{"id":769449,"date":"2025-08-28T13:55:31","date_gmt":"2025-08-28T10:55:31","guid":{"rendered":"https:\/\/roveyayinevi.com.tr\/index.php\/urun\/80-yilinda-imf-ve-istikrar-politikalari\/"},"modified":"2026-04-15T03:35:42","modified_gmt":"2026-04-15T00:35:42","slug":"80-yilinda-imf-ve-istikrar-politikalari","status":"publish","type":"product","link":"https:\/\/roveyayinevi.com.tr\/index.php\/urun\/80-yilinda-imf-ve-istikrar-politikalari\/","title":{"rendered":"80. Y\u0131l\u0131nda IMF ve \u0130stikrar Politikalar\u0131"},"content":{"rendered":"<p>Uluslararas\u0131 Para Fonu (IMF), k\u00fcresel ekonomiyi \u015fekillendiren en etkili kurumlardan biri oldu. 1944\u2019te kurulan ve 80 y\u0131l\u0131 geride b\u0131rakan IMF, sava\u015f sonras\u0131 ekonomik d\u00fczeni in\u015fa etmenin yan\u0131 s\u0131ra, krizlerle bo\u011fu\u015fan \u00fclkeler i\u00e7in bir kurtar\u0131c\u0131 m\u0131, yoksa ba\u011f\u0131ml\u0131l\u0131k yaratan bir d\u00fczenin par\u00e7as\u0131 m\u0131 oldu?   Bu kitap, tarihsel olaylar\u0131 detaylar\u0131yla ele alarak, IMF-T\u00fcrkiye ili\u015fkisini geni\u015f bir perspektifle de\u011ferlendiriyor. Ekonomik politikalar\u0131n arka plan\u0131n\u0131, siyasi kararlar\u0131n etkilerini ve IMF ile \u00fclkelerin y\u00fcr\u00fctt\u00fckleri s\u00fcre\u00e7lerin \u00fclkelere kazand\u0131rd\u0131klar\u0131 ve kaybettirdiklerini analiz eden bu eser, ekonomi ve politika merakl\u0131lar\u0131 i\u00e7in \u00f6nemli bir kaynak niteli\u011findedir.<\/p>\n","protected":false},"excerpt":{"rendered":"<p>Uluslararas\u0131 Para Fonu (IMF), k\u00fcresel ekonomiyi \u015fekillendiren en etkili kurumlardan biri oldu. 1944\u2019te kurulan ve 80 y\u0131l\u0131 geride b\u0131rakan IMF, sava\u015f sonras\u0131 ekonomik d\u00fczeni in\u015fa etmenin<span class=\"excerpt-hellip\"> [\u2026]<\/span><\/p>\n","protected":false},"featured_media":0,"template":"","meta":{"_monsterinsights_skip_tracking":false,"_monsterinsights_sitenote_active":false,"_monsterinsights_sitenote_note":"","_monsterinsights_sitenote_category":0},"product_brand":[],"product_cat":[12337],"product_tag":[],"class_list":{"0":"post-769449","1":"product","2":"type-product","3":"status-publish","5":"product_cat-politika-siyaset","6":"pa_cilt-ciltsiz","7":"pa_tur-kitap","8":"pa_yayinevi-efil-yayinevi","9":"pa_yazar-kolektif","11":"first","12":"instock","13":"sale","14":"shipping-taxable","15":"purchasable","16":"product-type-simple"},"_links":{"self":[{"href":"https:\/\/roveyayinevi.com.tr\/index.php\/wp-json\/wp\/v2\/product\/769449","targetHints":{"allow":["GET"]}}],"collection":[{"href":"https:\/\/roveyayinevi.com.tr\/index.php\/wp-json\/wp\/v2\/product"}],"about":[{"href":"https:\/\/roveyayinevi.com.tr\/index.php\/wp-json\/wp\/v2\/types\/product"}],"wp:attachment":[{"href":"https:\/\/roveyayinevi.com.tr\/index.php\/wp-json\/wp\/v2\/media?parent=769449"}],"wp:term":[{"taxonomy":"product_brand","embeddable":true,"href":"https:\/\/roveyayinevi.com.tr\/index.php\/wp-json\/wp\/v2\/product_brand?post=769449"},{"taxonomy":"product_cat","embeddable":true,"href":"https:\/\/roveyayinevi.com.tr\/index.php\/wp-json\/wp\/v2\/product_cat?post=769449"},{"taxonomy":"product_tag","embeddable":true,"href":"https:\/\/roveyayinevi.com.tr\/index.php\/wp-json\/wp\/v2\/product_tag?post=769449"}],"curies":[{"name":"wp","href":"https:\/\/api.w.org\/{rel}","templated":true}]}}