{"id":769312,"date":"2025-08-28T13:49:29","date_gmt":"2025-08-28T10:49:29","guid":{"rendered":"https:\/\/roveyayinevi.com.tr\/index.php\/urun\/kralice-ve-sifa\/"},"modified":"2026-04-15T03:35:39","modified_gmt":"2026-04-15T00:35:39","slug":"kralice-ve-sifa","status":"publish","type":"product","link":"https:\/\/roveyayinevi.com.tr\/index.php\/urun\/kralice-ve-sifa\/","title":{"rendered":"Krali\u00e7e ve \u015eifa"},"content":{"rendered":"<p>Kjell, iyi biri de\u011fildi. Yu\u0308ce g\u00f6nu\u0308llu\u0308 de\u011fildi. G\u00f6zu\u0308 pek ya da merhametli de\u011fildi. Onu seviyordu sadece ve bu a\u015fk onu daha iyi bir adam yap\u0131yordu. Hepsi buydu.Jerulu Kjell, bir sava\u015f\u00e7\u0131yd\u0131; Kral Muhaf\u0131zlar\u0131\u2019n\u0131n komutan\u0131, k\u0131l\u0131c\u0131yla \u00fclkesinin kaderini \u00e7izen bir adamd\u0131. Her zaman kim oldu\u011funun fark\u0131ndayd\u0131 ve hi\u00e7bir zaman taht\u0131n sahibi karde\u015finin yerini istememi\u015f ve g\u00fcc\u00fcn\u00fc sorgulamam\u0131\u015ft\u0131. Fakat ge\u00e7mi\u015finden ka\u00e7man\u0131n imk\u00e2ns\u0131z oldu\u011funu fark etti\u011finde, t\u00fcm hayat\u0131 de\u011fi\u015fti. Kjell yaln\u0131zca bir sava\u015f\u00e7\u0131 de\u011fil, ayn\u0131 zamanda bir \u015fifac\u0131yd\u0131 ve bu ger\u00e7ek, onu inand\u0131\u011f\u0131 her \u015feye meydan okumak zorunda b\u0131rakacakt\u0131.Kalbinde ta\u015f\u0131d\u0131\u011f\u0131 yetene\u011fi, pi\u015fmanl\u0131klar\u0131 ve sorumluluklar\u0131yla bo\u011fu\u015fan Kjell; Volgar\u2019\u0131n son kal\u0131nt\u0131lar\u0131n\u0131 yok etmek i\u00e7in \u00e7\u0131kt\u0131\u011f\u0131 g\u00f6revde \u00f6l\u00fcmle burun buruna gelmi\u015f ve yolu, ge\u00e7mi\u015fine dair hi\u00e7bir \u015fey hat\u0131rlamayan gizemli bir kad\u0131nla kesi\u015fmi\u015fti. Kad\u0131n, g\u00f6zlerini a\u00e7t\u0131\u011f\u0131nda kar\u015f\u0131s\u0131nda Kjell\u2019i buldu. Yabanc\u0131yd\u0131 ama bir \u015fekilde tan\u0131d\u0131kt\u0131 da. Belki de kader, onlar\u0131 birbirine do\u011fru usulca s\u00fcr\u00fcklemi\u015fti.Ancak Kjell, bu yolculukta en b\u00fcy\u00fck s\u0131nav\u0131 k\u0131l\u0131c\u0131yla de\u011fil, kalbiyle vermek zorunda kalacakt\u0131. \u00c7\u00fcnk\u00fc en b\u00fcy\u00fck sava\u015f kaderden ka\u00e7mak de\u011fil, ona teslim olmakt\u0131.&#8221;Dokunakl\u0131, canl\u0131 ve g\u00f6rkemli! Y\u00fcrek par\u00e7alayan ama ayn\u0131 zamanda iyile\u015ftiren bir hik\u00e2ye. Bu zamana kadar en sevdi\u011fim kitaplardan biri.&#8221;\u2014Mia Sheridan&#8221;Bu muhte\u015fem hik\u00e2yeye dair her \u015feye bay\u0131ld\u0131k. Bu kitab\u0131 sadece okumad\u0131k, \u00e2deta bir maceraya at\u0131ld\u0131k. Ve o romantizm! Kitab\u0131n romantizmi b\u00fcy\u00fcleyici, ba\u015ftan \u00e7\u0131kar\u0131c\u0131 ve inan\u0131lmaz g\u00fczeldi! Kendimizi bu e\u015fsiz hik\u00e2yeye tamamen kapt\u0131rd\u0131k.&#8221;\u2014TotallyBooked Blog&#8221;Bu seriyi di\u011fer fantastik romanlardan ay\u0131ran \u015fey, yo\u011fun romantizmiydi. Ku\u015f ve K\u0131l\u0131\u00e7 ile Krali\u00e7e ve \u015eifa, okuma ayr\u0131cal\u0131\u011f\u0131n\u0131 ya\u015fad\u0131\u011f\u0131m en iyi romantik romanlardan ikisi.&#8221;\u2014Angie, @Angie and Jessica&#8217;s Dreamy Reads&#8221;Krali\u00e7e ve \u015eifa epik, nefes kesici bir hik\u00e2ye sunuyor; bu kitab\u0131 tekrar tekrar okuyaca\u011f\u0131mdan eminim.&#8221;\u2014Penny Reid<\/p>\n","protected":false},"excerpt":{"rendered":"<p>Kjell, iyi biri de\u011fildi. Yu\u0308ce g\u00f6nu\u0308llu\u0308 de\u011fildi. G\u00f6zu\u0308 pek ya da merhametli de\u011fildi. Onu seviyordu sadece ve bu a\u015fk onu daha iyi bir adam yap\u0131yordu. Hepsi<span class=\"excerpt-hellip\"> [\u2026]<\/span><\/p>\n","protected":false},"featured_media":0,"template":"","meta":{"_monsterinsights_skip_tracking":false,"_monsterinsights_sitenote_active":false,"_monsterinsights_sitenote_note":"","_monsterinsights_sitenote_category":0},"product_brand":[],"product_cat":[12291,14777],"product_tag":[],"class_list":{"0":"post-769312","1":"product","2":"type-product","3":"status-publish","5":"product_cat-edebiyat","6":"product_cat-fantastik","7":"pa_cilt-ciltsiz","8":"pa_tur-kitap","9":"pa_yayinevi-yabanci-yayinevi","10":"pa_yazar-amy-harmon","12":"first","13":"instock","14":"sale","15":"shipping-taxable","16":"purchasable","17":"product-type-simple"},"_links":{"self":[{"href":"https:\/\/roveyayinevi.com.tr\/index.php\/wp-json\/wp\/v2\/product\/769312","targetHints":{"allow":["GET"]}}],"collection":[{"href":"https:\/\/roveyayinevi.com.tr\/index.php\/wp-json\/wp\/v2\/product"}],"about":[{"href":"https:\/\/roveyayinevi.com.tr\/index.php\/wp-json\/wp\/v2\/types\/product"}],"wp:attachment":[{"href":"https:\/\/roveyayinevi.com.tr\/index.php\/wp-json\/wp\/v2\/media?parent=769312"}],"wp:term":[{"taxonomy":"product_brand","embeddable":true,"href":"https:\/\/roveyayinevi.com.tr\/index.php\/wp-json\/wp\/v2\/product_brand?post=769312"},{"taxonomy":"product_cat","embeddable":true,"href":"https:\/\/roveyayinevi.com.tr\/index.php\/wp-json\/wp\/v2\/product_cat?post=769312"},{"taxonomy":"product_tag","embeddable":true,"href":"https:\/\/roveyayinevi.com.tr\/index.php\/wp-json\/wp\/v2\/product_tag?post=769312"}],"curies":[{"name":"wp","href":"https:\/\/api.w.org\/{rel}","templated":true}]}}