{"id":769295,"date":"2025-08-28T13:48:54","date_gmt":"2025-08-28T10:48:54","guid":{"rendered":"https:\/\/roveyayinevi.com.tr\/index.php\/urun\/c-g-jung-konusuyor\/"},"modified":"2025-11-20T11:18:06","modified_gmt":"2025-11-20T08:18:06","slug":"c-g-jung-konusuyor","status":"publish","type":"product","link":"https:\/\/roveyayinevi.com.tr\/index.php\/urun\/c-g-jung-konusuyor\/","title":{"rendered":"C.G. Jung Konu\u015fuyor"},"content":{"rendered":"<p>Jung hen\u00fcz hayattayken, 1960\u2019lar\u0131n ortalar\u0131nda bu derlemeye ba\u015flanm\u0131\u015f ve kendisi de metinleri g\u00f6zden ge\u00e7irmi\u015fti. Materyallerin bir k\u0131sm\u0131 Jung\u2019un Toplu Eserlerinde yer ald\u0131. Fakat 1961\u2019deki \u00f6l\u00fcm\u00fcnden sonra edit\u00f6rler yeni materyaller, yeni kar\u015f\u0131la\u015fmalar ekleyerek derlemeyi zenginle\u015ftirdiler. Derleme ilk kez 1974 y\u0131l\u0131nda bas\u0131ld\u0131.   C.G. Jung Konu\u015fuyor hem Jung\u2019a ait s\u00f6yle\u015filer, konu\u015fmalar, verdi\u011fi dersler hem de onunla ilgili pek \u00e7ok tan\u0131kl\u0131k i\u00e7eren bir derleme. Gazetecilerin, \u00e7ocukluk arkada\u015flar\u0131n\u0131n, takip\u00e7isi olan psikologlar\u0131n, \u00fcnl\u00fc edebi ki\u015filiklerin, bilim ve fikir insanlar\u0131n\u0131n derlemede katk\u0131s\u0131 var. Me\u015fhur Tavistock Dersleri, Basel Psikoloji Kul\u00fcb\u00fc konu\u015fmas\u0131, Mircea Eliade\u2019nin Jung\u2019la kar\u015f\u0131la\u015fmas\u0131na ili\u015fkin makalesi, Jung psikolojisinin Amerika\u2019daki \u00f6nemli temsilcilerinden Esther Harding\u2019in g\u00fcnl\u00fc\u011f\u00fcnden derlenen Jung\u2019la g\u00f6r\u00fc\u015fme notlar\u0131 bunlardan baz\u0131lar\u0131. Bu kitapta kendisiyle ilgili bug\u00fcn bile tart\u0131\u015fmal\u0131 olan konular hakk\u0131nda da kendi a\u00e7\u0131klamalar\u0131n\u0131 okuma \u015fans\u0131 elde ediyoruz; Hitler gibi fig\u00fcrlerle ilgili g\u00f6r\u00fc\u015flerini, dini konulardaki d\u00fc\u015f\u00fcncelerini, Avrupa ve Amerika hakk\u0131ndaki \u00e7arp\u0131c\u0131 tespitlerini ilk a\u011f\u0131zdan \u00f6\u011freniyoruz. <\/p>\n","protected":false},"excerpt":{"rendered":"<p>Jung hen\u00fcz hayattayken, 1960\u2019lar\u0131n ortalar\u0131nda bu derlemeye ba\u015flanm\u0131\u015f ve kendisi de metinleri g\u00f6zden ge\u00e7irmi\u015fti. Materyallerin bir k\u0131sm\u0131 Jung\u2019un Toplu Eserlerinde yer ald\u0131. Fakat 1961\u2019deki \u00f6l\u00fcm\u00fcnden sonra<span class=\"excerpt-hellip\"> [\u2026]<\/span><\/p>\n","protected":false},"featured_media":0,"template":"","meta":{"_monsterinsights_skip_tracking":false,"_monsterinsights_sitenote_active":false,"_monsterinsights_sitenote_note":"","_monsterinsights_sitenote_category":0},"product_brand":[],"product_cat":[20351,12388],"product_tag":[],"class_list":{"0":"post-769295","1":"product","2":"type-product","3":"status-publish","5":"product_cat-dusunce","6":"product_cat-felsefe","7":"pa_cilt-ciltsiz","8":"pa_tur-kitap","9":"pa_yayinevi-alfa-yayinlari","10":"pa_yazar-kolektif","12":"first","13":"instock","14":"sale","15":"shipping-taxable","16":"purchasable","17":"product-type-simple"},"_links":{"self":[{"href":"https:\/\/roveyayinevi.com.tr\/index.php\/wp-json\/wp\/v2\/product\/769295","targetHints":{"allow":["GET"]}}],"collection":[{"href":"https:\/\/roveyayinevi.com.tr\/index.php\/wp-json\/wp\/v2\/product"}],"about":[{"href":"https:\/\/roveyayinevi.com.tr\/index.php\/wp-json\/wp\/v2\/types\/product"}],"wp:attachment":[{"href":"https:\/\/roveyayinevi.com.tr\/index.php\/wp-json\/wp\/v2\/media?parent=769295"}],"wp:term":[{"taxonomy":"product_brand","embeddable":true,"href":"https:\/\/roveyayinevi.com.tr\/index.php\/wp-json\/wp\/v2\/product_brand?post=769295"},{"taxonomy":"product_cat","embeddable":true,"href":"https:\/\/roveyayinevi.com.tr\/index.php\/wp-json\/wp\/v2\/product_cat?post=769295"},{"taxonomy":"product_tag","embeddable":true,"href":"https:\/\/roveyayinevi.com.tr\/index.php\/wp-json\/wp\/v2\/product_tag?post=769295"}],"curies":[{"name":"wp","href":"https:\/\/api.w.org\/{rel}","templated":true}]}}