{"id":769023,"date":"2025-08-28T13:39:30","date_gmt":"2025-08-28T10:39:30","guid":{"rendered":"https:\/\/roveyayinevi.com.tr\/index.php\/urun\/hakanliktan-baskanliga-turk-yonetim-sistemi\/"},"modified":"2026-04-15T03:34:57","modified_gmt":"2026-04-15T00:34:57","slug":"hakanliktan-baskanliga-turk-yonetim-sistemi","status":"publish","type":"product","link":"https:\/\/roveyayinevi.com.tr\/index.php\/urun\/hakanliktan-baskanliga-turk-yonetim-sistemi\/","title":{"rendered":"Hakanl\u0131ktan Ba\u015fkanl\u0131\u011fa : T\u00fcrk Y\u00f6netim Sistemi"},"content":{"rendered":"<p>Y\u00f6netim sistemimiz halk iradesiyle de\u011fi\u015fmesine ra\u011fmen, parlamenter sisteme d\u00f6n\u00fc\u015f tart\u0131\u015fmalar\u0131 h\u00e2len devam etmektedir. Bu tart\u0131\u015fmalar, yeni y\u00f6netim sistemini t\u00fcm y\u00f6nleriyle ele almay\u0131 gerektirmektedir. Bu sebeple Ara\u015ft\u0131rmac\u0131-Gazeteci Nuh Albayrak, s\u00f6z konusu eksikli\u011fi tamamlamak ad\u0131na elinizdeki kitapta Cumhurba\u015fkanl\u0131\u011f\u0131 Y\u00f6netim Sisteminin T\u00fcrkiye i\u00e7in ne anlam ifade etti\u011fine dair kapsaml\u0131 bir ara\u015ft\u0131rma sunuyor. Okurlar\u0131n\u0131 T\u00fcrk devletlerinin y\u00f6netim tarz\u0131 ve performans\u0131 \u00f6zelinde tarih\u00ee bir yolculu\u011fa \u00e7\u0131kar\u0131yor. <\/p>\n","protected":false},"excerpt":{"rendered":"<p>Y\u00f6netim sistemimiz halk iradesiyle de\u011fi\u015fmesine ra\u011fmen, parlamenter sisteme d\u00f6n\u00fc\u015f tart\u0131\u015fmalar\u0131 h\u00e2len devam etmektedir. Bu tart\u0131\u015fmalar, yeni y\u00f6netim sistemini t\u00fcm y\u00f6nleriyle ele almay\u0131 gerektirmektedir. Bu sebeple Ara\u015ft\u0131rmac\u0131-Gazeteci<span class=\"excerpt-hellip\"> [\u2026]<\/span><\/p>\n","protected":false},"featured_media":0,"template":"","meta":{"_monsterinsights_skip_tracking":false,"_monsterinsights_sitenote_active":false,"_monsterinsights_sitenote_note":"","_monsterinsights_sitenote_category":0},"product_brand":[],"product_cat":[12337],"product_tag":[],"class_list":{"0":"post-769023","1":"product","2":"type-product","3":"status-publish","5":"product_cat-politika-siyaset","6":"pa_cilt-ciltsiz","7":"pa_tur-kitap","8":"pa_yayinevi-profil-kitap","9":"pa_yazar-nuh-albayrak","11":"first","12":"instock","13":"sale","14":"shipping-taxable","15":"purchasable","16":"product-type-simple"},"_links":{"self":[{"href":"https:\/\/roveyayinevi.com.tr\/index.php\/wp-json\/wp\/v2\/product\/769023","targetHints":{"allow":["GET"]}}],"collection":[{"href":"https:\/\/roveyayinevi.com.tr\/index.php\/wp-json\/wp\/v2\/product"}],"about":[{"href":"https:\/\/roveyayinevi.com.tr\/index.php\/wp-json\/wp\/v2\/types\/product"}],"wp:attachment":[{"href":"https:\/\/roveyayinevi.com.tr\/index.php\/wp-json\/wp\/v2\/media?parent=769023"}],"wp:term":[{"taxonomy":"product_brand","embeddable":true,"href":"https:\/\/roveyayinevi.com.tr\/index.php\/wp-json\/wp\/v2\/product_brand?post=769023"},{"taxonomy":"product_cat","embeddable":true,"href":"https:\/\/roveyayinevi.com.tr\/index.php\/wp-json\/wp\/v2\/product_cat?post=769023"},{"taxonomy":"product_tag","embeddable":true,"href":"https:\/\/roveyayinevi.com.tr\/index.php\/wp-json\/wp\/v2\/product_tag?post=769023"}],"curies":[{"name":"wp","href":"https:\/\/api.w.org\/{rel}","templated":true}]}}